{"id":7629,"date":"2026-03-26T14:32:02","date_gmt":"2026-03-26T13:32:02","guid":{"rendered":"https:\/\/audiowo.com\/muusika\/"},"modified":"2026-04-09T15:54:11","modified_gmt":"2026-04-09T13:54:11","slug":"muusika","status":"publish","type":"page","link":"https:\/\/audiowo.com\/et\/muusika\/","title":{"rendered":"Muusika"},"content":{"rendered":"\t\t<div data-elementor-type=\"wp-page\" data-elementor-id=\"7629\" class=\"elementor elementor-7629 elementor-393\" data-elementor-post-type=\"page\">\n\t\t\t\t<div class=\"elementor-element elementor-element-8ce723b e-flex e-con-boxed e-con e-parent\" data-id=\"8ce723b\" data-element_type=\"container\" data-e-type=\"container\">\n\t\t\t\t\t<div class=\"e-con-inner\">\n\t\t\t\t<div class=\"elementor-element elementor-element-df01399 elementor-widget elementor-widget-heading\" data-id=\"df01399\" data-element_type=\"widget\" data-e-type=\"widget\" data-widget_type=\"heading.default\">\n\t\t\t\t\t<h1 class=\"elementor-heading-title elementor-size-default\">Muusikakogu<\/h1>\t\t\t\t<\/div>\n\t\t\t\t\t<\/div>\n\t\t\t\t<\/div>\n\t\t<div class=\"elementor-element elementor-element-695b4cd e-flex e-con-boxed e-con e-parent\" data-id=\"695b4cd\" data-element_type=\"container\" data-e-type=\"container\">\n\t\t\t\t\t<div class=\"e-con-inner\">\n\t\t\t\t<div class=\"elementor-element elementor-element-0558f3a elementor-widget elementor-widget-heading\" data-id=\"0558f3a\" data-element_type=\"widget\" data-e-type=\"widget\" data-widget_type=\"heading.default\">\n\t\t\t\t\t<h2 class=\"elementor-heading-title elementor-size-default\">Kuulake meie kvaliteetset muusikat<\/h2>\t\t\t\t<\/div>\n\t\t\t\t\t<\/div>\n\t\t\t\t<\/div>\n\t\t<div class=\"elementor-element elementor-element-2d50f02 e-flex e-con-boxed e-con e-parent\" data-id=\"2d50f02\" data-element_type=\"container\" data-e-type=\"container\">\n\t\t\t\t\t<div class=\"e-con-inner\">\n\t\t<div class=\"elementor-element elementor-element-7cf4f72 e-con-full e-flex e-con e-child\" data-id=\"7cf4f72\" data-element_type=\"container\" data-e-type=\"container\" data-settings=\"{&quot;background_background&quot;:&quot;classic&quot;}\">\n\t\t\t\t<div class=\"elementor-element elementor-element-82cf385 elementor-widget elementor-widget-shortcode\" data-id=\"82cf385\" data-element_type=\"widget\" data-e-type=\"widget\" data-widget_type=\"shortcode.default\">\n\t\t\t\t\t\t\t<div class=\"elementor-shortcode\"><div class=\"facetwp-facet facetwp-facet-search facetwp-type-search\" data-name=\"search\" data-type=\"search\"><\/div><\/div>\n\t\t\t\t\t\t<\/div>\n\t\t\t\t<div class=\"elementor-element elementor-element-31c7193 elementor-widget elementor-widget-shortcode\" data-id=\"31c7193\" data-element_type=\"widget\" data-e-type=\"widget\" data-widget_type=\"shortcode.default\">\n\t\t\t\t\t\t\t<div class=\"elementor-shortcode\"><div class=\"facetwp-facet facetwp-facet-category_music facetwp-type-checkboxes\" data-name=\"category_music\" data-type=\"checkboxes\"><\/div><\/div>\n\t\t\t\t\t\t<\/div>\n\t\t\t\t<div class=\"elementor-element elementor-element-7b289ec elementor-widget elementor-widget-shortcode\" data-id=\"7b289ec\" data-element_type=\"widget\" data-e-type=\"widget\" data-widget_type=\"shortcode.default\">\n\t\t\t\t\t\t\t<div class=\"elementor-shortcode\"><div class=\"facetwp-facet facetwp-facet-vocal_type facetwp-type-checkboxes\" data-name=\"vocal_type\" data-type=\"checkboxes\"><\/div><\/div>\n\t\t\t\t\t\t<\/div>\n\t\t\t\t<div class=\"elementor-element elementor-element-9af930e elementor-widget elementor-widget-shortcode\" data-id=\"9af930e\" data-element_type=\"widget\" data-e-type=\"widget\" data-widget_type=\"shortcode.default\">\n\t\t\t\t\t\t\t<div class=\"elementor-shortcode\"><div class=\"facetwp-facet facetwp-facet-languag facetwp-type-checkboxes\" data-name=\"languag\" data-type=\"checkboxes\"><\/div><\/div>\n\t\t\t\t\t\t<\/div>\n\t\t\t\t<\/div>\n\t\t<div class=\"elementor-element elementor-element-6a31cf7 e-con-full e-flex e-con e-child\" data-id=\"6a31cf7\" data-element_type=\"container\" data-e-type=\"container\">\n\t\t\t\t<div class=\"elementor-element elementor-element-be0934f elementor-widget elementor-widget-shortcode\" data-id=\"be0934f\" data-element_type=\"widget\" data-e-type=\"widget\" data-widget_type=\"shortcode.default\">\n\t\t\t\t\t\t\t<div class=\"elementor-shortcode\"><div class=\"facetwp-template\" data-name=\"music_tracks_preview\"><div class=\"fwpl-layout el-bjk9z\"><div class=\"fwpl-result r1\"><div class=\"fwpl-row el-i4rw4q\"><div class=\"fwpl-col fwpl-col el-qzouz6\"><div class=\"fwpl-item el-7hgxzc\">Lisboa<\/div><div class=\"fwpl-item el-kg5n5p\">\u201eLisboa\u201c on hingestatud Portugali pop- ja meeleolumuusika duett (85 BPM), milles p\u00f5imuvad mees- ja naisvokaal soojas ning emotsionaalses atmosf\u00e4\u00e4ris, mis on inspireeritud armastusest, saudade-tundest ja Lissaboni ajatust ilust.<\/div><div class=\"fwpl-item el-rofgfr\"><div class=\"preview-wrap\"><button class=\"preview-btn\" type=\"button\">\u25b6 Listen to preview<\/button><audio class=\"preview-audio\" preload=\"none\" src=\"https:\/\/audiowo.com\/wp-content\/uploads\/2026\/04\/Lisboa-preview.mp3\"><\/audio><\/div><\/div><\/div><div class=\"fwpl-col fwpl-col el-4bdzms\"><div class=\"fwpl-item el-9t4zzd\"><a href=\"https:\/\/audiowo.com\/et\/track\/lisboa\/\"><img decoding=\"async\" width=\"125\" height=\"125\" src=\"https:\/\/audiowo.com\/wp-content\/uploads\/2026\/04\/Lisboa-125.webp\" class=\"attachment-thumbnail size-thumbnail wp-post-image\" alt=\"Lisboa 125\" srcset=\"https:\/\/audiowo.com\/wp-content\/uploads\/2026\/04\/Lisboa-125.webp 125w, https:\/\/audiowo.com\/wp-content\/uploads\/2026\/04\/Lisboa-125-72x72.webp 72w, https:\/\/audiowo.com\/wp-content\/uploads\/2026\/04\/Lisboa-125-64x64.webp 64w, https:\/\/audiowo.com\/wp-content\/uploads\/2026\/04\/Lisboa-125-100x100.webp 100w\" sizes=\"(max-width: 125px) 100vw, 125px\" \/><\/a><\/div><div class=\"fwpl-item el-yahj8j\"><span class=\"fwpl-term fwpl-term-portugali fwpl-tax-language\">Portugali<\/span><\/div><div class=\"fwpl-item el-br4358\"><span class=\"fwpl-term fwpl-term-meeleolumuusika fwpl-tax-track-category\">Meeleolumuusika<\/span>, <span class=\"fwpl-term fwpl-term-pop fwpl-tax-track-category\">Pop<\/span><\/div><\/div><\/div><div class=\"fwpl-row el-c8l2u8\"><div class=\"fwpl-col fwpl-col el-t6jqwj\"><\/div><div class=\"fwpl-col fwpl-col el-a1joc\"><\/div><div class=\"fwpl-col fwpl-col el-7574kk\"><\/div><\/div><\/div><div class=\"fwpl-result r2\"><div class=\"fwpl-row el-i4rw4q\"><div class=\"fwpl-col fwpl-col el-qzouz6\"><div class=\"fwpl-item el-7hgxzc\">Noches en Sitges<\/div><div class=\"fwpl-item el-kg5n5p\">Sensuaalne ja atmosf\u00e4\u00e4riline Latin House'i pala, mis p\u00fc\u00fcab endasse Sitgesi suve\u00f6\u00f6de maagia. Mahedate naisvokaalide ja s\u00fcgavate r\u00fctmiliste k\u00e4ikudega p\u00f5imib see romantika, vabaduse ja ranniku\u00e4\u00e4rse \u00f6\u00f6elu \u00fcheks kaasahaaravaks kogemuseks. <\/div><div class=\"fwpl-item el-rofgfr\"><div class=\"preview-wrap\"><button class=\"preview-btn\" type=\"button\">\u25b6 Listen to preview<\/button><audio class=\"preview-audio\" preload=\"none\" src=\"https:\/\/audiowo.com\/wp-content\/uploads\/2026\/04\/Noches-en-Sitges-Preview.mp3\"><\/audio><\/div><\/div><\/div><div class=\"fwpl-col fwpl-col el-4bdzms\"><div class=\"fwpl-item el-9t4zzd\"><a href=\"https:\/\/audiowo.com\/et\/track\/noches-en-sitges\/\"><img decoding=\"async\" width=\"125\" height=\"125\" src=\"https:\/\/audiowo.com\/wp-content\/uploads\/2026\/04\/Noches-en-Sitges-125.webp\" class=\"attachment-thumbnail size-thumbnail wp-post-image\" alt=\"Noches en Sitges 125\" srcset=\"https:\/\/audiowo.com\/wp-content\/uploads\/2026\/04\/Noches-en-Sitges-125.webp 125w, https:\/\/audiowo.com\/wp-content\/uploads\/2026\/04\/Noches-en-Sitges-125-72x72.webp 72w, https:\/\/audiowo.com\/wp-content\/uploads\/2026\/04\/Noches-en-Sitges-125-64x64.webp 64w, https:\/\/audiowo.com\/wp-content\/uploads\/2026\/04\/Noches-en-Sitges-125-100x100.webp 100w\" sizes=\"(max-width: 125px) 100vw, 125px\" \/><\/a><\/div><div class=\"fwpl-item el-yahj8j\"><span class=\"fwpl-term fwpl-term-hispaania-keel fwpl-tax-language\">Hispaania keel<\/span><\/div><div class=\"fwpl-item el-br4358\"><span class=\"fwpl-term fwpl-term-house fwpl-tax-track-category\">House<\/span>, <span class=\"fwpl-term fwpl-term-ladina-ameerika fwpl-tax-track-category\">Ladina-Ameerika<\/span><\/div><\/div><\/div><div class=\"fwpl-row el-c8l2u8\"><div class=\"fwpl-col fwpl-col el-t6jqwj\"><\/div><div class=\"fwpl-col fwpl-col el-a1joc\"><\/div><div class=\"fwpl-col fwpl-col el-7574kk\"><\/div><\/div><\/div><div class=\"fwpl-result r3\"><div class=\"fwpl-row el-i4rw4q\"><div class=\"fwpl-col fwpl-col el-qzouz6\"><div class=\"fwpl-item el-7hgxzc\">Giardino Ninfa<\/div><div class=\"fwpl-item el-kg5n5p\">\u201eGiardino Ninfa\u201c on romantiline Itaalia pop- ja kerge muusika duett (75 BPM), milles p\u00f5imuvad mees- ja naisvokaalid unistavas atmosf\u00e4\u00e4ris, mis on saanud inspiratsiooni ajatutest aedadest, voolavast veest ja igavesest armastusest.<\/div><div class=\"fwpl-item el-rofgfr\"><div class=\"preview-wrap\"><button class=\"preview-btn\" type=\"button\">\u25b6 Listen to preview<\/button><audio class=\"preview-audio\" preload=\"none\" src=\"https:\/\/audiowo.com\/wp-content\/uploads\/2026\/04\/Giardino-Ninfa-preview.mp3\"><\/audio><\/div><\/div><\/div><div class=\"fwpl-col fwpl-col el-4bdzms\"><div class=\"fwpl-item el-9t4zzd\"><a href=\"https:\/\/audiowo.com\/et\/track\/giardino-ninfa\/\"><img decoding=\"async\" width=\"125\" height=\"125\" src=\"https:\/\/audiowo.com\/wp-content\/uploads\/2026\/04\/Giardino-Ninfa-125.webp\" class=\"attachment-thumbnail size-thumbnail wp-post-image\" alt=\"Giardino Ninfa 125\" srcset=\"https:\/\/audiowo.com\/wp-content\/uploads\/2026\/04\/Giardino-Ninfa-125.webp 125w, https:\/\/audiowo.com\/wp-content\/uploads\/2026\/04\/Giardino-Ninfa-125-72x72.webp 72w, https:\/\/audiowo.com\/wp-content\/uploads\/2026\/04\/Giardino-Ninfa-125-64x64.webp 64w, https:\/\/audiowo.com\/wp-content\/uploads\/2026\/04\/Giardino-Ninfa-125-100x100.webp 100w\" sizes=\"(max-width: 125px) 100vw, 125px\" \/><\/a><\/div><div class=\"fwpl-item el-yahj8j\"><span class=\"fwpl-term fwpl-term-itaalia fwpl-tax-language\">Itaalia<\/span><\/div><div class=\"fwpl-item el-br4358\"><span class=\"fwpl-term fwpl-term-meeleolumuusika fwpl-tax-track-category\">Meeleolumuusika<\/span>, <span class=\"fwpl-term fwpl-term-pop fwpl-tax-track-category\">Pop<\/span><\/div><\/div><\/div><div class=\"fwpl-row el-c8l2u8\"><div class=\"fwpl-col fwpl-col el-t6jqwj\"><\/div><div class=\"fwpl-col fwpl-col el-a1joc\"><\/div><div class=\"fwpl-col fwpl-col el-7574kk\"><\/div><\/div><\/div><div class=\"fwpl-result r4\"><div class=\"fwpl-row el-i4rw4q\"><div class=\"fwpl-col fwpl-col el-qzouz6\"><div class=\"fwpl-item el-7hgxzc\">Albufeira<\/div><div class=\"fwpl-item el-kg5n5p\">\u201eAlbufeira\u201c on mahe Portugali popmuusika stiilis kerge kuulamisega pala (85 BPM) sooja naisvokaaliga, mis p\u00fc\u00fcab mere\u00e4\u00e4rsete suve\u00f6\u00f6de v\u00f5lu \u2013 kus armastus, vabadus ja p\u00f5gusad hetked sulanduvad ajatuteks m\u00e4lestusteks.<\/div><div class=\"fwpl-item el-rofgfr\"><div class=\"preview-wrap\"><button class=\"preview-btn\" type=\"button\">\u25b6 Listen to preview<\/button><audio class=\"preview-audio\" preload=\"none\" src=\"https:\/\/audiowo.com\/wp-content\/uploads\/2026\/04\/Albufeira-preview.mp3\"><\/audio><\/div><\/div><\/div><div class=\"fwpl-col fwpl-col el-4bdzms\"><div class=\"fwpl-item el-9t4zzd\"><a href=\"https:\/\/audiowo.com\/et\/track\/albufeira-2\/\"><img loading=\"lazy\" decoding=\"async\" width=\"125\" height=\"125\" src=\"https:\/\/audiowo.com\/wp-content\/uploads\/2026\/04\/albufeira-125.webp\" class=\"attachment-thumbnail size-thumbnail wp-post-image\" alt=\"albufeira 125\" srcset=\"https:\/\/audiowo.com\/wp-content\/uploads\/2026\/04\/albufeira-125.webp 125w, https:\/\/audiowo.com\/wp-content\/uploads\/2026\/04\/albufeira-125-72x72.webp 72w, https:\/\/audiowo.com\/wp-content\/uploads\/2026\/04\/albufeira-125-64x64.webp 64w, https:\/\/audiowo.com\/wp-content\/uploads\/2026\/04\/albufeira-125-100x100.webp 100w\" sizes=\"(max-width: 125px) 100vw, 125px\" \/><\/a><\/div><div class=\"fwpl-item el-yahj8j\"><span class=\"fwpl-term fwpl-term-portugali fwpl-tax-language\">Portugali<\/span><\/div><div class=\"fwpl-item el-br4358\"><span class=\"fwpl-term fwpl-term-meeleolumuusika fwpl-tax-track-category\">Meeleolumuusika<\/span>, <span class=\"fwpl-term fwpl-term-pop fwpl-tax-track-category\">Pop<\/span><\/div><\/div><\/div><div class=\"fwpl-row el-c8l2u8\"><div class=\"fwpl-col fwpl-col el-t6jqwj\"><\/div><div class=\"fwpl-col fwpl-col el-a1joc\"><\/div><div class=\"fwpl-col fwpl-col el-7574kk\"><\/div><\/div><\/div><div class=\"fwpl-result r5\"><div class=\"fwpl-row el-i4rw4q\"><div class=\"fwpl-col fwpl-col el-qzouz6\"><div class=\"fwpl-item el-7hgxzc\">Albufeira<\/div><div class=\"fwpl-item el-kg5n5p\">\u201eAlbufeira\u201c on mahe Portugali popmuusika stiilis kerge kuulamisega pala (85 BPM) sooja naisvokaaliga, mis p\u00fc\u00fcab mere\u00e4\u00e4rsete suve\u00f6\u00f6de v\u00f5lu \u2013 kus armastus, vabadus ja p\u00f5gusad hetked sulanduvad ajatuteks m\u00e4lestusteks.<\/div><div class=\"fwpl-item el-rofgfr\"><div class=\"preview-wrap\"><button class=\"preview-btn\" type=\"button\">\u25b6 Listen to preview<\/button><audio class=\"preview-audio\" preload=\"none\" src=\"https:\/\/audiowo.com\/wp-content\/uploads\/2026\/04\/Albufeira-preview.mp3\"><\/audio><\/div><\/div><\/div><div class=\"fwpl-col fwpl-col el-4bdzms\"><div class=\"fwpl-item el-9t4zzd\"><a href=\"https:\/\/audiowo.com\/et\/track\/albufeira\/\"><img loading=\"lazy\" decoding=\"async\" width=\"125\" height=\"125\" src=\"https:\/\/audiowo.com\/wp-content\/uploads\/2026\/04\/albufeira-125.webp\" class=\"attachment-thumbnail size-thumbnail wp-post-image\" alt=\"albufeira 125\" srcset=\"https:\/\/audiowo.com\/wp-content\/uploads\/2026\/04\/albufeira-125.webp 125w, https:\/\/audiowo.com\/wp-content\/uploads\/2026\/04\/albufeira-125-72x72.webp 72w, https:\/\/audiowo.com\/wp-content\/uploads\/2026\/04\/albufeira-125-64x64.webp 64w, https:\/\/audiowo.com\/wp-content\/uploads\/2026\/04\/albufeira-125-100x100.webp 100w\" sizes=\"(max-width: 125px) 100vw, 125px\" \/><\/a><\/div><div class=\"fwpl-item el-yahj8j is-empty\"><\/div><div class=\"fwpl-item el-br4358 is-empty\"><\/div><\/div><\/div><div class=\"fwpl-row el-c8l2u8\"><div class=\"fwpl-col fwpl-col el-t6jqwj\"><\/div><div class=\"fwpl-col fwpl-col el-a1joc\"><\/div><div class=\"fwpl-col fwpl-col el-7574kk\"><\/div><\/div><\/div><div class=\"fwpl-result r6\"><div class=\"fwpl-row el-i4rw4q\"><div class=\"fwpl-col fwpl-col el-qzouz6\"><div class=\"fwpl-item el-7hgxzc\">Fuengirola<\/div><div class=\"fwpl-item el-kg5n5p\">\u201eFuengirola\u201c on meeleolu t\u00f5stev Ladina popi lugu (100 BPM) sooja meesvokaaliga, mis p\u00fc\u00fcab kinni p\u00e4ikeset\u00f5usu vaikse maagia p\u00e4rast pikka \u00f6\u00f6d \u2013 hetke, mil selgus, side ja t\u00f5elised emotsioonid hakkavad pinnale t\u00f5usma.<\/div><div class=\"fwpl-item el-rofgfr\"><div class=\"preview-wrap\"><button class=\"preview-btn\" type=\"button\">\u25b6 Listen to preview<\/button><audio class=\"preview-audio\" preload=\"none\" src=\"https:\/\/audiowo.com\/wp-content\/uploads\/2026\/04\/Fuengirola-Preview.mp3\"><\/audio><\/div><\/div><\/div><div class=\"fwpl-col fwpl-col el-4bdzms\"><div class=\"fwpl-item el-9t4zzd\"><a href=\"https:\/\/audiowo.com\/et\/track\/fuengirola\/\"><img loading=\"lazy\" decoding=\"async\" width=\"125\" height=\"125\" src=\"https:\/\/audiowo.com\/wp-content\/uploads\/2026\/04\/Fuengirola-125.webp\" class=\"attachment-thumbnail size-thumbnail wp-post-image\" alt=\"Fuengirola 125\" srcset=\"https:\/\/audiowo.com\/wp-content\/uploads\/2026\/04\/Fuengirola-125.webp 125w, https:\/\/audiowo.com\/wp-content\/uploads\/2026\/04\/Fuengirola-125-72x72.webp 72w, https:\/\/audiowo.com\/wp-content\/uploads\/2026\/04\/Fuengirola-125-100x100.webp 100w\" sizes=\"(max-width: 125px) 100vw, 125px\" \/><\/a><\/div><div class=\"fwpl-item el-yahj8j\"><span class=\"fwpl-term fwpl-term-hispaania-keel fwpl-tax-language\">Hispaania keel<\/span><\/div><div class=\"fwpl-item el-br4358\"><span class=\"fwpl-term fwpl-term-ladina-ameerika fwpl-tax-track-category\">Ladina-Ameerika<\/span>, <span class=\"fwpl-term fwpl-term-pop fwpl-tax-track-category\">Pop<\/span><\/div><\/div><\/div><div class=\"fwpl-row el-c8l2u8\"><div class=\"fwpl-col fwpl-col el-t6jqwj\"><\/div><div class=\"fwpl-col fwpl-col el-a1joc\"><\/div><div class=\"fwpl-col fwpl-col el-7574kk\"><\/div><\/div><\/div><div class=\"fwpl-result r7\"><div class=\"fwpl-row el-i4rw4q\"><div class=\"fwpl-col fwpl-col el-qzouz6\"><div class=\"fwpl-item el-7hgxzc\">A Tu Lado, Solo<\/div><div class=\"fwpl-item el-kg5n5p\">\u201eA Tu Lado, Solo\u201c on hingestatud ladina poplugu (85 BPM), mida juhib naish\u00e4\u00e4l, j\u00e4\u00e4dvustades suhetes tekkivat vaikset emotsionaalse kauguse valu \u2013 kus armastus p\u00fcsib, kuid side h\u00e4\u00e4bub.<\/div><div class=\"fwpl-item el-rofgfr\"><div class=\"preview-wrap\"><button class=\"preview-btn\" type=\"button\">\u25b6 Listen to preview<\/button><audio class=\"preview-audio\" preload=\"none\" src=\"https:\/\/audiowo.com\/wp-content\/uploads\/2026\/04\/A-Tu-Lado-Solo-preview.mp3\"><\/audio><\/div><\/div><\/div><div class=\"fwpl-col fwpl-col el-4bdzms\"><div class=\"fwpl-item el-9t4zzd\"><a href=\"https:\/\/audiowo.com\/et\/track\/a-tu-lado-solo\/\"><img loading=\"lazy\" decoding=\"async\" width=\"125\" height=\"125\" src=\"https:\/\/audiowo.com\/wp-content\/uploads\/2026\/04\/A-Tu-Lado-Solo-125.webp\" class=\"attachment-thumbnail size-thumbnail wp-post-image\" alt=\"A Tu Lado, Solo 125\" srcset=\"https:\/\/audiowo.com\/wp-content\/uploads\/2026\/04\/A-Tu-Lado-Solo-125.webp 125w, https:\/\/audiowo.com\/wp-content\/uploads\/2026\/04\/A-Tu-Lado-Solo-125-72x72.webp 72w, https:\/\/audiowo.com\/wp-content\/uploads\/2026\/04\/A-Tu-Lado-Solo-125-100x100.webp 100w\" sizes=\"(max-width: 125px) 100vw, 125px\" \/><\/a><\/div><div class=\"fwpl-item el-yahj8j\"><span class=\"fwpl-term fwpl-term-hispaania-keel fwpl-tax-language\">Hispaania keel<\/span><\/div><div class=\"fwpl-item el-br4358\"><span class=\"fwpl-term fwpl-term-ladina-ameerika fwpl-tax-track-category\">Ladina-Ameerika<\/span>, <span class=\"fwpl-term fwpl-term-pop fwpl-tax-track-category\">Pop<\/span><\/div><\/div><\/div><div class=\"fwpl-row el-c8l2u8\"><div class=\"fwpl-col fwpl-col el-t6jqwj\"><\/div><div class=\"fwpl-col fwpl-col el-a1joc\"><\/div><div class=\"fwpl-col fwpl-col el-7574kk\"><\/div><\/div><\/div><div class=\"fwpl-result r8\"><div class=\"fwpl-row el-i4rw4q\"><div class=\"fwpl-col fwpl-col el-qzouz6\"><div class=\"fwpl-item el-7hgxzc\">Limoncello Y Verano<\/div><div class=\"fwpl-item el-kg5n5p\">Suvisest energiast pakatav tempokas ladina poplugu \u201eLimoncello Y Verano\u201c \u00fchendab endas eluj\u00f5ulised r\u00fctmid ja s\u00e4rava naisvokaali, et j\u00e4\u00e4dvustada soojade \u00f6\u00f6de, mere\u00e4\u00e4rse meeleolu ja muretu romanssi tunnet. V\u00e4rske, m\u00e4nguline ja elur\u00f5\u00f5mus \u2013 see on p\u00e4ikese, maitsete ja unustamatute hetkede t\u00e4histamine. <\/div><div class=\"fwpl-item el-rofgfr\"><div class=\"preview-wrap\"><button class=\"preview-btn\" type=\"button\">\u25b6 Listen to preview<\/button><audio class=\"preview-audio\" preload=\"none\" src=\"https:\/\/audiowo.com\/wp-content\/uploads\/2026\/04\/Limoncello-Y-Verano-preview.mp3\"><\/audio><\/div><\/div><\/div><div class=\"fwpl-col fwpl-col el-4bdzms\"><div class=\"fwpl-item el-9t4zzd\"><a href=\"https:\/\/audiowo.com\/et\/track\/limoncello-y-verano\/\"><img loading=\"lazy\" decoding=\"async\" width=\"125\" height=\"125\" src=\"https:\/\/audiowo.com\/wp-content\/uploads\/2026\/04\/Limoncello-Y-Verano-125.webp\" class=\"attachment-thumbnail size-thumbnail wp-post-image\" alt=\"Limoncello Y Verano 125\" srcset=\"https:\/\/audiowo.com\/wp-content\/uploads\/2026\/04\/Limoncello-Y-Verano-125.webp 125w, https:\/\/audiowo.com\/wp-content\/uploads\/2026\/04\/Limoncello-Y-Verano-125-72x72.webp 72w, https:\/\/audiowo.com\/wp-content\/uploads\/2026\/04\/Limoncello-Y-Verano-125-100x100.webp 100w\" sizes=\"(max-width: 125px) 100vw, 125px\" \/><\/a><\/div><div class=\"fwpl-item el-yahj8j\"><span class=\"fwpl-term fwpl-term-hispaania-keel fwpl-tax-language\">Hispaania keel<\/span><\/div><div class=\"fwpl-item el-br4358\"><span class=\"fwpl-term fwpl-term-house fwpl-tax-track-category\">House<\/span>, <span class=\"fwpl-term fwpl-term-ladina-ameerika fwpl-tax-track-category\">Ladina-Ameerika<\/span>, <span class=\"fwpl-term fwpl-term-pop fwpl-tax-track-category\">Pop<\/span><\/div><\/div><\/div><div class=\"fwpl-row el-c8l2u8\"><div class=\"fwpl-col fwpl-col el-t6jqwj\"><\/div><div class=\"fwpl-col fwpl-col el-a1joc\"><\/div><div class=\"fwpl-col fwpl-col el-7574kk\"><\/div><\/div><\/div><div class=\"fwpl-result r9\"><div class=\"fwpl-row el-i4rw4q\"><div class=\"fwpl-col fwpl-col el-qzouz6\"><div class=\"fwpl-item el-7hgxzc\">Casi Algo M\u00e1s<\/div><div class=\"fwpl-item el-kg5n5p\">Tempokas ladina poplugu, mida kannavad eluj\u00f5ulised r\u00fctmid ja ilmekas naisvokaal, jutustades loo armastusest, mis ei p\u00fchendu kunagi t\u00e4ielikult. Kaasahaarav, emotsionaalne ja j\u00f5ustav \u201eCasi Algo M\u00e1s\u201c segab tantsulise energia samastumist v\u00f5imaldavate s\u00f5nadega oma v\u00e4\u00e4rtuse tundmisest. <\/div><div class=\"fwpl-item el-rofgfr\"><div class=\"preview-wrap\"><button class=\"preview-btn\" type=\"button\">\u25b6 Listen to preview<\/button><audio class=\"preview-audio\" preload=\"none\" src=\"https:\/\/audiowo.com\/wp-content\/uploads\/2026\/04\/Casi-Algo-Mas-preview.mp3\"><\/audio><\/div><\/div><\/div><div class=\"fwpl-col fwpl-col el-4bdzms\"><div class=\"fwpl-item el-9t4zzd\"><a href=\"https:\/\/audiowo.com\/et\/track\/casi-algo-mas\/\"><img loading=\"lazy\" decoding=\"async\" width=\"125\" height=\"125\" src=\"https:\/\/audiowo.com\/wp-content\/uploads\/2026\/04\/Casi-Algo-Mas-125.webp\" class=\"attachment-thumbnail size-thumbnail wp-post-image\" alt=\"Casi Algo M\u00e1s 125\" srcset=\"https:\/\/audiowo.com\/wp-content\/uploads\/2026\/04\/Casi-Algo-Mas-125.webp 125w, https:\/\/audiowo.com\/wp-content\/uploads\/2026\/04\/Casi-Algo-Mas-125-72x72.webp 72w, https:\/\/audiowo.com\/wp-content\/uploads\/2026\/04\/Casi-Algo-Mas-125-100x100.webp 100w\" sizes=\"(max-width: 125px) 100vw, 125px\" \/><\/a><\/div><div class=\"fwpl-item el-yahj8j\"><span class=\"fwpl-term fwpl-term-hispaania-keel fwpl-tax-language\">Hispaania keel<\/span><\/div><div class=\"fwpl-item el-br4358\"><span class=\"fwpl-term fwpl-term-ladina-ameerika fwpl-tax-track-category\">Ladina-Ameerika<\/span>, <span class=\"fwpl-term fwpl-term-pop fwpl-tax-track-category\">Pop<\/span><\/div><\/div><\/div><div class=\"fwpl-row el-c8l2u8\"><div class=\"fwpl-col fwpl-col el-t6jqwj\"><\/div><div class=\"fwpl-col fwpl-col el-a1joc\"><\/div><div class=\"fwpl-col fwpl-col el-7574kk\"><\/div><\/div><\/div><div class=\"fwpl-result r10\"><div class=\"fwpl-row el-i4rw4q\"><div class=\"fwpl-col fwpl-col el-qzouz6\"><div class=\"fwpl-item el-7hgxzc\">Bilbao en Oto\u00f1o Dorado<\/div><div class=\"fwpl-item el-kg5n5p\">Sujuv Ladina poplugu, milles p\u00f5imuvad emotsionaalne naisvokaal ja vaba meesr\u00e4pp Bilbao kuldsete s\u00fcgistoonide taustal. Soojad meloodiad ja m\u00f5tlikud l\u00fc\u00fcrika loovad k\u00fcpse, areneva armastusloo, mis on m\u00e4hitud rahulikku ja atmosf\u00e4\u00e4rilisse meeleollu. <\/div><div class=\"fwpl-item el-rofgfr\"><div class=\"preview-wrap\"><button class=\"preview-btn\" type=\"button\">\u25b6 Listen to preview<\/button><audio class=\"preview-audio\" preload=\"none\" src=\"https:\/\/audiowo.com\/wp-content\/uploads\/2026\/04\/Bilbao-en-Otono-Dorado-Preview-1.mp3\"><\/audio><\/div><\/div><\/div><div class=\"fwpl-col fwpl-col el-4bdzms\"><div class=\"fwpl-item el-9t4zzd\"><a href=\"https:\/\/audiowo.com\/et\/track\/bilbao-en-otono-dorado\/\"><img loading=\"lazy\" decoding=\"async\" width=\"125\" height=\"125\" src=\"https:\/\/audiowo.com\/wp-content\/uploads\/2026\/04\/Bilbao-en-Otono-Dorado-125.webp\" class=\"attachment-thumbnail size-thumbnail wp-post-image\" alt=\"Bilbao en Oto\u00f1o Dorado 125\" srcset=\"https:\/\/audiowo.com\/wp-content\/uploads\/2026\/04\/Bilbao-en-Otono-Dorado-125.webp 125w, https:\/\/audiowo.com\/wp-content\/uploads\/2026\/04\/Bilbao-en-Otono-Dorado-125-72x72.webp 72w, https:\/\/audiowo.com\/wp-content\/uploads\/2026\/04\/Bilbao-en-Otono-Dorado-125-100x100.webp 100w\" sizes=\"(max-width: 125px) 100vw, 125px\" \/><\/a><\/div><div class=\"fwpl-item el-yahj8j\"><span class=\"fwpl-term fwpl-term-hispaania-keel fwpl-tax-language\">Hispaania keel<\/span><\/div><div class=\"fwpl-item el-br4358\"><span class=\"fwpl-term fwpl-term-ladina-ameerika fwpl-tax-track-category\">Ladina-Ameerika<\/span>, <span class=\"fwpl-term fwpl-term-pop fwpl-tax-track-category\">Pop<\/span>, <span class=\"fwpl-term fwpl-term-rapp fwpl-tax-track-category\">R\u00e4pp<\/span><\/div><\/div><\/div><div class=\"fwpl-row el-c8l2u8\"><div class=\"fwpl-col fwpl-col el-t6jqwj\"><\/div><div class=\"fwpl-col fwpl-col el-a1joc\"><\/div><div class=\"fwpl-col fwpl-col el-7574kk\"><\/div><\/div><\/div><div class=\"fwpl-result r11\"><div class=\"fwpl-row el-i4rw4q\"><div class=\"fwpl-col fwpl-col el-qzouz6\"><div class=\"fwpl-item el-7hgxzc\">L\u2019Estartit ja leebe tuul<\/div><div class=\"fwpl-item el-kg5n5p\">Soe Latin house lugu sensuaalse naisvokaaliga, mis on saanud inspiratsiooni Vahemere rahust. Pehmed r\u00fctmid, unistavad meloodiad ja vaba r\u00fctm p\u00fc\u00fcavad kinni L\u2019Estartiti kuldse p\u00e4ikeseloojangu tunde \u2013 kus armastus liigub aeglaselt ja loomulikult. <\/div><div class=\"fwpl-item el-rofgfr\"><div class=\"preview-wrap\"><button class=\"preview-btn\" type=\"button\">\u25b6 Listen to preview<\/button><audio class=\"preview-audio\" preload=\"none\" src=\"https:\/\/audiowo.com\/wp-content\/uploads\/2026\/04\/LEstartit-Y-El-Viento-Suave-Preview.mp3\"><\/audio><\/div><\/div><\/div><div class=\"fwpl-col fwpl-col el-4bdzms\"><div class=\"fwpl-item el-9t4zzd\"><a href=\"https:\/\/audiowo.com\/et\/track\/lestartit-y-el-viento-suave\/\"><img loading=\"lazy\" decoding=\"async\" width=\"150\" height=\"150\" src=\"https:\/\/audiowo.com\/wp-content\/uploads\/2026\/04\/LEstartit-Y-El-Viento-Suave-150x150.webp\" class=\"attachment-thumbnail size-thumbnail wp-post-image\" alt=\"L\u2019Estartit ja leebe tuul\" srcset=\"https:\/\/audiowo.com\/wp-content\/uploads\/2026\/04\/LEstartit-Y-El-Viento-Suave-150x150.webp 150w, https:\/\/audiowo.com\/wp-content\/uploads\/2026\/04\/LEstartit-Y-El-Viento-Suave-300x300.webp 300w, https:\/\/audiowo.com\/wp-content\/uploads\/2026\/04\/LEstartit-Y-El-Viento-Suave-768x768.webp 768w, https:\/\/audiowo.com\/wp-content\/uploads\/2026\/04\/LEstartit-Y-El-Viento-Suave-600x600.webp 600w, https:\/\/audiowo.com\/wp-content\/uploads\/2026\/04\/LEstartit-Y-El-Viento-Suave-100x100.webp 100w, https:\/\/audiowo.com\/wp-content\/uploads\/2026\/04\/LEstartit-Y-El-Viento-Suave.webp 1024w\" sizes=\"(max-width: 150px) 100vw, 150px\" \/><\/a><\/div><div class=\"fwpl-item el-yahj8j\"><span class=\"fwpl-term fwpl-term-hispaania-keel fwpl-tax-language\">Hispaania keel<\/span><\/div><div class=\"fwpl-item el-br4358\"><span class=\"fwpl-term fwpl-term-house fwpl-tax-track-category\">House<\/span>, <span class=\"fwpl-term fwpl-term-ladina-ameerika fwpl-tax-track-category\">Ladina-Ameerika<\/span><\/div><\/div><\/div><div class=\"fwpl-row el-c8l2u8\"><div class=\"fwpl-col fwpl-col el-t6jqwj\"><\/div><div class=\"fwpl-col fwpl-col el-a1joc\"><\/div><div class=\"fwpl-col fwpl-col el-7574kk\"><\/div><\/div><\/div><div class=\"fwpl-result r12\"><div class=\"fwpl-row el-i4rw4q\"><div class=\"fwpl-col fwpl-col el-qzouz6\"><div class=\"fwpl-item el-7hgxzc\">Tossa De Mar augustis<\/div><div class=\"fwpl-item el-kg5n5p\">Soe ja atmosf\u00e4\u00e4riline ladina house'i lugu, mis p\u00fc\u00fcab endasse Tossa de Mari suve\u00f6\u00f6de maagiat. Maheda naisvokaali ja s\u00fcgavate r\u00fctmidega p\u00f5imuvad selles emotsioonid, vabadus ja Vahemere meeleolu \u00fcheks unustamatuks helikeeleks. <\/div><div class=\"fwpl-item el-rofgfr\"><div class=\"preview-wrap\"><button class=\"preview-btn\" type=\"button\">\u25b6 Listen to preview<\/button><audio class=\"preview-audio\" preload=\"none\" src=\"https:\/\/audiowo.com\/wp-content\/uploads\/2026\/04\/Tossa-De-Mar-En-Agosto-Preview.mp3\"><\/audio><\/div><\/div><\/div><div class=\"fwpl-col fwpl-col el-4bdzms\"><div class=\"fwpl-item el-9t4zzd\"><a href=\"https:\/\/audiowo.com\/et\/track\/tossa-de-mar-en-agosto\/\"><img loading=\"lazy\" decoding=\"async\" width=\"150\" height=\"150\" src=\"https:\/\/audiowo.com\/wp-content\/uploads\/2026\/04\/Tossa-de-Mar-En-Agosto-150x150.webp\" class=\"attachment-thumbnail size-thumbnail wp-post-image\" alt=\"Tossa de Mar augustis\" srcset=\"https:\/\/audiowo.com\/wp-content\/uploads\/2026\/04\/Tossa-de-Mar-En-Agosto-150x150.webp 150w, https:\/\/audiowo.com\/wp-content\/uploads\/2026\/04\/Tossa-de-Mar-En-Agosto-300x300.webp 300w, https:\/\/audiowo.com\/wp-content\/uploads\/2026\/04\/Tossa-de-Mar-En-Agosto-768x768.webp 768w, https:\/\/audiowo.com\/wp-content\/uploads\/2026\/04\/Tossa-de-Mar-En-Agosto-600x600.webp 600w, https:\/\/audiowo.com\/wp-content\/uploads\/2026\/04\/Tossa-de-Mar-En-Agosto-100x100.webp 100w, https:\/\/audiowo.com\/wp-content\/uploads\/2026\/04\/Tossa-de-Mar-En-Agosto.webp 1024w\" sizes=\"(max-width: 150px) 100vw, 150px\" \/><\/a><\/div><div class=\"fwpl-item el-yahj8j\"><span class=\"fwpl-term fwpl-term-hispaania-keel fwpl-tax-language\">Hispaania keel<\/span><\/div><div class=\"fwpl-item el-br4358\"><span class=\"fwpl-term fwpl-term-house fwpl-tax-track-category\">House<\/span>, <span class=\"fwpl-term fwpl-term-ladina-ameerika fwpl-tax-track-category\">Ladina-Ameerika<\/span><\/div><\/div><\/div><div class=\"fwpl-row el-c8l2u8\"><div class=\"fwpl-col fwpl-col el-t6jqwj\"><\/div><div class=\"fwpl-col fwpl-col el-a1joc\"><\/div><div class=\"fwpl-col fwpl-col el-7574kk\"><\/div><\/div><\/div><div class=\"fwpl-result r13\"><div class=\"fwpl-row el-i4rw4q\"><div class=\"fwpl-col fwpl-col el-qzouz6\"><div class=\"fwpl-item el-7hgxzc\">Victory Lap<\/div><div class=\"fwpl-item el-kg5n5p\">S\u00e4rav ja \u00fclendav instrumentaalpala, mis \u00fchendab indie-folgi v\u00f5lu kaasaegse popi energiaga. Band\u017eo, akustilise kitarri ja sooja r\u00fctmi poolt juhitud korporatiivne pala loob d\u00fcnaamilise ja hea enesetunde tekitava atmosf\u00e4\u00e4ri koos nostalgilise puudutusega. <\/div><div class=\"fwpl-item el-rofgfr\"><div class=\"preview-wrap\"><button class=\"preview-btn\" type=\"button\">\u25b6 Listen to preview<\/button><audio class=\"preview-audio\" preload=\"none\" src=\"https:\/\/audiowo.com\/wp-content\/uploads\/2026\/04\/Victory-Lap-Preview.mp3\"><\/audio><\/div><\/div><\/div><div class=\"fwpl-col fwpl-col el-4bdzms\"><div class=\"fwpl-item el-9t4zzd\"><a href=\"https:\/\/audiowo.com\/et\/track\/victory-lap\/\"><img loading=\"lazy\" decoding=\"async\" width=\"150\" height=\"150\" src=\"https:\/\/audiowo.com\/wp-content\/uploads\/2026\/04\/Victory-Lap-150x150.webp\" class=\"attachment-thumbnail size-thumbnail wp-post-image\" alt=\"Victory Lap\" srcset=\"https:\/\/audiowo.com\/wp-content\/uploads\/2026\/04\/Victory-Lap-150x150.webp 150w, https:\/\/audiowo.com\/wp-content\/uploads\/2026\/04\/Victory-Lap-300x300.webp 300w, https:\/\/audiowo.com\/wp-content\/uploads\/2026\/04\/Victory-Lap-768x768.webp 768w, https:\/\/audiowo.com\/wp-content\/uploads\/2026\/04\/Victory-Lap-600x600.webp 600w, https:\/\/audiowo.com\/wp-content\/uploads\/2026\/04\/Victory-Lap-100x100.webp 100w, https:\/\/audiowo.com\/wp-content\/uploads\/2026\/04\/Victory-Lap.webp 1024w\" sizes=\"(max-width: 150px) 100vw, 150px\" \/><\/a><\/div><div class=\"fwpl-item el-yahj8j\"><span class=\"fwpl-term fwpl-term-instrumentaal fwpl-tax-language\">Instrumentaal<\/span><\/div><div class=\"fwpl-item el-br4358\"><span class=\"fwpl-term fwpl-term-korporatiivne fwpl-tax-track-category\">Korporatiivne<\/span><\/div><\/div><\/div><div class=\"fwpl-row el-c8l2u8\"><div class=\"fwpl-col fwpl-col el-t6jqwj\"><\/div><div class=\"fwpl-col fwpl-col el-a1joc\"><\/div><div class=\"fwpl-col fwpl-col el-7574kk\"><\/div><\/div><\/div><div class=\"fwpl-result r14\"><div class=\"fwpl-row el-i4rw4q\"><div class=\"fwpl-col fwpl-col el-qzouz6\"><div class=\"fwpl-item el-7hgxzc\">Velvet Nights<\/div><div class=\"fwpl-item el-kg5n5p\">Sujuv ja kirglik instrumentaalpala, mis \u00fchendab Ladina-Ameerika lounge-meeleolud moodsate house-r\u00fctmidega. \u201eVelvet Nights\u201c pakub sooja ja r\u00fctmilist atmosf\u00e4\u00e4ri, mida juhivad klaver, l\u00f6\u00f6kpillid ja s\u00fcgav bass \u2013 ideaalne hilis\u00f5htuseks meeleoluks. <\/div><div class=\"fwpl-item el-rofgfr\"><div class=\"preview-wrap\"><button class=\"preview-btn\" type=\"button\">\u25b6 Listen to preview<\/button><audio class=\"preview-audio\" preload=\"none\" src=\"https:\/\/audiowo.com\/wp-content\/uploads\/2026\/04\/Velvet-Nights-Preview.mp3\"><\/audio><\/div><\/div><\/div><div class=\"fwpl-col fwpl-col el-4bdzms\"><div class=\"fwpl-item el-9t4zzd\"><a href=\"https:\/\/audiowo.com\/et\/track\/velvet-nights\/\"><img loading=\"lazy\" decoding=\"async\" width=\"150\" height=\"150\" src=\"https:\/\/audiowo.com\/wp-content\/uploads\/2026\/04\/Velvet-nights-150x150.webp\" class=\"attachment-thumbnail size-thumbnail wp-post-image\" alt=\"Velvet nights\" srcset=\"https:\/\/audiowo.com\/wp-content\/uploads\/2026\/04\/Velvet-nights-150x150.webp 150w, https:\/\/audiowo.com\/wp-content\/uploads\/2026\/04\/Velvet-nights-300x300.webp 300w, https:\/\/audiowo.com\/wp-content\/uploads\/2026\/04\/Velvet-nights-768x768.webp 768w, https:\/\/audiowo.com\/wp-content\/uploads\/2026\/04\/Velvet-nights-600x600.webp 600w, https:\/\/audiowo.com\/wp-content\/uploads\/2026\/04\/Velvet-nights-100x100.webp 100w, https:\/\/audiowo.com\/wp-content\/uploads\/2026\/04\/Velvet-nights.webp 1024w\" sizes=\"(max-width: 150px) 100vw, 150px\" \/><\/a><\/div><div class=\"fwpl-item el-yahj8j\"><span class=\"fwpl-term fwpl-term-instrumentaal fwpl-tax-language\">Instrumentaal<\/span><\/div><div class=\"fwpl-item el-br4358\"><span class=\"fwpl-term fwpl-term-house fwpl-tax-track-category\">House<\/span>, <span class=\"fwpl-term fwpl-term-ladina-ameerika fwpl-tax-track-category\">Ladina-Ameerika<\/span><\/div><\/div><\/div><div class=\"fwpl-row el-c8l2u8\"><div class=\"fwpl-col fwpl-col el-t6jqwj\"><\/div><div class=\"fwpl-col fwpl-col el-a1joc\"><\/div><div class=\"fwpl-col fwpl-col el-7574kk\"><\/div><\/div><\/div><div class=\"fwpl-result r15\"><div class=\"fwpl-row el-i4rw4q\"><div class=\"fwpl-col fwpl-col el-qzouz6\"><div class=\"fwpl-item el-7hgxzc\">Ligero Pero Real<\/div><div class=\"fwpl-item el-kg5n5p\">\u00dclendav ja siiras Ladina-Ameerika lugu armastusest ilma surve v\u00f5i draamata. \u201eLigero Pero Real\u201c t\u00e4histab rahulikku ja ausat sidet, kus tunded on lihtsad, ehedad ja s\u00fcgavalt t\u00e4hendusrikkad. <\/div><div class=\"fwpl-item el-rofgfr\"><div class=\"preview-wrap\"><button class=\"preview-btn\" type=\"button\">\u25b6 Listen to preview<\/button><audio class=\"preview-audio\" preload=\"none\" src=\"https:\/\/audiowo.com\/wp-content\/uploads\/2026\/04\/Ligero-Pero-Real-preview.mp3\"><\/audio><\/div><\/div><\/div><div class=\"fwpl-col fwpl-col el-4bdzms\"><div class=\"fwpl-item el-9t4zzd\"><a href=\"https:\/\/audiowo.com\/et\/track\/ligero-pero-real\/\"><img loading=\"lazy\" decoding=\"async\" width=\"150\" height=\"150\" src=\"https:\/\/audiowo.com\/wp-content\/uploads\/2026\/04\/Ligero-pero-real_-at-sunset-150x150.webp\" class=\"attachment-thumbnail size-thumbnail wp-post-image\" alt=\"Ligero pero real_ p\u00e4ikeseloojangul\" srcset=\"https:\/\/audiowo.com\/wp-content\/uploads\/2026\/04\/Ligero-pero-real_-at-sunset-150x150.webp 150w, https:\/\/audiowo.com\/wp-content\/uploads\/2026\/04\/Ligero-pero-real_-at-sunset-300x300.webp 300w, https:\/\/audiowo.com\/wp-content\/uploads\/2026\/04\/Ligero-pero-real_-at-sunset-768x768.webp 768w, https:\/\/audiowo.com\/wp-content\/uploads\/2026\/04\/Ligero-pero-real_-at-sunset-600x600.webp 600w, https:\/\/audiowo.com\/wp-content\/uploads\/2026\/04\/Ligero-pero-real_-at-sunset-100x100.webp 100w, https:\/\/audiowo.com\/wp-content\/uploads\/2026\/04\/Ligero-pero-real_-at-sunset.webp 1024w\" sizes=\"(max-width: 150px) 100vw, 150px\" \/><\/a><\/div><div class=\"fwpl-item el-yahj8j\"><span class=\"fwpl-term fwpl-term-hispaania-keel fwpl-tax-language\">Hispaania keel<\/span><\/div><div class=\"fwpl-item el-br4358\"><span class=\"fwpl-term fwpl-term-ladina-ameerika fwpl-tax-track-category\">Ladina-Ameerika<\/span>, <span class=\"fwpl-term fwpl-term-pop fwpl-tax-track-category\">Pop<\/span><\/div><\/div><\/div><div class=\"fwpl-row el-c8l2u8\"><div class=\"fwpl-col fwpl-col el-t6jqwj\"><\/div><div class=\"fwpl-col fwpl-col el-a1joc\"><\/div><div class=\"fwpl-col fwpl-col el-7574kk\"><\/div><\/div><\/div><div class=\"fwpl-result r16\"><div class=\"fwpl-row el-i4rw4q\"><div class=\"fwpl-col fwpl-col el-qzouz6\"><div class=\"fwpl-item el-7hgxzc\">Mojito y Sol<\/div><div class=\"fwpl-item el-kg5n5p\">S\u00e4rav ja meeleolukas Ladina-Ameerika lugu, mis t\u00e4histab suve, vabadust ja muretuid hetki mere \u00e4\u00e4res. \u201eMojito y Sol\u201c p\u00f5imib troopilised v\u00f5nked r\u00f5\u00f5msa energiaga, j\u00e4\u00e4dvustades hetkes elamise tunnet. <\/div><div class=\"fwpl-item el-rofgfr\"><div class=\"preview-wrap\"><button class=\"preview-btn\" type=\"button\">\u25b6 Listen to preview<\/button><audio class=\"preview-audio\" preload=\"none\" src=\"https:\/\/audiowo.com\/wp-content\/uploads\/2026\/04\/Mojito-y-Sol-preview.mp3\"><\/audio><\/div><\/div><\/div><div class=\"fwpl-col fwpl-col el-4bdzms\"><div class=\"fwpl-item el-9t4zzd\"><a href=\"https:\/\/audiowo.com\/et\/track\/mojito-y-sol\/\"><img loading=\"lazy\" decoding=\"async\" width=\"150\" height=\"150\" src=\"https:\/\/audiowo.com\/wp-content\/uploads\/2026\/04\/Mojito-y-Sol-150x150.webp\" class=\"attachment-thumbnail size-thumbnail wp-post-image\" alt=\"Mojito y Sol\" srcset=\"https:\/\/audiowo.com\/wp-content\/uploads\/2026\/04\/Mojito-y-Sol-150x150.webp 150w, https:\/\/audiowo.com\/wp-content\/uploads\/2026\/04\/Mojito-y-Sol-300x300.webp 300w, https:\/\/audiowo.com\/wp-content\/uploads\/2026\/04\/Mojito-y-Sol-768x768.webp 768w, https:\/\/audiowo.com\/wp-content\/uploads\/2026\/04\/Mojito-y-Sol-600x600.webp 600w, https:\/\/audiowo.com\/wp-content\/uploads\/2026\/04\/Mojito-y-Sol-100x100.webp 100w, https:\/\/audiowo.com\/wp-content\/uploads\/2026\/04\/Mojito-y-Sol.webp 1024w\" sizes=\"(max-width: 150px) 100vw, 150px\" \/><\/a><\/div><div class=\"fwpl-item el-yahj8j\"><span class=\"fwpl-term fwpl-term-hispaania-keel fwpl-tax-language\">Hispaania keel<\/span><\/div><div class=\"fwpl-item el-br4358\"><span class=\"fwpl-term fwpl-term-ladina-ameerika fwpl-tax-track-category\">Ladina-Ameerika<\/span>, <span class=\"fwpl-term fwpl-term-pop fwpl-tax-track-category\">Pop<\/span><\/div><\/div><\/div><div class=\"fwpl-row el-c8l2u8\"><div class=\"fwpl-col fwpl-col el-t6jqwj\"><\/div><div class=\"fwpl-col fwpl-col el-a1joc\"><\/div><div class=\"fwpl-col fwpl-col el-7574kk\"><\/div><\/div><\/div><div class=\"fwpl-result r17\"><div class=\"fwpl-row el-i4rw4q\"><div class=\"fwpl-col fwpl-col el-qzouz6\"><div class=\"fwpl-item el-7hgxzc\">Demasiado Orgullo<\/div><div class=\"fwpl-item el-kg5n5p\">V\u00f5imas duett, mis p\u00f5imib meloodilise vokaali ja r\u00e4pi. \u201eDemasiado Orgullo\u201c uurib, kuidas uhkus v\u00f5ib vaikselt armastuse h\u00e4vitada. Toore emotsiooni ja ausa jutustamisega p\u00fc\u00fcab lugu kinni pinge ego ja haavatavuse vahel t\u00e4nap\u00e4evastes suhetes. <\/div><div class=\"fwpl-item el-rofgfr\"><div class=\"preview-wrap\"><button class=\"preview-btn\" type=\"button\">\u25b6 Listen to preview<\/button><audio class=\"preview-audio\" preload=\"none\" src=\"https:\/\/audiowo.com\/wp-content\/uploads\/2026\/04\/Demasiado-Orgullo-Preview.mp3\"><\/audio><\/div><\/div><\/div><div class=\"fwpl-col fwpl-col el-4bdzms\"><div class=\"fwpl-item el-9t4zzd\"><a href=\"https:\/\/audiowo.com\/et\/track\/demasiado-orgullo\/\"><img loading=\"lazy\" decoding=\"async\" width=\"150\" height=\"150\" src=\"https:\/\/audiowo.com\/wp-content\/uploads\/2026\/04\/Demasiado-Orgullo-150x150.webp\" class=\"attachment-thumbnail size-thumbnail wp-post-image\" alt=\"Demasiado Orgullo\" srcset=\"https:\/\/audiowo.com\/wp-content\/uploads\/2026\/04\/Demasiado-Orgullo-150x150.webp 150w, https:\/\/audiowo.com\/wp-content\/uploads\/2026\/04\/Demasiado-Orgullo-300x300.webp 300w, https:\/\/audiowo.com\/wp-content\/uploads\/2026\/04\/Demasiado-Orgullo-768x768.webp 768w, https:\/\/audiowo.com\/wp-content\/uploads\/2026\/04\/Demasiado-Orgullo-600x600.webp 600w, https:\/\/audiowo.com\/wp-content\/uploads\/2026\/04\/Demasiado-Orgullo-100x100.webp 100w, https:\/\/audiowo.com\/wp-content\/uploads\/2026\/04\/Demasiado-Orgullo.webp 1024w\" sizes=\"(max-width: 150px) 100vw, 150px\" \/><\/a><\/div><div class=\"fwpl-item el-yahj8j\"><span class=\"fwpl-term fwpl-term-hispaania-keel fwpl-tax-language\">Hispaania keel<\/span><\/div><div class=\"fwpl-item el-br4358\"><span class=\"fwpl-term fwpl-term-ladina-ameerika fwpl-tax-track-category\">Ladina-Ameerika<\/span>, <span class=\"fwpl-term fwpl-term-pop fwpl-tax-track-category\">Pop<\/span>, <span class=\"fwpl-term fwpl-term-rapp fwpl-tax-track-category\">R\u00e4pp<\/span><\/div><\/div><\/div><div class=\"fwpl-row el-c8l2u8\"><div class=\"fwpl-col fwpl-col el-t6jqwj\"><\/div><div class=\"fwpl-col fwpl-col el-a1joc\"><\/div><div class=\"fwpl-col fwpl-col el-7574kk\"><\/div><\/div><\/div><div class=\"fwpl-result r18\"><div class=\"fwpl-row el-i4rw4q\"><div class=\"fwpl-col fwpl-col el-qzouz6\"><div class=\"fwpl-item el-7hgxzc\">Segovia akvedukti all<\/div><div class=\"fwpl-item el-kg5n5p\">Ajatu ja romantiline pala, mis on saanud inspiratsiooni Segovia muistsest akveduktist, kus saavad kokku armastus, ajalugu ja vaikus. See jutustab loo sidemest, mis tundub korraga kestev, habras ja v\u00f5imas. <\/div><div class=\"fwpl-item el-rofgfr\"><div class=\"preview-wrap\"><button class=\"preview-btn\" type=\"button\">\u25b6 Listen to preview<\/button><audio class=\"preview-audio\" preload=\"none\" src=\"https:\/\/audiowo.com\/wp-content\/uploads\/2026\/04\/4-Bajo-el-acueducto-de-Segovia-Preview.mp3\"><\/audio><\/div><\/div><\/div><div class=\"fwpl-col fwpl-col el-4bdzms\"><div class=\"fwpl-item el-9t4zzd\"><a href=\"https:\/\/audiowo.com\/et\/track\/segovia-akvedukti-all\/\"><img loading=\"lazy\" decoding=\"async\" width=\"150\" height=\"150\" src=\"https:\/\/audiowo.com\/wp-content\/uploads\/2026\/04\/Bajo-el-acueducto-de-Segovia-150x150.webp\" class=\"attachment-thumbnail size-thumbnail wp-post-image\" alt=\"Segovia akvedukti all\" srcset=\"https:\/\/audiowo.com\/wp-content\/uploads\/2026\/04\/Bajo-el-acueducto-de-Segovia-150x150.webp 150w, https:\/\/audiowo.com\/wp-content\/uploads\/2026\/04\/Bajo-el-acueducto-de-Segovia-300x300.webp 300w, https:\/\/audiowo.com\/wp-content\/uploads\/2026\/04\/Bajo-el-acueducto-de-Segovia-768x768.webp 768w, https:\/\/audiowo.com\/wp-content\/uploads\/2026\/04\/Bajo-el-acueducto-de-Segovia-600x600.webp 600w, https:\/\/audiowo.com\/wp-content\/uploads\/2026\/04\/Bajo-el-acueducto-de-Segovia-100x100.webp 100w, https:\/\/audiowo.com\/wp-content\/uploads\/2026\/04\/Bajo-el-acueducto-de-Segovia.webp 1024w\" sizes=\"(max-width: 150px) 100vw, 150px\" \/><\/a><\/div><div class=\"fwpl-item el-yahj8j is-empty\"><\/div><div class=\"fwpl-item el-br4358 is-empty\"><\/div><\/div><\/div><div class=\"fwpl-row el-c8l2u8\"><div class=\"fwpl-col fwpl-col el-t6jqwj\"><\/div><div class=\"fwpl-col fwpl-col el-a1joc\"><\/div><div class=\"fwpl-col fwpl-col el-7574kk\"><\/div><\/div><\/div><div class=\"fwpl-result r19\"><div class=\"fwpl-row el-i4rw4q\"><div class=\"fwpl-col fwpl-col el-qzouz6\"><div class=\"fwpl-item el-7hgxzc\">Distinto Ritmo<\/div><div class=\"fwpl-item el-kg5n5p\">Distinto Ritmo on s\u00fcdamlik ja sisekaemuslik pala armastusest, mis kasvab erinevatel kiirustel. Segades emotsiooni aususega, uurib see pinget l\u00e4heduse ja isikliku tervenemise vahel, j\u00e4\u00e4dvustades oma r\u00fctmis arenevate suhete ilu. <\/div><div class=\"fwpl-item el-rofgfr\"><div class=\"preview-wrap\"><button class=\"preview-btn\" type=\"button\">\u25b6 Listen to preview<\/button><audio class=\"preview-audio\" preload=\"none\" src=\"https:\/\/audiowo.com\/wp-content\/uploads\/2026\/04\/3-Distinto-Ritmo-Preview.mp3\"><\/audio><\/div><\/div><\/div><div class=\"fwpl-col fwpl-col el-4bdzms\"><div class=\"fwpl-item el-9t4zzd\"><a href=\"https:\/\/audiowo.com\/et\/track\/distinto-ritmo\/\"><img loading=\"lazy\" decoding=\"async\" width=\"150\" height=\"150\" src=\"https:\/\/audiowo.com\/wp-content\/uploads\/2026\/04\/Distinto-Ritmo-150x150.webp\" class=\"attachment-thumbnail size-thumbnail wp-post-image\" alt=\"Distinto Ritmo\" srcset=\"https:\/\/audiowo.com\/wp-content\/uploads\/2026\/04\/Distinto-Ritmo-150x150.webp 150w, https:\/\/audiowo.com\/wp-content\/uploads\/2026\/04\/Distinto-Ritmo-300x300.webp 300w, https:\/\/audiowo.com\/wp-content\/uploads\/2026\/04\/Distinto-Ritmo-768x768.webp 768w, https:\/\/audiowo.com\/wp-content\/uploads\/2026\/04\/Distinto-Ritmo-600x600.webp 600w, https:\/\/audiowo.com\/wp-content\/uploads\/2026\/04\/Distinto-Ritmo-100x100.webp 100w, https:\/\/audiowo.com\/wp-content\/uploads\/2026\/04\/Distinto-Ritmo.webp 1024w\" sizes=\"(max-width: 150px) 100vw, 150px\" \/><\/a><\/div><div class=\"fwpl-item el-yahj8j is-empty\"><\/div><div class=\"fwpl-item el-br4358 is-empty\"><\/div><\/div><\/div><div class=\"fwpl-row el-c8l2u8\"><div class=\"fwpl-col fwpl-col el-t6jqwj\"><\/div><div class=\"fwpl-col fwpl-col el-a1joc\"><\/div><div class=\"fwpl-col fwpl-col el-7574kk\"><\/div><\/div><\/div><div class=\"fwpl-result r20\"><div class=\"fwpl-row el-i4rw4q\"><div class=\"fwpl-col fwpl-col el-qzouz6\"><div class=\"fwpl-item el-7hgxzc\">Compras En Gran V\u00eda<\/div><div class=\"fwpl-item el-kg5n5p\">Eluj\u00f5uline suvine h\u00fcmn, mille tegevus toimub Madriidi Gran V\u00edal, t\u00e4histades vabadust, enesev\u00e4ljendust ja ostlemisr\u00f5\u00f5mu kui enesej\u00f5ustamise vormi. Soojade linnatulede, julge moe ja enesekindla suhtumisega p\u00fc\u00fcab lugu kinni \u00f6ise energia, kus stiilist saab identiteet. <\/div><div class=\"fwpl-item el-rofgfr\"><div class=\"preview-wrap\"><button class=\"preview-btn\" type=\"button\">\u25b6 Listen to preview<\/button><audio class=\"preview-audio\" preload=\"none\" src=\"https:\/\/audiowo.com\/wp-content\/uploads\/2026\/04\/2-Compras-En-Gran-Via-Preview.mp3\"><\/audio><\/div><\/div><\/div><div class=\"fwpl-col fwpl-col el-4bdzms\"><div class=\"fwpl-item el-9t4zzd\"><a href=\"https:\/\/audiowo.com\/et\/track\/compras-en-gran-via\/\"><img loading=\"lazy\" decoding=\"async\" width=\"150\" height=\"150\" src=\"https:\/\/audiowo.com\/wp-content\/uploads\/2026\/04\/Compras-En-Gran-Via-150x150.webp\" class=\"attachment-thumbnail size-thumbnail wp-post-image\" alt=\"Compras En Gran V\u00eda\" srcset=\"https:\/\/audiowo.com\/wp-content\/uploads\/2026\/04\/Compras-En-Gran-Via-150x150.webp 150w, https:\/\/audiowo.com\/wp-content\/uploads\/2026\/04\/Compras-En-Gran-Via-300x300.webp 300w, https:\/\/audiowo.com\/wp-content\/uploads\/2026\/04\/Compras-En-Gran-Via-768x768.webp 768w, https:\/\/audiowo.com\/wp-content\/uploads\/2026\/04\/Compras-En-Gran-Via-600x600.webp 600w, https:\/\/audiowo.com\/wp-content\/uploads\/2026\/04\/Compras-En-Gran-Via-100x100.webp 100w, https:\/\/audiowo.com\/wp-content\/uploads\/2026\/04\/Compras-En-Gran-Via.webp 1024w\" sizes=\"(max-width: 150px) 100vw, 150px\" \/><\/a><\/div><div class=\"fwpl-item el-yahj8j is-empty\"><\/div><div class=\"fwpl-item el-br4358 is-empty\"><\/div><\/div><\/div><div class=\"fwpl-row el-c8l2u8\"><div class=\"fwpl-col fwpl-col el-t6jqwj\"><\/div><div class=\"fwpl-col fwpl-col el-a1joc\"><\/div><div class=\"fwpl-col fwpl-col el-7574kk\"><\/div><\/div><\/div><\/div>\n<style>\n.fwpl-layout, .fwpl-row {\n    display: grid;\n}\n.fwpl-layout.el-bjk9z {\n    grid-template-columns: repeat(1, 1fr);\n    grid-gap: 10px;\n}\n.fwpl-btn {\n    text-decoration: none;\n}\n.fwpl-row.el-i4rw4q {\n    grid-template-columns: 74.0% 1fr;\n}\n.fwpl-item.el-7hgxzc {\n    padding: 5px 0px 0px 20px;\n    text-align: left;\n    font-weight: bold;\n    font-size: 25px;\n    color: #5d6269;\n}\n.fwpl-item.el-kg5n5p {\n    padding: 10px 0px 10px 20px;\n    font-size: 13px;\n}\n.fwpl-item.el-rofgfr {\n    border-width: 1px 0px 0px 0px;\n    padding: 10px 0px 10px 20px;\n}\n.fwpl-col.el-4bdzms {\n    padding: 0px 20px;\n}\n.fwpl-item.el-9t4zzd {\n    padding: 40px 0px 0px 0px;\n}\n.fwpl-item.el-yahj8j {\n    padding: px 0px 0px 0px;\n    text-align: center;\n    font-weight: bold;\n    font-size: 12px;\n}\n.fwpl-item.el-br4358 {\n    padding: px 0px 0px 0px;\n    text-align: center;\n    font-weight: bold;\n    font-size: 12px;\n}\n.fwpl-row.el-c8l2u8 {\n    grid-template-columns: 36.4% 1fr 1fr;\n    border-style: solid;\n    border-color: #ededed;\n    border-width: 0px 0px 1px 0px;\n    padding: 0px 0px 0px 20px;\n}\n@media (max-width: 480px) { \n    body .facetwp-template .fwpl-layout,  \n    body .facetwp-template-static .fwpl-layout { grid-template-columns: 1fr; } \n} \n\n<\/style>\n<\/div><\/div>\n\t\t\t\t\t\t<\/div>\n\t\t\t\t<\/div>\n\t\t\t\t\t<\/div>\n\t\t\t\t<\/div>\n\t\t\t\t<\/div>\n\t\t","protected":false},"excerpt":{"rendered":"<p>Muusikakogu Kuulake meie kvaliteetset muusikat<\/p>\n","protected":false},"author":1,"featured_media":0,"parent":0,"menu_order":0,"comment_status":"closed","ping_status":"closed","template":"elementor_header_footer","meta":{"_acf_changed":false,"footnotes":""},"class_list":["post-7629","page","type-page","status-publish","hentry"],"acf":[],"_links":{"self":[{"href":"https:\/\/audiowo.com\/et\/wp-json\/wp\/v2\/pages\/7629","targetHints":{"allow":["GET"]}}],"collection":[{"href":"https:\/\/audiowo.com\/et\/wp-json\/wp\/v2\/pages"}],"about":[{"href":"https:\/\/audiowo.com\/et\/wp-json\/wp\/v2\/types\/page"}],"author":[{"embeddable":true,"href":"https:\/\/audiowo.com\/et\/wp-json\/wp\/v2\/users\/1"}],"replies":[{"embeddable":true,"href":"https:\/\/audiowo.com\/et\/wp-json\/wp\/v2\/comments?post=7629"}],"version-history":[{"count":0,"href":"https:\/\/audiowo.com\/et\/wp-json\/wp\/v2\/pages\/7629\/revisions"}],"wp:attachment":[{"href":"https:\/\/audiowo.com\/et\/wp-json\/wp\/v2\/media?parent=7629"}],"curies":[{"name":"wp","href":"https:\/\/api.w.org\/{rel}","templated":true}]}}