{"id":7613,"date":"2026-03-26T14:32:02","date_gmt":"2026-03-26T13:32:02","guid":{"rendered":"https:\/\/audiowo.com\/musiikki\/"},"modified":"2026-04-09T15:52:52","modified_gmt":"2026-04-09T13:52:52","slug":"musiikki","status":"publish","type":"page","link":"https:\/\/audiowo.com\/fi\/musiikki\/","title":{"rendered":"Musiikki"},"content":{"rendered":"\t\t<div data-elementor-type=\"wp-page\" data-elementor-id=\"7613\" class=\"elementor elementor-7613 elementor-393\" data-elementor-post-type=\"page\">\n\t\t\t\t<div class=\"elementor-element elementor-element-8ce723b e-flex e-con-boxed e-con e-parent\" data-id=\"8ce723b\" data-element_type=\"container\" data-e-type=\"container\">\n\t\t\t\t\t<div class=\"e-con-inner\">\n\t\t\t\t<div class=\"elementor-element elementor-element-df01399 elementor-widget elementor-widget-heading\" data-id=\"df01399\" data-element_type=\"widget\" data-e-type=\"widget\" data-widget_type=\"heading.default\">\n\t\t\t\t\t<h1 class=\"elementor-heading-title elementor-size-default\">Musiikkikirjasto<\/h1>\t\t\t\t<\/div>\n\t\t\t\t\t<\/div>\n\t\t\t\t<\/div>\n\t\t<div class=\"elementor-element elementor-element-695b4cd e-flex e-con-boxed e-con e-parent\" data-id=\"695b4cd\" data-element_type=\"container\" data-e-type=\"container\">\n\t\t\t\t\t<div class=\"e-con-inner\">\n\t\t\t\t<div class=\"elementor-element elementor-element-0558f3a elementor-widget elementor-widget-heading\" data-id=\"0558f3a\" data-element_type=\"widget\" data-e-type=\"widget\" data-widget_type=\"heading.default\">\n\t\t\t\t\t<h2 class=\"elementor-heading-title elementor-size-default\">Kuuntele korkealaatuista musiikkiamme<\/h2>\t\t\t\t<\/div>\n\t\t\t\t\t<\/div>\n\t\t\t\t<\/div>\n\t\t<div class=\"elementor-element elementor-element-2d50f02 e-flex e-con-boxed e-con e-parent\" data-id=\"2d50f02\" data-element_type=\"container\" data-e-type=\"container\">\n\t\t\t\t\t<div class=\"e-con-inner\">\n\t\t<div class=\"elementor-element elementor-element-7cf4f72 e-con-full e-flex e-con e-child\" data-id=\"7cf4f72\" data-element_type=\"container\" data-e-type=\"container\" data-settings=\"{&quot;background_background&quot;:&quot;classic&quot;}\">\n\t\t\t\t<div class=\"elementor-element elementor-element-82cf385 elementor-widget elementor-widget-shortcode\" data-id=\"82cf385\" data-element_type=\"widget\" data-e-type=\"widget\" data-widget_type=\"shortcode.default\">\n\t\t\t\t\t\t\t<div class=\"elementor-shortcode\"><div class=\"facetwp-facet facetwp-facet-search facetwp-type-search\" data-name=\"search\" data-type=\"search\"><\/div><\/div>\n\t\t\t\t\t\t<\/div>\n\t\t\t\t<div class=\"elementor-element elementor-element-31c7193 elementor-widget elementor-widget-shortcode\" data-id=\"31c7193\" data-element_type=\"widget\" data-e-type=\"widget\" data-widget_type=\"shortcode.default\">\n\t\t\t\t\t\t\t<div class=\"elementor-shortcode\"><div class=\"facetwp-facet facetwp-facet-category_music facetwp-type-checkboxes\" data-name=\"category_music\" data-type=\"checkboxes\"><\/div><\/div>\n\t\t\t\t\t\t<\/div>\n\t\t\t\t<div class=\"elementor-element elementor-element-7b289ec elementor-widget elementor-widget-shortcode\" data-id=\"7b289ec\" data-element_type=\"widget\" data-e-type=\"widget\" data-widget_type=\"shortcode.default\">\n\t\t\t\t\t\t\t<div class=\"elementor-shortcode\"><div class=\"facetwp-facet facetwp-facet-vocal_type facetwp-type-checkboxes\" data-name=\"vocal_type\" data-type=\"checkboxes\"><\/div><\/div>\n\t\t\t\t\t\t<\/div>\n\t\t\t\t<div class=\"elementor-element elementor-element-9af930e elementor-widget elementor-widget-shortcode\" data-id=\"9af930e\" data-element_type=\"widget\" data-e-type=\"widget\" data-widget_type=\"shortcode.default\">\n\t\t\t\t\t\t\t<div class=\"elementor-shortcode\"><div class=\"facetwp-facet facetwp-facet-languag facetwp-type-checkboxes\" data-name=\"languag\" data-type=\"checkboxes\"><\/div><\/div>\n\t\t\t\t\t\t<\/div>\n\t\t\t\t<\/div>\n\t\t<div class=\"elementor-element elementor-element-6a31cf7 e-con-full e-flex e-con e-child\" data-id=\"6a31cf7\" data-element_type=\"container\" data-e-type=\"container\">\n\t\t\t\t<div class=\"elementor-element elementor-element-be0934f elementor-widget elementor-widget-shortcode\" data-id=\"be0934f\" data-element_type=\"widget\" data-e-type=\"widget\" data-widget_type=\"shortcode.default\">\n\t\t\t\t\t\t\t<div class=\"elementor-shortcode\"><div class=\"facetwp-template\" data-name=\"music_tracks_preview\"><div class=\"fwpl-layout el-bjk9z\"><div class=\"fwpl-result r1\"><div class=\"fwpl-row el-i4rw4q\"><div class=\"fwpl-col fwpl-col el-qzouz6\"><div class=\"fwpl-item el-7hgxzc\">Lisboa<\/div><div class=\"fwpl-item el-kg5n5p\">\"Lisboa\" on sielukas portugalilainen pop easy listening -duetto (85 BPM), jossa yhdistyv\u00e4t miehen ja naisen laulu\u00e4\u00e4net l\u00e4mpim\u00e4ss\u00e4, tunteikkaassa ilmapiiriss\u00e4, joka on saanut inspiraationsa rakkaudesta, saudadesta ja Lissabonin ajattomasta kauneudesta.<\/div><div class=\"fwpl-item el-rofgfr\"><div class=\"preview-wrap\"><button class=\"preview-btn\" type=\"button\">\u25b6 Listen to preview<\/button><audio class=\"preview-audio\" preload=\"none\" src=\"https:\/\/audiowo.com\/wp-content\/uploads\/2026\/04\/Lisboa-preview.mp3\"><\/audio><\/div><\/div><\/div><div class=\"fwpl-col fwpl-col el-4bdzms\"><div class=\"fwpl-item el-9t4zzd\"><a href=\"https:\/\/audiowo.com\/fi\/track\/lisboa\/\"><img decoding=\"async\" width=\"125\" height=\"125\" src=\"https:\/\/audiowo.com\/wp-content\/uploads\/2026\/04\/Lisboa-125.webp\" class=\"attachment-thumbnail size-thumbnail wp-post-image\" alt=\"Lisboa 125\" srcset=\"https:\/\/audiowo.com\/wp-content\/uploads\/2026\/04\/Lisboa-125.webp 125w, https:\/\/audiowo.com\/wp-content\/uploads\/2026\/04\/Lisboa-125-72x72.webp 72w, https:\/\/audiowo.com\/wp-content\/uploads\/2026\/04\/Lisboa-125-64x64.webp 64w, https:\/\/audiowo.com\/wp-content\/uploads\/2026\/04\/Lisboa-125-100x100.webp 100w\" sizes=\"(max-width: 125px) 100vw, 125px\" \/><\/a><\/div><div class=\"fwpl-item el-yahj8j\"><span class=\"fwpl-term fwpl-term-portugali fwpl-tax-language\">Portugali<\/span><\/div><div class=\"fwpl-item el-br4358\"><span class=\"fwpl-term fwpl-term-easy-listening fwpl-tax-track-category\">Easy Listening<\/span>, <span class=\"fwpl-term fwpl-term-pop fwpl-tax-track-category\">Pop<\/span><\/div><\/div><\/div><div class=\"fwpl-row el-c8l2u8\"><div class=\"fwpl-col fwpl-col el-t6jqwj\"><\/div><div class=\"fwpl-col fwpl-col el-a1joc\"><\/div><div class=\"fwpl-col fwpl-col el-7574kk\"><\/div><\/div><\/div><div class=\"fwpl-result r2\"><div class=\"fwpl-row el-i4rw4q\"><div class=\"fwpl-col fwpl-col el-qzouz6\"><div class=\"fwpl-item el-7hgxzc\">Noches en Sitges<\/div><div class=\"fwpl-item el-kg5n5p\">Aistillinen ja tunnelmallinen Latin House -kappale, joka vangitsee kes\u00e4\u00f6iden taikuuden Sitgesissa. Pehme\u00e4t naislaulut ja syv\u00e4t, rytmiset groovit yhdist\u00e4v\u00e4t romantiikan, vapauden ja rannikon y\u00f6el\u00e4m\u00e4n yhdeksi mukaansatempaavaksi kokemukseksi. <\/div><div class=\"fwpl-item el-rofgfr\"><div class=\"preview-wrap\"><button class=\"preview-btn\" type=\"button\">\u25b6 Listen to preview<\/button><audio class=\"preview-audio\" preload=\"none\" src=\"https:\/\/audiowo.com\/wp-content\/uploads\/2026\/04\/Noches-en-Sitges-Preview.mp3\"><\/audio><\/div><\/div><\/div><div class=\"fwpl-col fwpl-col el-4bdzms\"><div class=\"fwpl-item el-9t4zzd\"><a href=\"https:\/\/audiowo.com\/fi\/track\/noches-en-sitges\/\"><img decoding=\"async\" width=\"125\" height=\"125\" src=\"https:\/\/audiowo.com\/wp-content\/uploads\/2026\/04\/Noches-en-Sitges-125.webp\" class=\"attachment-thumbnail size-thumbnail wp-post-image\" alt=\"Noches en Sitges 125\" srcset=\"https:\/\/audiowo.com\/wp-content\/uploads\/2026\/04\/Noches-en-Sitges-125.webp 125w, https:\/\/audiowo.com\/wp-content\/uploads\/2026\/04\/Noches-en-Sitges-125-72x72.webp 72w, https:\/\/audiowo.com\/wp-content\/uploads\/2026\/04\/Noches-en-Sitges-125-64x64.webp 64w, https:\/\/audiowo.com\/wp-content\/uploads\/2026\/04\/Noches-en-Sitges-125-100x100.webp 100w\" sizes=\"(max-width: 125px) 100vw, 125px\" \/><\/a><\/div><div class=\"fwpl-item el-yahj8j\"><span class=\"fwpl-term fwpl-term-espanja fwpl-tax-language\">Espanja<\/span><\/div><div class=\"fwpl-item el-br4358\"><span class=\"fwpl-term fwpl-term-house fwpl-tax-track-category\">House<\/span>, <span class=\"fwpl-term fwpl-term-latinalainen fwpl-tax-track-category\">Latinalainen<\/span><\/div><\/div><\/div><div class=\"fwpl-row el-c8l2u8\"><div class=\"fwpl-col fwpl-col el-t6jqwj\"><\/div><div class=\"fwpl-col fwpl-col el-a1joc\"><\/div><div class=\"fwpl-col fwpl-col el-7574kk\"><\/div><\/div><\/div><div class=\"fwpl-result r3\"><div class=\"fwpl-row el-i4rw4q\"><div class=\"fwpl-col fwpl-col el-qzouz6\"><div class=\"fwpl-item el-7hgxzc\">Giardino Ninfa<\/div><div class=\"fwpl-item el-kg5n5p\">\"Giardino Ninfa\" on romanttinen italialainen pop easy listening -duetto (75 BPM), jossa yhdistyv\u00e4t miehen ja naisen laulu\u00e4\u00e4net unelmaisen tunnelman luomiseksi, inspiraationa ajattomat puutarhat, virtaava vesi ja ikuinen rakkaus.<\/div><div class=\"fwpl-item el-rofgfr\"><div class=\"preview-wrap\"><button class=\"preview-btn\" type=\"button\">\u25b6 Listen to preview<\/button><audio class=\"preview-audio\" preload=\"none\" src=\"https:\/\/audiowo.com\/wp-content\/uploads\/2026\/04\/Giardino-Ninfa-preview.mp3\"><\/audio><\/div><\/div><\/div><div class=\"fwpl-col fwpl-col el-4bdzms\"><div class=\"fwpl-item el-9t4zzd\"><a href=\"https:\/\/audiowo.com\/fi\/track\/giardino-ninfa\/\"><img decoding=\"async\" width=\"125\" height=\"125\" src=\"https:\/\/audiowo.com\/wp-content\/uploads\/2026\/04\/Giardino-Ninfa-125.webp\" class=\"attachment-thumbnail size-thumbnail wp-post-image\" alt=\"Giardino Ninfa 125\" srcset=\"https:\/\/audiowo.com\/wp-content\/uploads\/2026\/04\/Giardino-Ninfa-125.webp 125w, https:\/\/audiowo.com\/wp-content\/uploads\/2026\/04\/Giardino-Ninfa-125-72x72.webp 72w, https:\/\/audiowo.com\/wp-content\/uploads\/2026\/04\/Giardino-Ninfa-125-64x64.webp 64w, https:\/\/audiowo.com\/wp-content\/uploads\/2026\/04\/Giardino-Ninfa-125-100x100.webp 100w\" sizes=\"(max-width: 125px) 100vw, 125px\" \/><\/a><\/div><div class=\"fwpl-item el-yahj8j\"><span class=\"fwpl-term fwpl-term-italia fwpl-tax-language\">Italia<\/span><\/div><div class=\"fwpl-item el-br4358\"><span class=\"fwpl-term fwpl-term-easy-listening fwpl-tax-track-category\">Easy Listening<\/span>, <span class=\"fwpl-term fwpl-term-pop fwpl-tax-track-category\">Pop<\/span><\/div><\/div><\/div><div class=\"fwpl-row el-c8l2u8\"><div class=\"fwpl-col fwpl-col el-t6jqwj\"><\/div><div class=\"fwpl-col fwpl-col el-a1joc\"><\/div><div class=\"fwpl-col fwpl-col el-7574kk\"><\/div><\/div><\/div><div class=\"fwpl-result r4\"><div class=\"fwpl-row el-i4rw4q\"><div class=\"fwpl-col fwpl-col el-qzouz6\"><div class=\"fwpl-item el-7hgxzc\">Albufeira<\/div><div class=\"fwpl-item el-kg5n5p\">\"Albufeira\" on sujuva portugalilainen pop easy listening -kappale (85 BPM), jossa l\u00e4mmin naislaulaja vangitsee kes\u00e4\u00f6iden taikuuden meren rannalla \u2013 miss\u00e4 rakkaus, vapaus ja ohikiit\u00e4v\u00e4t hetket sulautuvat ajattomiksi muistoiksi.<\/div><div class=\"fwpl-item el-rofgfr\"><div class=\"preview-wrap\"><button class=\"preview-btn\" type=\"button\">\u25b6 Listen to preview<\/button><audio class=\"preview-audio\" preload=\"none\" src=\"https:\/\/audiowo.com\/wp-content\/uploads\/2026\/04\/Albufeira-preview.mp3\"><\/audio><\/div><\/div><\/div><div class=\"fwpl-col fwpl-col el-4bdzms\"><div class=\"fwpl-item el-9t4zzd\"><a href=\"https:\/\/audiowo.com\/fi\/track\/albufeira-2\/\"><img loading=\"lazy\" decoding=\"async\" width=\"125\" height=\"125\" src=\"https:\/\/audiowo.com\/wp-content\/uploads\/2026\/04\/albufeira-125.webp\" class=\"attachment-thumbnail size-thumbnail wp-post-image\" alt=\"albufeira 125\" srcset=\"https:\/\/audiowo.com\/wp-content\/uploads\/2026\/04\/albufeira-125.webp 125w, https:\/\/audiowo.com\/wp-content\/uploads\/2026\/04\/albufeira-125-72x72.webp 72w, https:\/\/audiowo.com\/wp-content\/uploads\/2026\/04\/albufeira-125-64x64.webp 64w, https:\/\/audiowo.com\/wp-content\/uploads\/2026\/04\/albufeira-125-100x100.webp 100w\" sizes=\"(max-width: 125px) 100vw, 125px\" \/><\/a><\/div><div class=\"fwpl-item el-yahj8j\"><span class=\"fwpl-term fwpl-term-portugali fwpl-tax-language\">Portugali<\/span><\/div><div class=\"fwpl-item el-br4358\"><span class=\"fwpl-term fwpl-term-easy-listening fwpl-tax-track-category\">Easy Listening<\/span>, <span class=\"fwpl-term fwpl-term-pop fwpl-tax-track-category\">Pop<\/span><\/div><\/div><\/div><div class=\"fwpl-row el-c8l2u8\"><div class=\"fwpl-col fwpl-col el-t6jqwj\"><\/div><div class=\"fwpl-col fwpl-col el-a1joc\"><\/div><div class=\"fwpl-col fwpl-col el-7574kk\"><\/div><\/div><\/div><div class=\"fwpl-result r5\"><div class=\"fwpl-row el-i4rw4q\"><div class=\"fwpl-col fwpl-col el-qzouz6\"><div class=\"fwpl-item el-7hgxzc\">Albufeira<\/div><div class=\"fwpl-item el-kg5n5p\">\"Albufeira\" on sujuva portugalilainen pop easy listening -kappale (85 BPM), jossa l\u00e4mmin naislaulaja vangitsee kes\u00e4\u00f6iden taikuuden meren rannalla \u2013 miss\u00e4 rakkaus, vapaus ja ohikiit\u00e4v\u00e4t hetket sulautuvat ajattomiksi muistoiksi.<\/div><div class=\"fwpl-item el-rofgfr\"><div class=\"preview-wrap\"><button class=\"preview-btn\" type=\"button\">\u25b6 Listen to preview<\/button><audio class=\"preview-audio\" preload=\"none\" src=\"https:\/\/audiowo.com\/wp-content\/uploads\/2026\/04\/Albufeira-preview.mp3\"><\/audio><\/div><\/div><\/div><div class=\"fwpl-col fwpl-col el-4bdzms\"><div class=\"fwpl-item el-9t4zzd\"><a href=\"https:\/\/audiowo.com\/fi\/track\/albufeira\/\"><img loading=\"lazy\" decoding=\"async\" width=\"125\" height=\"125\" src=\"https:\/\/audiowo.com\/wp-content\/uploads\/2026\/04\/albufeira-125.webp\" class=\"attachment-thumbnail size-thumbnail wp-post-image\" alt=\"albufeira 125\" srcset=\"https:\/\/audiowo.com\/wp-content\/uploads\/2026\/04\/albufeira-125.webp 125w, https:\/\/audiowo.com\/wp-content\/uploads\/2026\/04\/albufeira-125-72x72.webp 72w, https:\/\/audiowo.com\/wp-content\/uploads\/2026\/04\/albufeira-125-64x64.webp 64w, https:\/\/audiowo.com\/wp-content\/uploads\/2026\/04\/albufeira-125-100x100.webp 100w\" sizes=\"(max-width: 125px) 100vw, 125px\" \/><\/a><\/div><div class=\"fwpl-item el-yahj8j is-empty\"><\/div><div class=\"fwpl-item el-br4358 is-empty\"><\/div><\/div><\/div><div class=\"fwpl-row el-c8l2u8\"><div class=\"fwpl-col fwpl-col el-t6jqwj\"><\/div><div class=\"fwpl-col fwpl-col el-a1joc\"><\/div><div class=\"fwpl-col fwpl-col el-7574kk\"><\/div><\/div><\/div><div class=\"fwpl-result r6\"><div class=\"fwpl-row el-i4rw4q\"><div class=\"fwpl-col fwpl-col el-qzouz6\"><div class=\"fwpl-item el-7hgxzc\">Fuengirola<\/div><div class=\"fwpl-item el-kg5n5p\">\u201dFuengirola\u201d on kohottava latinopop-kappale (100 BPM) l\u00e4mpim\u00e4ll\u00e4 mieslaululla, joka vangitsee auringonnousun hiljaisen taian pitk\u00e4n y\u00f6n j\u00e4lkeen \u2013 hetken, jolloin selkeys, yhteys ja aito tunne alkavat nousta pintaan.<\/div><div class=\"fwpl-item el-rofgfr\"><div class=\"preview-wrap\"><button class=\"preview-btn\" type=\"button\">\u25b6 Listen to preview<\/button><audio class=\"preview-audio\" preload=\"none\" src=\"https:\/\/audiowo.com\/wp-content\/uploads\/2026\/04\/Fuengirola-Preview.mp3\"><\/audio><\/div><\/div><\/div><div class=\"fwpl-col fwpl-col el-4bdzms\"><div class=\"fwpl-item el-9t4zzd\"><a href=\"https:\/\/audiowo.com\/fi\/track\/fuengirola\/\"><img loading=\"lazy\" decoding=\"async\" width=\"125\" height=\"125\" src=\"https:\/\/audiowo.com\/wp-content\/uploads\/2026\/04\/Fuengirola-125.webp\" class=\"attachment-thumbnail size-thumbnail wp-post-image\" alt=\"Fuengirola 125\" srcset=\"https:\/\/audiowo.com\/wp-content\/uploads\/2026\/04\/Fuengirola-125.webp 125w, https:\/\/audiowo.com\/wp-content\/uploads\/2026\/04\/Fuengirola-125-72x72.webp 72w, https:\/\/audiowo.com\/wp-content\/uploads\/2026\/04\/Fuengirola-125-100x100.webp 100w\" sizes=\"(max-width: 125px) 100vw, 125px\" \/><\/a><\/div><div class=\"fwpl-item el-yahj8j\"><span class=\"fwpl-term fwpl-term-espanja fwpl-tax-language\">Espanja<\/span><\/div><div class=\"fwpl-item el-br4358\"><span class=\"fwpl-term fwpl-term-latinalainen fwpl-tax-track-category\">Latinalainen<\/span>, <span class=\"fwpl-term fwpl-term-pop fwpl-tax-track-category\">Pop<\/span><\/div><\/div><\/div><div class=\"fwpl-row el-c8l2u8\"><div class=\"fwpl-col fwpl-col el-t6jqwj\"><\/div><div class=\"fwpl-col fwpl-col el-a1joc\"><\/div><div class=\"fwpl-col fwpl-col el-7574kk\"><\/div><\/div><\/div><div class=\"fwpl-result r7\"><div class=\"fwpl-row el-i4rw4q\"><div class=\"fwpl-col fwpl-col el-qzouz6\"><div class=\"fwpl-item el-7hgxzc\">A Tu Lado, Solo<\/div><div class=\"fwpl-item el-kg5n5p\">\u201dA Tu Lado, Solo\u201d on sielukas latin pop -kappale (85 BPM), jota kuljettaa nais\u00e4\u00e4ni. Se vangitsee parisuhteen sis\u00e4isen emotionaalisen et\u00e4isyyden hiljaisen kivun \u2013 tilanteen, jossa rakkaus s\u00e4ilyy, mutta yhteys haalistuu.<\/div><div class=\"fwpl-item el-rofgfr\"><div class=\"preview-wrap\"><button class=\"preview-btn\" type=\"button\">\u25b6 Listen to preview<\/button><audio class=\"preview-audio\" preload=\"none\" src=\"https:\/\/audiowo.com\/wp-content\/uploads\/2026\/04\/A-Tu-Lado-Solo-preview.mp3\"><\/audio><\/div><\/div><\/div><div class=\"fwpl-col fwpl-col el-4bdzms\"><div class=\"fwpl-item el-9t4zzd\"><a href=\"https:\/\/audiowo.com\/fi\/track\/a-tu-lado-solo\/\"><img loading=\"lazy\" decoding=\"async\" width=\"125\" height=\"125\" src=\"https:\/\/audiowo.com\/wp-content\/uploads\/2026\/04\/A-Tu-Lado-Solo-125.webp\" class=\"attachment-thumbnail size-thumbnail wp-post-image\" alt=\"A Tu Lado, Solo 125\" srcset=\"https:\/\/audiowo.com\/wp-content\/uploads\/2026\/04\/A-Tu-Lado-Solo-125.webp 125w, https:\/\/audiowo.com\/wp-content\/uploads\/2026\/04\/A-Tu-Lado-Solo-125-72x72.webp 72w, https:\/\/audiowo.com\/wp-content\/uploads\/2026\/04\/A-Tu-Lado-Solo-125-100x100.webp 100w\" sizes=\"(max-width: 125px) 100vw, 125px\" \/><\/a><\/div><div class=\"fwpl-item el-yahj8j\"><span class=\"fwpl-term fwpl-term-espanja fwpl-tax-language\">Espanja<\/span><\/div><div class=\"fwpl-item el-br4358\"><span class=\"fwpl-term fwpl-term-latinalainen fwpl-tax-track-category\">Latinalainen<\/span>, <span class=\"fwpl-term fwpl-term-pop fwpl-tax-track-category\">Pop<\/span><\/div><\/div><\/div><div class=\"fwpl-row el-c8l2u8\"><div class=\"fwpl-col fwpl-col el-t6jqwj\"><\/div><div class=\"fwpl-col fwpl-col el-a1joc\"><\/div><div class=\"fwpl-col fwpl-col el-7574kk\"><\/div><\/div><\/div><div class=\"fwpl-result r8\"><div class=\"fwpl-row el-i4rw4q\"><div class=\"fwpl-col fwpl-col el-qzouz6\"><div class=\"fwpl-item el-7hgxzc\">Limoncello Y Verano<\/div><div class=\"fwpl-item el-kg5n5p\">Kes\u00e4energiaa pursuava, vauhdikas latinopop-kappale \u201dLimoncello Y Verano\u201d yhdist\u00e4\u00e4 eloisat rytmit ja s\u00e4teilev\u00e4n naislaulun ja vangitsee l\u00e4mpimien \u00f6iden, merenrannan tunnelman ja huolettoman romantiikan. Raikas, leikkis\u00e4 ja el\u00e4m\u00e4niloinen kappale on juhlaa auringolle, maulle ja unohtumattomille hetkille. <\/div><div class=\"fwpl-item el-rofgfr\"><div class=\"preview-wrap\"><button class=\"preview-btn\" type=\"button\">\u25b6 Listen to preview<\/button><audio class=\"preview-audio\" preload=\"none\" src=\"https:\/\/audiowo.com\/wp-content\/uploads\/2026\/04\/Limoncello-Y-Verano-preview.mp3\"><\/audio><\/div><\/div><\/div><div class=\"fwpl-col fwpl-col el-4bdzms\"><div class=\"fwpl-item el-9t4zzd\"><a href=\"https:\/\/audiowo.com\/fi\/track\/limoncello-y-verano\/\"><img loading=\"lazy\" decoding=\"async\" width=\"125\" height=\"125\" src=\"https:\/\/audiowo.com\/wp-content\/uploads\/2026\/04\/Limoncello-Y-Verano-125.webp\" class=\"attachment-thumbnail size-thumbnail wp-post-image\" alt=\"Limoncello Y Verano 125\" srcset=\"https:\/\/audiowo.com\/wp-content\/uploads\/2026\/04\/Limoncello-Y-Verano-125.webp 125w, https:\/\/audiowo.com\/wp-content\/uploads\/2026\/04\/Limoncello-Y-Verano-125-72x72.webp 72w, https:\/\/audiowo.com\/wp-content\/uploads\/2026\/04\/Limoncello-Y-Verano-125-100x100.webp 100w\" sizes=\"(max-width: 125px) 100vw, 125px\" \/><\/a><\/div><div class=\"fwpl-item el-yahj8j\"><span class=\"fwpl-term fwpl-term-espanja fwpl-tax-language\">Espanja<\/span><\/div><div class=\"fwpl-item el-br4358\"><span class=\"fwpl-term fwpl-term-house fwpl-tax-track-category\">House<\/span>, <span class=\"fwpl-term fwpl-term-latinalainen fwpl-tax-track-category\">Latinalainen<\/span>, <span class=\"fwpl-term fwpl-term-pop fwpl-tax-track-category\">Pop<\/span><\/div><\/div><\/div><div class=\"fwpl-row el-c8l2u8\"><div class=\"fwpl-col fwpl-col el-t6jqwj\"><\/div><div class=\"fwpl-col fwpl-col el-a1joc\"><\/div><div class=\"fwpl-col fwpl-col el-7574kk\"><\/div><\/div><\/div><div class=\"fwpl-result r9\"><div class=\"fwpl-row el-i4rw4q\"><div class=\"fwpl-col fwpl-col el-qzouz6\"><div class=\"fwpl-item el-7hgxzc\">Casi Algo M\u00e1s<\/div><div class=\"fwpl-item el-kg5n5p\">Pirte\u00e4 latin pop -kappale, jota siivitt\u00e4v\u00e4t eloisat rytmit ja ilmeik\u00e4s naislaulu, kertoo tarinan rakkaudesta, joka ei koskaan t\u00e4ysin sitoudu. Tarttuva, tunteikas ja voimaannuttava \u201dCasi Algo M\u00e1s\u201d yhdist\u00e4\u00e4 tanssittavan energian ja samastuttavat sanoitukset oman arvonsa tuntemisesta. <\/div><div class=\"fwpl-item el-rofgfr\"><div class=\"preview-wrap\"><button class=\"preview-btn\" type=\"button\">\u25b6 Listen to preview<\/button><audio class=\"preview-audio\" preload=\"none\" src=\"https:\/\/audiowo.com\/wp-content\/uploads\/2026\/04\/Casi-Algo-Mas-preview.mp3\"><\/audio><\/div><\/div><\/div><div class=\"fwpl-col fwpl-col el-4bdzms\"><div class=\"fwpl-item el-9t4zzd\"><a href=\"https:\/\/audiowo.com\/fi\/track\/casi-algo-mas\/\"><img loading=\"lazy\" decoding=\"async\" width=\"125\" height=\"125\" src=\"https:\/\/audiowo.com\/wp-content\/uploads\/2026\/04\/Casi-Algo-Mas-125.webp\" class=\"attachment-thumbnail size-thumbnail wp-post-image\" alt=\"Casi Algo M\u00e1s 125\" srcset=\"https:\/\/audiowo.com\/wp-content\/uploads\/2026\/04\/Casi-Algo-Mas-125.webp 125w, https:\/\/audiowo.com\/wp-content\/uploads\/2026\/04\/Casi-Algo-Mas-125-72x72.webp 72w, https:\/\/audiowo.com\/wp-content\/uploads\/2026\/04\/Casi-Algo-Mas-125-100x100.webp 100w\" sizes=\"(max-width: 125px) 100vw, 125px\" \/><\/a><\/div><div class=\"fwpl-item el-yahj8j\"><span class=\"fwpl-term fwpl-term-espanja fwpl-tax-language\">Espanja<\/span><\/div><div class=\"fwpl-item el-br4358\"><span class=\"fwpl-term fwpl-term-latinalainen fwpl-tax-track-category\">Latinalainen<\/span>, <span class=\"fwpl-term fwpl-term-pop fwpl-tax-track-category\">Pop<\/span><\/div><\/div><\/div><div class=\"fwpl-row el-c8l2u8\"><div class=\"fwpl-col fwpl-col el-t6jqwj\"><\/div><div class=\"fwpl-col fwpl-col el-a1joc\"><\/div><div class=\"fwpl-col fwpl-col el-7574kk\"><\/div><\/div><\/div><div class=\"fwpl-result r10\"><div class=\"fwpl-row el-i4rw4q\"><div class=\"fwpl-col fwpl-col el-qzouz6\"><div class=\"fwpl-item el-7hgxzc\">Bilbao en Oto\u00f1o Dorado<\/div><div class=\"fwpl-item el-kg5n5p\">Sujuva latin pop -kappale, jossa tunteelliset naisvokaali ja rento miehen rap yhdistyv\u00e4t Bilbaon kultaisiin s\u00e4vyihin. L\u00e4mpim\u00e4t melodiat ja pohdiskelevat sanat luovat kyps\u00e4n, kehittyv\u00e4n rakkaustarinan rauhalliseen, tunnelmalliseen ilmapiiriin kietoutuneena. <\/div><div class=\"fwpl-item el-rofgfr\"><div class=\"preview-wrap\"><button class=\"preview-btn\" type=\"button\">\u25b6 Listen to preview<\/button><audio class=\"preview-audio\" preload=\"none\" src=\"https:\/\/audiowo.com\/wp-content\/uploads\/2026\/04\/Bilbao-en-Otono-Dorado-Preview-1.mp3\"><\/audio><\/div><\/div><\/div><div class=\"fwpl-col fwpl-col el-4bdzms\"><div class=\"fwpl-item el-9t4zzd\"><a href=\"https:\/\/audiowo.com\/fi\/track\/bilbao-en-otono-dorado\/\"><img loading=\"lazy\" decoding=\"async\" width=\"125\" height=\"125\" src=\"https:\/\/audiowo.com\/wp-content\/uploads\/2026\/04\/Bilbao-en-Otono-Dorado-125.webp\" class=\"attachment-thumbnail size-thumbnail wp-post-image\" alt=\"Bilbao en Oto\u00f1o Dorado 125\" srcset=\"https:\/\/audiowo.com\/wp-content\/uploads\/2026\/04\/Bilbao-en-Otono-Dorado-125.webp 125w, https:\/\/audiowo.com\/wp-content\/uploads\/2026\/04\/Bilbao-en-Otono-Dorado-125-72x72.webp 72w, https:\/\/audiowo.com\/wp-content\/uploads\/2026\/04\/Bilbao-en-Otono-Dorado-125-100x100.webp 100w\" sizes=\"(max-width: 125px) 100vw, 125px\" \/><\/a><\/div><div class=\"fwpl-item el-yahj8j\"><span class=\"fwpl-term fwpl-term-espanja fwpl-tax-language\">Espanja<\/span><\/div><div class=\"fwpl-item el-br4358\"><span class=\"fwpl-term fwpl-term-latinalainen fwpl-tax-track-category\">Latinalainen<\/span>, <span class=\"fwpl-term fwpl-term-pop fwpl-tax-track-category\">Pop<\/span>, <span class=\"fwpl-term fwpl-term-rap fwpl-tax-track-category\">R\u00e4p<\/span><\/div><\/div><\/div><div class=\"fwpl-row el-c8l2u8\"><div class=\"fwpl-col fwpl-col el-t6jqwj\"><\/div><div class=\"fwpl-col fwpl-col el-a1joc\"><\/div><div class=\"fwpl-col fwpl-col el-7574kk\"><\/div><\/div><\/div><div class=\"fwpl-result r11\"><div class=\"fwpl-row el-i4rw4q\"><div class=\"fwpl-col fwpl-col el-qzouz6\"><div class=\"fwpl-item el-7hgxzc\">L'Estartit Y El Viento Suave<\/div><div class=\"fwpl-item el-kg5n5p\">L\u00e4mmin latin house -kappale, jossa on aistillista naislaulua, inspiroituneena V\u00e4limeren tyynest\u00e4 tunnelmasta. Pehme\u00e4t rytmit, unelmalliset melodiat ja rento groove vangitsevat kultaisen auringonlaskun tunnelman L'Estartitissa \u2013 miss\u00e4 rakkaus liikkuu hitaasti ja luonnollisesti. <\/div><div class=\"fwpl-item el-rofgfr\"><div class=\"preview-wrap\"><button class=\"preview-btn\" type=\"button\">\u25b6 Listen to preview<\/button><audio class=\"preview-audio\" preload=\"none\" src=\"https:\/\/audiowo.com\/wp-content\/uploads\/2026\/04\/LEstartit-Y-El-Viento-Suave-Preview.mp3\"><\/audio><\/div><\/div><\/div><div class=\"fwpl-col fwpl-col el-4bdzms\"><div class=\"fwpl-item el-9t4zzd\"><a href=\"https:\/\/audiowo.com\/fi\/track\/lestartit-y-el-viento-suave\/\"><img loading=\"lazy\" decoding=\"async\" width=\"150\" height=\"150\" src=\"https:\/\/audiowo.com\/wp-content\/uploads\/2026\/04\/LEstartit-Y-El-Viento-Suave-150x150.webp\" class=\"attachment-thumbnail size-thumbnail wp-post-image\" alt=\"L&#039;Estartit Y El Viento Suave\" srcset=\"https:\/\/audiowo.com\/wp-content\/uploads\/2026\/04\/LEstartit-Y-El-Viento-Suave-150x150.webp 150w, https:\/\/audiowo.com\/wp-content\/uploads\/2026\/04\/LEstartit-Y-El-Viento-Suave-300x300.webp 300w, https:\/\/audiowo.com\/wp-content\/uploads\/2026\/04\/LEstartit-Y-El-Viento-Suave-768x768.webp 768w, https:\/\/audiowo.com\/wp-content\/uploads\/2026\/04\/LEstartit-Y-El-Viento-Suave-600x600.webp 600w, https:\/\/audiowo.com\/wp-content\/uploads\/2026\/04\/LEstartit-Y-El-Viento-Suave-100x100.webp 100w, https:\/\/audiowo.com\/wp-content\/uploads\/2026\/04\/LEstartit-Y-El-Viento-Suave.webp 1024w\" sizes=\"(max-width: 150px) 100vw, 150px\" \/><\/a><\/div><div class=\"fwpl-item el-yahj8j\"><span class=\"fwpl-term fwpl-term-espanja fwpl-tax-language\">Espanja<\/span><\/div><div class=\"fwpl-item el-br4358\"><span class=\"fwpl-term fwpl-term-house fwpl-tax-track-category\">House<\/span>, <span class=\"fwpl-term fwpl-term-latinalainen fwpl-tax-track-category\">Latinalainen<\/span><\/div><\/div><\/div><div class=\"fwpl-row el-c8l2u8\"><div class=\"fwpl-col fwpl-col el-t6jqwj\"><\/div><div class=\"fwpl-col fwpl-col el-a1joc\"><\/div><div class=\"fwpl-col fwpl-col el-7574kk\"><\/div><\/div><\/div><div class=\"fwpl-result r12\"><div class=\"fwpl-row el-i4rw4q\"><div class=\"fwpl-col fwpl-col el-qzouz6\"><div class=\"fwpl-item el-7hgxzc\">Tossa De Mar elokuussa<\/div><div class=\"fwpl-item el-kg5n5p\">L\u00e4mmin ja tunnelmallinen Latin House -kappale, joka vangitsee kes\u00e4\u00f6iden taikuuden Tossa de Marissa. Pehme\u00e4n naislaulun ja syvien rytmien my\u00f6t\u00e4 se yhdist\u00e4\u00e4 tunteen, vapauden ja V\u00e4limeren tunnelman yhdeksi unohtumattomaksi soundiksi. <\/div><div class=\"fwpl-item el-rofgfr\"><div class=\"preview-wrap\"><button class=\"preview-btn\" type=\"button\">\u25b6 Listen to preview<\/button><audio class=\"preview-audio\" preload=\"none\" src=\"https:\/\/audiowo.com\/wp-content\/uploads\/2026\/04\/Tossa-De-Mar-En-Agosto-Preview.mp3\"><\/audio><\/div><\/div><\/div><div class=\"fwpl-col fwpl-col el-4bdzms\"><div class=\"fwpl-item el-9t4zzd\"><a href=\"https:\/\/audiowo.com\/fi\/track\/tossa-de-mar-en-agosto\/\"><img loading=\"lazy\" decoding=\"async\" width=\"150\" height=\"150\" src=\"https:\/\/audiowo.com\/wp-content\/uploads\/2026\/04\/Tossa-de-Mar-En-Agosto-150x150.webp\" class=\"attachment-thumbnail size-thumbnail wp-post-image\" alt=\"Tossa de Mar elokuussa\" srcset=\"https:\/\/audiowo.com\/wp-content\/uploads\/2026\/04\/Tossa-de-Mar-En-Agosto-150x150.webp 150w, https:\/\/audiowo.com\/wp-content\/uploads\/2026\/04\/Tossa-de-Mar-En-Agosto-300x300.webp 300w, https:\/\/audiowo.com\/wp-content\/uploads\/2026\/04\/Tossa-de-Mar-En-Agosto-768x768.webp 768w, https:\/\/audiowo.com\/wp-content\/uploads\/2026\/04\/Tossa-de-Mar-En-Agosto-600x600.webp 600w, https:\/\/audiowo.com\/wp-content\/uploads\/2026\/04\/Tossa-de-Mar-En-Agosto-100x100.webp 100w, https:\/\/audiowo.com\/wp-content\/uploads\/2026\/04\/Tossa-de-Mar-En-Agosto.webp 1024w\" sizes=\"(max-width: 150px) 100vw, 150px\" \/><\/a><\/div><div class=\"fwpl-item el-yahj8j\"><span class=\"fwpl-term fwpl-term-espanja fwpl-tax-language\">Espanja<\/span><\/div><div class=\"fwpl-item el-br4358\"><span class=\"fwpl-term fwpl-term-house fwpl-tax-track-category\">House<\/span>, <span class=\"fwpl-term fwpl-term-latinalainen fwpl-tax-track-category\">Latinalainen<\/span><\/div><\/div><\/div><div class=\"fwpl-row el-c8l2u8\"><div class=\"fwpl-col fwpl-col el-t6jqwj\"><\/div><div class=\"fwpl-col fwpl-col el-a1joc\"><\/div><div class=\"fwpl-col fwpl-col el-7574kk\"><\/div><\/div><\/div><div class=\"fwpl-result r13\"><div class=\"fwpl-row el-i4rw4q\"><div class=\"fwpl-col fwpl-col el-qzouz6\"><div class=\"fwpl-item el-7hgxzc\">Victory Lap<\/div><div class=\"fwpl-item el-kg5n5p\">Valoisa ja nostattava instrumentaali, joka yhdist\u00e4\u00e4 indie folkin vieh\u00e4tyksen moderniin pop-energiaan. Banjon, akustisen kitaran ja l\u00e4mpim\u00e4n grooven vet\u00e4m\u00e4 yrityskappale luo dynaamisen ja hyv\u00e4ntuulisen tunnelman nostalgisella vivahteella. <\/div><div class=\"fwpl-item el-rofgfr\"><div class=\"preview-wrap\"><button class=\"preview-btn\" type=\"button\">\u25b6 Listen to preview<\/button><audio class=\"preview-audio\" preload=\"none\" src=\"https:\/\/audiowo.com\/wp-content\/uploads\/2026\/04\/Victory-Lap-Preview.mp3\"><\/audio><\/div><\/div><\/div><div class=\"fwpl-col fwpl-col el-4bdzms\"><div class=\"fwpl-item el-9t4zzd\"><a href=\"https:\/\/audiowo.com\/fi\/track\/victory-lap\/\"><img loading=\"lazy\" decoding=\"async\" width=\"150\" height=\"150\" src=\"https:\/\/audiowo.com\/wp-content\/uploads\/2026\/04\/Victory-Lap-150x150.webp\" class=\"attachment-thumbnail size-thumbnail wp-post-image\" alt=\"Victory Lap\" srcset=\"https:\/\/audiowo.com\/wp-content\/uploads\/2026\/04\/Victory-Lap-150x150.webp 150w, https:\/\/audiowo.com\/wp-content\/uploads\/2026\/04\/Victory-Lap-300x300.webp 300w, https:\/\/audiowo.com\/wp-content\/uploads\/2026\/04\/Victory-Lap-768x768.webp 768w, https:\/\/audiowo.com\/wp-content\/uploads\/2026\/04\/Victory-Lap-600x600.webp 600w, https:\/\/audiowo.com\/wp-content\/uploads\/2026\/04\/Victory-Lap-100x100.webp 100w, https:\/\/audiowo.com\/wp-content\/uploads\/2026\/04\/Victory-Lap.webp 1024w\" sizes=\"(max-width: 150px) 100vw, 150px\" \/><\/a><\/div><div class=\"fwpl-item el-yahj8j\"><span class=\"fwpl-term fwpl-term-instrumentaali fwpl-tax-language\">Instrumentaali<\/span><\/div><div class=\"fwpl-item el-br4358\"><span class=\"fwpl-term fwpl-term-yritys fwpl-tax-track-category\">Yritys<\/span><\/div><\/div><\/div><div class=\"fwpl-row el-c8l2u8\"><div class=\"fwpl-col fwpl-col el-t6jqwj\"><\/div><div class=\"fwpl-col fwpl-col el-a1joc\"><\/div><div class=\"fwpl-col fwpl-col el-7574kk\"><\/div><\/div><\/div><div class=\"fwpl-result r14\"><div class=\"fwpl-row el-i4rw4q\"><div class=\"fwpl-col fwpl-col el-qzouz6\"><div class=\"fwpl-item el-7hgxzc\">Velvet Nights<\/div><div class=\"fwpl-item el-kg5n5p\">Pehme\u00e4 ja aistillinen instrumentaali, jossa latinalaiset lounge-vibat yhdistyv\u00e4t moderniin house-grooveen. \u201dVelvet Nights\u201d luo l\u00e4mpim\u00e4n, rytmikk\u00e4\u00e4n tunnelman, jota kannattelevat piano, perkussiot ja syv\u00e4 basso \u2013 t\u00e4ydellinen my\u00f6h\u00e4isillan fiiliksiin. <\/div><div class=\"fwpl-item el-rofgfr\"><div class=\"preview-wrap\"><button class=\"preview-btn\" type=\"button\">\u25b6 Listen to preview<\/button><audio class=\"preview-audio\" preload=\"none\" src=\"https:\/\/audiowo.com\/wp-content\/uploads\/2026\/04\/Velvet-Nights-Preview.mp3\"><\/audio><\/div><\/div><\/div><div class=\"fwpl-col fwpl-col el-4bdzms\"><div class=\"fwpl-item el-9t4zzd\"><a href=\"https:\/\/audiowo.com\/fi\/track\/velvet-nights\/\"><img loading=\"lazy\" decoding=\"async\" width=\"150\" height=\"150\" src=\"https:\/\/audiowo.com\/wp-content\/uploads\/2026\/04\/Velvet-nights-150x150.webp\" class=\"attachment-thumbnail size-thumbnail wp-post-image\" alt=\"Velvet nights\" srcset=\"https:\/\/audiowo.com\/wp-content\/uploads\/2026\/04\/Velvet-nights-150x150.webp 150w, https:\/\/audiowo.com\/wp-content\/uploads\/2026\/04\/Velvet-nights-300x300.webp 300w, https:\/\/audiowo.com\/wp-content\/uploads\/2026\/04\/Velvet-nights-768x768.webp 768w, https:\/\/audiowo.com\/wp-content\/uploads\/2026\/04\/Velvet-nights-600x600.webp 600w, https:\/\/audiowo.com\/wp-content\/uploads\/2026\/04\/Velvet-nights-100x100.webp 100w, https:\/\/audiowo.com\/wp-content\/uploads\/2026\/04\/Velvet-nights.webp 1024w\" sizes=\"(max-width: 150px) 100vw, 150px\" \/><\/a><\/div><div class=\"fwpl-item el-yahj8j\"><span class=\"fwpl-term fwpl-term-instrumentaali fwpl-tax-language\">Instrumentaali<\/span><\/div><div class=\"fwpl-item el-br4358\"><span class=\"fwpl-term fwpl-term-house fwpl-tax-track-category\">House<\/span>, <span class=\"fwpl-term fwpl-term-latinalainen fwpl-tax-track-category\">Latinalainen<\/span><\/div><\/div><\/div><div class=\"fwpl-row el-c8l2u8\"><div class=\"fwpl-col fwpl-col el-t6jqwj\"><\/div><div class=\"fwpl-col fwpl-col el-a1joc\"><\/div><div class=\"fwpl-col fwpl-col el-7574kk\"><\/div><\/div><\/div><div class=\"fwpl-result r15\"><div class=\"fwpl-row el-i4rw4q\"><div class=\"fwpl-col fwpl-col el-qzouz6\"><div class=\"fwpl-item el-7hgxzc\">Ligero Pero Real<\/div><div class=\"fwpl-item el-kg5n5p\">Kohottava ja vilpit\u00f6n latinokappale rakkaudesta ilman painetta tai draamaa. \u201dLigero Pero Real\u201d juhlistaa rauhallista, rehellist\u00e4 yhteytt\u00e4, jossa tunteet ovat yksinkertaisia, aitoja ja syv\u00e4sti merkityksellisi\u00e4. <\/div><div class=\"fwpl-item el-rofgfr\"><div class=\"preview-wrap\"><button class=\"preview-btn\" type=\"button\">\u25b6 Listen to preview<\/button><audio class=\"preview-audio\" preload=\"none\" src=\"https:\/\/audiowo.com\/wp-content\/uploads\/2026\/04\/Ligero-Pero-Real-preview.mp3\"><\/audio><\/div><\/div><\/div><div class=\"fwpl-col fwpl-col el-4bdzms\"><div class=\"fwpl-item el-9t4zzd\"><a href=\"https:\/\/audiowo.com\/fi\/track\/ligero-pero-real\/\"><img loading=\"lazy\" decoding=\"async\" width=\"150\" height=\"150\" src=\"https:\/\/audiowo.com\/wp-content\/uploads\/2026\/04\/Ligero-pero-real_-at-sunset-150x150.webp\" class=\"attachment-thumbnail size-thumbnail wp-post-image\" alt=\"Ligero pero real_ auringonlaskussa\" srcset=\"https:\/\/audiowo.com\/wp-content\/uploads\/2026\/04\/Ligero-pero-real_-at-sunset-150x150.webp 150w, https:\/\/audiowo.com\/wp-content\/uploads\/2026\/04\/Ligero-pero-real_-at-sunset-300x300.webp 300w, https:\/\/audiowo.com\/wp-content\/uploads\/2026\/04\/Ligero-pero-real_-at-sunset-768x768.webp 768w, https:\/\/audiowo.com\/wp-content\/uploads\/2026\/04\/Ligero-pero-real_-at-sunset-600x600.webp 600w, https:\/\/audiowo.com\/wp-content\/uploads\/2026\/04\/Ligero-pero-real_-at-sunset-100x100.webp 100w, https:\/\/audiowo.com\/wp-content\/uploads\/2026\/04\/Ligero-pero-real_-at-sunset.webp 1024w\" sizes=\"(max-width: 150px) 100vw, 150px\" \/><\/a><\/div><div class=\"fwpl-item el-yahj8j\"><span class=\"fwpl-term fwpl-term-espanja fwpl-tax-language\">Espanja<\/span><\/div><div class=\"fwpl-item el-br4358\"><span class=\"fwpl-term fwpl-term-latinalainen fwpl-tax-track-category\">Latinalainen<\/span>, <span class=\"fwpl-term fwpl-term-pop fwpl-tax-track-category\">Pop<\/span><\/div><\/div><\/div><div class=\"fwpl-row el-c8l2u8\"><div class=\"fwpl-col fwpl-col el-t6jqwj\"><\/div><div class=\"fwpl-col fwpl-col el-a1joc\"><\/div><div class=\"fwpl-col fwpl-col el-7574kk\"><\/div><\/div><\/div><div class=\"fwpl-result r16\"><div class=\"fwpl-row el-i4rw4q\"><div class=\"fwpl-col fwpl-col el-qzouz6\"><div class=\"fwpl-item el-7hgxzc\">Mojito y Sol<\/div><div class=\"fwpl-item el-kg5n5p\">Valoisa ja kohottava latinalaisrytminen kappale, joka juhlistaa kes\u00e4\u00e4, vapautta ja huolettomia hetki\u00e4 meren \u00e4\u00e4rell\u00e4. \u201dMojito y Sol\u201d yhdist\u00e4\u00e4 trooppisia vivahteita ja iloista energiaa vangiten hetkess\u00e4 el\u00e4misen tunteen. <\/div><div class=\"fwpl-item el-rofgfr\"><div class=\"preview-wrap\"><button class=\"preview-btn\" type=\"button\">\u25b6 Listen to preview<\/button><audio class=\"preview-audio\" preload=\"none\" src=\"https:\/\/audiowo.com\/wp-content\/uploads\/2026\/04\/Mojito-y-Sol-preview.mp3\"><\/audio><\/div><\/div><\/div><div class=\"fwpl-col fwpl-col el-4bdzms\"><div class=\"fwpl-item el-9t4zzd\"><a href=\"https:\/\/audiowo.com\/fi\/track\/mojito-y-sol\/\"><img loading=\"lazy\" decoding=\"async\" width=\"150\" height=\"150\" src=\"https:\/\/audiowo.com\/wp-content\/uploads\/2026\/04\/Mojito-y-Sol-150x150.webp\" class=\"attachment-thumbnail size-thumbnail wp-post-image\" alt=\"Mojito y Sol\" srcset=\"https:\/\/audiowo.com\/wp-content\/uploads\/2026\/04\/Mojito-y-Sol-150x150.webp 150w, https:\/\/audiowo.com\/wp-content\/uploads\/2026\/04\/Mojito-y-Sol-300x300.webp 300w, https:\/\/audiowo.com\/wp-content\/uploads\/2026\/04\/Mojito-y-Sol-768x768.webp 768w, https:\/\/audiowo.com\/wp-content\/uploads\/2026\/04\/Mojito-y-Sol-600x600.webp 600w, https:\/\/audiowo.com\/wp-content\/uploads\/2026\/04\/Mojito-y-Sol-100x100.webp 100w, https:\/\/audiowo.com\/wp-content\/uploads\/2026\/04\/Mojito-y-Sol.webp 1024w\" sizes=\"(max-width: 150px) 100vw, 150px\" \/><\/a><\/div><div class=\"fwpl-item el-yahj8j\"><span class=\"fwpl-term fwpl-term-espanja fwpl-tax-language\">Espanja<\/span><\/div><div class=\"fwpl-item el-br4358\"><span class=\"fwpl-term fwpl-term-latinalainen fwpl-tax-track-category\">Latinalainen<\/span>, <span class=\"fwpl-term fwpl-term-pop fwpl-tax-track-category\">Pop<\/span><\/div><\/div><\/div><div class=\"fwpl-row el-c8l2u8\"><div class=\"fwpl-col fwpl-col el-t6jqwj\"><\/div><div class=\"fwpl-col fwpl-col el-a1joc\"><\/div><div class=\"fwpl-col fwpl-col el-7574kk\"><\/div><\/div><\/div><div class=\"fwpl-result r17\"><div class=\"fwpl-row el-i4rw4q\"><div class=\"fwpl-col fwpl-col el-qzouz6\"><div class=\"fwpl-item el-7hgxzc\">Demasiado Orgullo<\/div><div class=\"fwpl-item el-kg5n5p\">Voimakas duetto, jossa melodinen laulu ja rap yhdistyv\u00e4t. \u201dDemasiado Orgullo\u201d k\u00e4sittelee sit\u00e4, miten ylpeys voi hiljalleen tuhota rakkauden. Raakojen tunteiden ja rehellisen tarinankerronnan kautta kappale tavoittaa egon ja haavoittuvuuden v\u00e4lisen j\u00e4nnitteen nykyaikaisissa ihmissuhteissa. <\/div><div class=\"fwpl-item el-rofgfr\"><div class=\"preview-wrap\"><button class=\"preview-btn\" type=\"button\">\u25b6 Listen to preview<\/button><audio class=\"preview-audio\" preload=\"none\" src=\"https:\/\/audiowo.com\/wp-content\/uploads\/2026\/04\/Demasiado-Orgullo-Preview.mp3\"><\/audio><\/div><\/div><\/div><div class=\"fwpl-col fwpl-col el-4bdzms\"><div class=\"fwpl-item el-9t4zzd\"><a href=\"https:\/\/audiowo.com\/fi\/track\/demasiado-orgullo\/\"><img loading=\"lazy\" decoding=\"async\" width=\"150\" height=\"150\" src=\"https:\/\/audiowo.com\/wp-content\/uploads\/2026\/04\/Demasiado-Orgullo-150x150.webp\" class=\"attachment-thumbnail size-thumbnail wp-post-image\" alt=\"Demasiado Orgullo\" srcset=\"https:\/\/audiowo.com\/wp-content\/uploads\/2026\/04\/Demasiado-Orgullo-150x150.webp 150w, https:\/\/audiowo.com\/wp-content\/uploads\/2026\/04\/Demasiado-Orgullo-300x300.webp 300w, https:\/\/audiowo.com\/wp-content\/uploads\/2026\/04\/Demasiado-Orgullo-768x768.webp 768w, https:\/\/audiowo.com\/wp-content\/uploads\/2026\/04\/Demasiado-Orgullo-600x600.webp 600w, https:\/\/audiowo.com\/wp-content\/uploads\/2026\/04\/Demasiado-Orgullo-100x100.webp 100w, https:\/\/audiowo.com\/wp-content\/uploads\/2026\/04\/Demasiado-Orgullo.webp 1024w\" sizes=\"(max-width: 150px) 100vw, 150px\" \/><\/a><\/div><div class=\"fwpl-item el-yahj8j\"><span class=\"fwpl-term fwpl-term-espanja fwpl-tax-language\">Espanja<\/span><\/div><div class=\"fwpl-item el-br4358\"><span class=\"fwpl-term fwpl-term-latinalainen fwpl-tax-track-category\">Latinalainen<\/span>, <span class=\"fwpl-term fwpl-term-pop fwpl-tax-track-category\">Pop<\/span>, <span class=\"fwpl-term fwpl-term-rap fwpl-tax-track-category\">R\u00e4p<\/span><\/div><\/div><\/div><div class=\"fwpl-row el-c8l2u8\"><div class=\"fwpl-col fwpl-col el-t6jqwj\"><\/div><div class=\"fwpl-col fwpl-col el-a1joc\"><\/div><div class=\"fwpl-col fwpl-col el-7574kk\"><\/div><\/div><\/div><div class=\"fwpl-result r18\"><div class=\"fwpl-row el-i4rw4q\"><div class=\"fwpl-col fwpl-col el-qzouz6\"><div class=\"fwpl-item el-7hgxzc\">Bajo el acueducto de Segovia<\/div><div class=\"fwpl-item el-kg5n5p\">Ajaton ja romanttinen kappale, jonka inspiraationa on Segovian muinainen akvedukti, jossa rakkaus, historia ja hiljaisuus kohtaavat. Se kertoo tarinan yhteydest\u00e4, joka tuntuu kest\u00e4v\u00e4lt\u00e4, hauraalta ja voimakkaalta yht\u00e4 aikaa. <\/div><div class=\"fwpl-item el-rofgfr\"><div class=\"preview-wrap\"><button class=\"preview-btn\" type=\"button\">\u25b6 Listen to preview<\/button><audio class=\"preview-audio\" preload=\"none\" src=\"https:\/\/audiowo.com\/wp-content\/uploads\/2026\/04\/4-Bajo-el-acueducto-de-Segovia-Preview.mp3\"><\/audio><\/div><\/div><\/div><div class=\"fwpl-col fwpl-col el-4bdzms\"><div class=\"fwpl-item el-9t4zzd\"><a href=\"https:\/\/audiowo.com\/fi\/track\/bajo-el-acueducto-de-segovia\/\"><img loading=\"lazy\" decoding=\"async\" width=\"150\" height=\"150\" src=\"https:\/\/audiowo.com\/wp-content\/uploads\/2026\/04\/Bajo-el-acueducto-de-Segovia-150x150.webp\" class=\"attachment-thumbnail size-thumbnail wp-post-image\" alt=\"Bajo el acueducto de Segovia\" srcset=\"https:\/\/audiowo.com\/wp-content\/uploads\/2026\/04\/Bajo-el-acueducto-de-Segovia-150x150.webp 150w, https:\/\/audiowo.com\/wp-content\/uploads\/2026\/04\/Bajo-el-acueducto-de-Segovia-300x300.webp 300w, https:\/\/audiowo.com\/wp-content\/uploads\/2026\/04\/Bajo-el-acueducto-de-Segovia-768x768.webp 768w, https:\/\/audiowo.com\/wp-content\/uploads\/2026\/04\/Bajo-el-acueducto-de-Segovia-600x600.webp 600w, https:\/\/audiowo.com\/wp-content\/uploads\/2026\/04\/Bajo-el-acueducto-de-Segovia-100x100.webp 100w, https:\/\/audiowo.com\/wp-content\/uploads\/2026\/04\/Bajo-el-acueducto-de-Segovia.webp 1024w\" sizes=\"(max-width: 150px) 100vw, 150px\" \/><\/a><\/div><div class=\"fwpl-item el-yahj8j is-empty\"><\/div><div class=\"fwpl-item el-br4358 is-empty\"><\/div><\/div><\/div><div class=\"fwpl-row el-c8l2u8\"><div class=\"fwpl-col fwpl-col el-t6jqwj\"><\/div><div class=\"fwpl-col fwpl-col el-a1joc\"><\/div><div class=\"fwpl-col fwpl-col el-7574kk\"><\/div><\/div><\/div><div class=\"fwpl-result r19\"><div class=\"fwpl-row el-i4rw4q\"><div class=\"fwpl-col fwpl-col el-qzouz6\"><div class=\"fwpl-item el-7hgxzc\">Distinto Ritmo<\/div><div class=\"fwpl-item el-kg5n5p\">Distinto Ritmo, syd\u00e4mellinen ja introspektiivinen kappale rakkaudesta, joka kasvaa eri nopeuksilla. Yhdist\u00e4en tunteita ja rehellisyytt\u00e4 se tutkii yhteenkuuluvuuden ja henkil\u00f6kohtaisen parantumisen v\u00e4list\u00e4 j\u00e4nnitett\u00e4, vangiten omaan tahtiin kehittyvien suhteiden kauneuden. <\/div><div class=\"fwpl-item el-rofgfr\"><div class=\"preview-wrap\"><button class=\"preview-btn\" type=\"button\">\u25b6 Listen to preview<\/button><audio class=\"preview-audio\" preload=\"none\" src=\"https:\/\/audiowo.com\/wp-content\/uploads\/2026\/04\/3-Distinto-Ritmo-Preview.mp3\"><\/audio><\/div><\/div><\/div><div class=\"fwpl-col fwpl-col el-4bdzms\"><div class=\"fwpl-item el-9t4zzd\"><a href=\"https:\/\/audiowo.com\/fi\/track\/distinto-ritmo\/\"><img loading=\"lazy\" decoding=\"async\" width=\"150\" height=\"150\" src=\"https:\/\/audiowo.com\/wp-content\/uploads\/2026\/04\/Distinto-Ritmo-150x150.webp\" class=\"attachment-thumbnail size-thumbnail wp-post-image\" alt=\"Distinto Ritmo\" srcset=\"https:\/\/audiowo.com\/wp-content\/uploads\/2026\/04\/Distinto-Ritmo-150x150.webp 150w, https:\/\/audiowo.com\/wp-content\/uploads\/2026\/04\/Distinto-Ritmo-300x300.webp 300w, https:\/\/audiowo.com\/wp-content\/uploads\/2026\/04\/Distinto-Ritmo-768x768.webp 768w, https:\/\/audiowo.com\/wp-content\/uploads\/2026\/04\/Distinto-Ritmo-600x600.webp 600w, https:\/\/audiowo.com\/wp-content\/uploads\/2026\/04\/Distinto-Ritmo-100x100.webp 100w, https:\/\/audiowo.com\/wp-content\/uploads\/2026\/04\/Distinto-Ritmo.webp 1024w\" sizes=\"(max-width: 150px) 100vw, 150px\" \/><\/a><\/div><div class=\"fwpl-item el-yahj8j is-empty\"><\/div><div class=\"fwpl-item el-br4358 is-empty\"><\/div><\/div><\/div><div class=\"fwpl-row el-c8l2u8\"><div class=\"fwpl-col fwpl-col el-t6jqwj\"><\/div><div class=\"fwpl-col fwpl-col el-a1joc\"><\/div><div class=\"fwpl-col fwpl-col el-7574kk\"><\/div><\/div><\/div><div class=\"fwpl-result r20\"><div class=\"fwpl-row el-i4rw4q\"><div class=\"fwpl-col fwpl-col el-qzouz6\"><div class=\"fwpl-item el-7hgxzc\">Compras En Gran V\u00eda<\/div><div class=\"fwpl-item el-kg5n5p\">Eloisa kes\u00e4hymni, joka sijoittuu Madridin Gran V\u00edalle ja juhlii vapautta, itseilmaisua sek\u00e4 ostoksilla k\u00e4ymisen iloa voimaannuttamisen muotona. L\u00e4mpimien kaupunkivalojen, rohkean muodin ja itsevarman asenteen my\u00f6t\u00e4 kappale vangitsee y\u00f6n energian, jossa tyylist\u00e4 tulee identiteetti. <\/div><div class=\"fwpl-item el-rofgfr\"><div class=\"preview-wrap\"><button class=\"preview-btn\" type=\"button\">\u25b6 Listen to preview<\/button><audio class=\"preview-audio\" preload=\"none\" src=\"https:\/\/audiowo.com\/wp-content\/uploads\/2026\/04\/2-Compras-En-Gran-Via-Preview.mp3\"><\/audio><\/div><\/div><\/div><div class=\"fwpl-col fwpl-col el-4bdzms\"><div class=\"fwpl-item el-9t4zzd\"><a href=\"https:\/\/audiowo.com\/fi\/track\/compras-en-gran-via\/\"><img loading=\"lazy\" decoding=\"async\" width=\"150\" height=\"150\" src=\"https:\/\/audiowo.com\/wp-content\/uploads\/2026\/04\/Compras-En-Gran-Via-150x150.webp\" class=\"attachment-thumbnail size-thumbnail wp-post-image\" alt=\"Compras En Gran V\u00eda\" srcset=\"https:\/\/audiowo.com\/wp-content\/uploads\/2026\/04\/Compras-En-Gran-Via-150x150.webp 150w, https:\/\/audiowo.com\/wp-content\/uploads\/2026\/04\/Compras-En-Gran-Via-300x300.webp 300w, https:\/\/audiowo.com\/wp-content\/uploads\/2026\/04\/Compras-En-Gran-Via-768x768.webp 768w, https:\/\/audiowo.com\/wp-content\/uploads\/2026\/04\/Compras-En-Gran-Via-600x600.webp 600w, https:\/\/audiowo.com\/wp-content\/uploads\/2026\/04\/Compras-En-Gran-Via-100x100.webp 100w, https:\/\/audiowo.com\/wp-content\/uploads\/2026\/04\/Compras-En-Gran-Via.webp 1024w\" sizes=\"(max-width: 150px) 100vw, 150px\" \/><\/a><\/div><div class=\"fwpl-item el-yahj8j is-empty\"><\/div><div class=\"fwpl-item el-br4358 is-empty\"><\/div><\/div><\/div><div class=\"fwpl-row el-c8l2u8\"><div class=\"fwpl-col fwpl-col el-t6jqwj\"><\/div><div class=\"fwpl-col fwpl-col el-a1joc\"><\/div><div class=\"fwpl-col fwpl-col el-7574kk\"><\/div><\/div><\/div><\/div>\n<style>\n.fwpl-layout, .fwpl-row {\n    display: grid;\n}\n.fwpl-layout.el-bjk9z {\n    grid-template-columns: repeat(1, 1fr);\n    grid-gap: 10px;\n}\n.fwpl-btn {\n    text-decoration: none;\n}\n.fwpl-row.el-i4rw4q {\n    grid-template-columns: 74.0% 1fr;\n}\n.fwpl-item.el-7hgxzc {\n    padding: 5px 0px 0px 20px;\n    text-align: left;\n    font-weight: bold;\n    font-size: 25px;\n    color: #5d6269;\n}\n.fwpl-item.el-kg5n5p {\n    padding: 10px 0px 10px 20px;\n    font-size: 13px;\n}\n.fwpl-item.el-rofgfr {\n    border-width: 1px 0px 0px 0px;\n    padding: 10px 0px 10px 20px;\n}\n.fwpl-col.el-4bdzms {\n    padding: 0px 20px;\n}\n.fwpl-item.el-9t4zzd {\n    padding: 40px 0px 0px 0px;\n}\n.fwpl-item.el-yahj8j {\n    padding: px 0px 0px 0px;\n    text-align: center;\n    font-weight: bold;\n    font-size: 12px;\n}\n.fwpl-item.el-br4358 {\n    padding: px 0px 0px 0px;\n    text-align: center;\n    font-weight: bold;\n    font-size: 12px;\n}\n.fwpl-row.el-c8l2u8 {\n    grid-template-columns: 36.4% 1fr 1fr;\n    border-style: solid;\n    border-color: #ededed;\n    border-width: 0px 0px 1px 0px;\n    padding: 0px 0px 0px 20px;\n}\n@media (max-width: 480px) { \n    body .facetwp-template .fwpl-layout,  \n    body .facetwp-template-static .fwpl-layout { grid-template-columns: 1fr; } \n} \n\n<\/style>\n<\/div><\/div>\n\t\t\t\t\t\t<\/div>\n\t\t\t\t<\/div>\n\t\t\t\t\t<\/div>\n\t\t\t\t<\/div>\n\t\t\t\t<\/div>\n\t\t","protected":false},"excerpt":{"rendered":"<p>Musiikkikirjasto Kuuntele korkealaatuista musiikkiamme<\/p>\n","protected":false},"author":1,"featured_media":0,"parent":0,"menu_order":0,"comment_status":"closed","ping_status":"closed","template":"elementor_header_footer","meta":{"_acf_changed":false,"footnotes":""},"class_list":["post-7613","page","type-page","status-publish","hentry"],"acf":[],"_links":{"self":[{"href":"https:\/\/audiowo.com\/fi\/wp-json\/wp\/v2\/pages\/7613","targetHints":{"allow":["GET"]}}],"collection":[{"href":"https:\/\/audiowo.com\/fi\/wp-json\/wp\/v2\/pages"}],"about":[{"href":"https:\/\/audiowo.com\/fi\/wp-json\/wp\/v2\/types\/page"}],"author":[{"embeddable":true,"href":"https:\/\/audiowo.com\/fi\/wp-json\/wp\/v2\/users\/1"}],"replies":[{"embeddable":true,"href":"https:\/\/audiowo.com\/fi\/wp-json\/wp\/v2\/comments?post=7613"}],"version-history":[{"count":0,"href":"https:\/\/audiowo.com\/fi\/wp-json\/wp\/v2\/pages\/7613\/revisions"}],"wp:attachment":[{"href":"https:\/\/audiowo.com\/fi\/wp-json\/wp\/v2\/media?parent=7613"}],"curies":[{"name":"wp","href":"https:\/\/api.w.org\/{rel}","templated":true}]}}