{"id":7651,"date":"2026-03-26T14:32:02","date_gmt":"2026-03-26T13:32:02","guid":{"rendered":"https:\/\/audiowo.com\/musica\/"},"modified":"2026-04-09T15:55:05","modified_gmt":"2026-04-09T13:55:05","slug":"musica","status":"publish","type":"page","link":"https:\/\/audiowo.com\/it\/musica\/","title":{"rendered":"Musica"},"content":{"rendered":"\t\t<div data-elementor-type=\"wp-page\" data-elementor-id=\"7651\" class=\"elementor elementor-7651 elementor-393\" data-elementor-post-type=\"page\">\n\t\t\t\t<div class=\"elementor-element elementor-element-8ce723b e-flex e-con-boxed e-con e-parent\" data-id=\"8ce723b\" data-element_type=\"container\" data-e-type=\"container\">\n\t\t\t\t\t<div class=\"e-con-inner\">\n\t\t\t\t<div class=\"elementor-element elementor-element-df01399 elementor-widget elementor-widget-heading\" data-id=\"df01399\" data-element_type=\"widget\" data-e-type=\"widget\" data-widget_type=\"heading.default\">\n\t\t\t\t\t<h1 class=\"elementor-heading-title elementor-size-default\">Libreria musicale<\/h1>\t\t\t\t<\/div>\n\t\t\t\t\t<\/div>\n\t\t\t\t<\/div>\n\t\t<div class=\"elementor-element elementor-element-695b4cd e-flex e-con-boxed e-con e-parent\" data-id=\"695b4cd\" data-element_type=\"container\" data-e-type=\"container\">\n\t\t\t\t\t<div class=\"e-con-inner\">\n\t\t\t\t<div class=\"elementor-element elementor-element-0558f3a elementor-widget elementor-widget-heading\" data-id=\"0558f3a\" data-element_type=\"widget\" data-e-type=\"widget\" data-widget_type=\"heading.default\">\n\t\t\t\t\t<h2 class=\"elementor-heading-title elementor-size-default\">Ascolta la nostra musica di alta qualit\u00e0<\/h2>\t\t\t\t<\/div>\n\t\t\t\t\t<\/div>\n\t\t\t\t<\/div>\n\t\t<div class=\"elementor-element elementor-element-2d50f02 e-flex e-con-boxed e-con e-parent\" data-id=\"2d50f02\" data-element_type=\"container\" data-e-type=\"container\">\n\t\t\t\t\t<div class=\"e-con-inner\">\n\t\t<div class=\"elementor-element elementor-element-7cf4f72 e-con-full e-flex e-con e-child\" data-id=\"7cf4f72\" data-element_type=\"container\" data-e-type=\"container\" data-settings=\"{&quot;background_background&quot;:&quot;classic&quot;}\">\n\t\t\t\t<div class=\"elementor-element elementor-element-82cf385 elementor-widget elementor-widget-shortcode\" data-id=\"82cf385\" data-element_type=\"widget\" data-e-type=\"widget\" data-widget_type=\"shortcode.default\">\n\t\t\t\t\t\t\t<div class=\"elementor-shortcode\"><div class=\"facetwp-facet facetwp-facet-search facetwp-type-search\" data-name=\"search\" data-type=\"search\"><\/div><\/div>\n\t\t\t\t\t\t<\/div>\n\t\t\t\t<div class=\"elementor-element elementor-element-31c7193 elementor-widget elementor-widget-shortcode\" data-id=\"31c7193\" data-element_type=\"widget\" data-e-type=\"widget\" data-widget_type=\"shortcode.default\">\n\t\t\t\t\t\t\t<div class=\"elementor-shortcode\"><div class=\"facetwp-facet facetwp-facet-category_music facetwp-type-checkboxes\" data-name=\"category_music\" data-type=\"checkboxes\"><\/div><\/div>\n\t\t\t\t\t\t<\/div>\n\t\t\t\t<div class=\"elementor-element elementor-element-7b289ec elementor-widget elementor-widget-shortcode\" data-id=\"7b289ec\" data-element_type=\"widget\" data-e-type=\"widget\" data-widget_type=\"shortcode.default\">\n\t\t\t\t\t\t\t<div class=\"elementor-shortcode\"><div class=\"facetwp-facet facetwp-facet-vocal_type facetwp-type-checkboxes\" data-name=\"vocal_type\" data-type=\"checkboxes\"><\/div><\/div>\n\t\t\t\t\t\t<\/div>\n\t\t\t\t<div class=\"elementor-element elementor-element-9af930e elementor-widget elementor-widget-shortcode\" data-id=\"9af930e\" data-element_type=\"widget\" data-e-type=\"widget\" data-widget_type=\"shortcode.default\">\n\t\t\t\t\t\t\t<div class=\"elementor-shortcode\"><div class=\"facetwp-facet facetwp-facet-languag facetwp-type-checkboxes\" data-name=\"languag\" data-type=\"checkboxes\"><\/div><\/div>\n\t\t\t\t\t\t<\/div>\n\t\t\t\t<\/div>\n\t\t<div class=\"elementor-element elementor-element-6a31cf7 e-con-full e-flex e-con e-child\" data-id=\"6a31cf7\" data-element_type=\"container\" data-e-type=\"container\">\n\t\t\t\t<div class=\"elementor-element elementor-element-be0934f elementor-widget elementor-widget-shortcode\" data-id=\"be0934f\" data-element_type=\"widget\" data-e-type=\"widget\" data-widget_type=\"shortcode.default\">\n\t\t\t\t\t\t\t<div class=\"elementor-shortcode\"><div class=\"facetwp-template\" data-name=\"music_tracks_preview\"><div class=\"fwpl-layout el-bjk9z\"><div class=\"fwpl-result r1\"><div class=\"fwpl-row el-i4rw4q\"><div class=\"fwpl-col fwpl-col el-qzouz6\"><div class=\"fwpl-item el-7hgxzc\">Lisboa<\/div><div class=\"fwpl-item el-kg5n5p\">\"Lisboa\" \u00e8 un duetto pop portoghese easy listening pieno di sentimento (85 BPM), che fonde voci maschili e femminili in un'atmosfera calda ed emozionante ispirata all'amore, alla saudade e alla bellezza senza tempo di Lisbona.<\/div><div class=\"fwpl-item el-rofgfr\"><div class=\"preview-wrap\"><button class=\"preview-btn\" type=\"button\">\u25b6 Listen to preview<\/button><audio class=\"preview-audio\" preload=\"none\" src=\"https:\/\/audiowo.com\/wp-content\/uploads\/2026\/04\/Lisboa-preview.mp3\"><\/audio><\/div><\/div><\/div><div class=\"fwpl-col fwpl-col el-4bdzms\"><div class=\"fwpl-item el-9t4zzd\"><a href=\"https:\/\/audiowo.com\/it\/track\/lisboa\/\"><img decoding=\"async\" width=\"125\" height=\"125\" src=\"https:\/\/audiowo.com\/wp-content\/uploads\/2026\/04\/Lisboa-125.webp\" class=\"attachment-thumbnail size-thumbnail wp-post-image\" alt=\"Lisboa 125\" srcset=\"https:\/\/audiowo.com\/wp-content\/uploads\/2026\/04\/Lisboa-125.webp 125w, https:\/\/audiowo.com\/wp-content\/uploads\/2026\/04\/Lisboa-125-72x72.webp 72w, https:\/\/audiowo.com\/wp-content\/uploads\/2026\/04\/Lisboa-125-64x64.webp 64w, https:\/\/audiowo.com\/wp-content\/uploads\/2026\/04\/Lisboa-125-100x100.webp 100w\" sizes=\"(max-width: 125px) 100vw, 125px\" \/><\/a><\/div><div class=\"fwpl-item el-yahj8j\"><span class=\"fwpl-term fwpl-term-portoghese fwpl-tax-language\">Portoghese<\/span><\/div><div class=\"fwpl-item el-br4358\"><span class=\"fwpl-term fwpl-term-easy-listening fwpl-tax-track-category\">Easy Listening<\/span>, <span class=\"fwpl-term fwpl-term-pop fwpl-tax-track-category\">Pop<\/span><\/div><\/div><\/div><div class=\"fwpl-row el-c8l2u8\"><div class=\"fwpl-col fwpl-col el-t6jqwj\"><\/div><div class=\"fwpl-col fwpl-col el-a1joc\"><\/div><div class=\"fwpl-col fwpl-col el-7574kk\"><\/div><\/div><\/div><div class=\"fwpl-result r2\"><div class=\"fwpl-row el-i4rw4q\"><div class=\"fwpl-col fwpl-col el-qzouz6\"><div class=\"fwpl-item el-7hgxzc\">Noches en Sitges<\/div><div class=\"fwpl-item el-kg5n5p\">Un brano Latin House sensuale e d'atmosfera che cattura la magia delle notti estive a Sitges. Con una voce femminile vellutata e groove profondi e ritmati, fonde romanticismo, libert\u00e0 e vita notturna costiera in un'unica esperienza coinvolgente. <\/div><div class=\"fwpl-item el-rofgfr\"><div class=\"preview-wrap\"><button class=\"preview-btn\" type=\"button\">\u25b6 Listen to preview<\/button><audio class=\"preview-audio\" preload=\"none\" src=\"https:\/\/audiowo.com\/wp-content\/uploads\/2026\/04\/Noches-en-Sitges-Preview.mp3\"><\/audio><\/div><\/div><\/div><div class=\"fwpl-col fwpl-col el-4bdzms\"><div class=\"fwpl-item el-9t4zzd\"><a href=\"https:\/\/audiowo.com\/it\/track\/noches-en-sitges\/\"><img decoding=\"async\" width=\"125\" height=\"125\" src=\"https:\/\/audiowo.com\/wp-content\/uploads\/2026\/04\/Noches-en-Sitges-125.webp\" class=\"attachment-thumbnail size-thumbnail wp-post-image\" alt=\"Noches en Sitges 125\" srcset=\"https:\/\/audiowo.com\/wp-content\/uploads\/2026\/04\/Noches-en-Sitges-125.webp 125w, https:\/\/audiowo.com\/wp-content\/uploads\/2026\/04\/Noches-en-Sitges-125-72x72.webp 72w, https:\/\/audiowo.com\/wp-content\/uploads\/2026\/04\/Noches-en-Sitges-125-64x64.webp 64w, https:\/\/audiowo.com\/wp-content\/uploads\/2026\/04\/Noches-en-Sitges-125-100x100.webp 100w\" sizes=\"(max-width: 125px) 100vw, 125px\" \/><\/a><\/div><div class=\"fwpl-item el-yahj8j\"><span class=\"fwpl-term fwpl-term-spagnolo fwpl-tax-language\">Spagnolo<\/span><\/div><div class=\"fwpl-item el-br4358\"><span class=\"fwpl-term fwpl-term-house fwpl-tax-track-category\">House<\/span>, <span class=\"fwpl-term fwpl-term-latino fwpl-tax-track-category\">Latino<\/span><\/div><\/div><\/div><div class=\"fwpl-row el-c8l2u8\"><div class=\"fwpl-col fwpl-col el-t6jqwj\"><\/div><div class=\"fwpl-col fwpl-col el-a1joc\"><\/div><div class=\"fwpl-col fwpl-col el-7574kk\"><\/div><\/div><\/div><div class=\"fwpl-result r3\"><div class=\"fwpl-row el-i4rw4q\"><div class=\"fwpl-col fwpl-col el-qzouz6\"><div class=\"fwpl-item el-7hgxzc\">Giardino Ninfa<\/div><div class=\"fwpl-item el-kg5n5p\">\u201cGiardino Ninfa\u201d \u00e8 un romantico duetto pop easy listening italiano (75 BPM), che fonde voci maschili e femminili in un'atmosfera sognante ispirata a giardini senza tempo, acqua che scorre e amore eterno.<\/div><div class=\"fwpl-item el-rofgfr\"><div class=\"preview-wrap\"><button class=\"preview-btn\" type=\"button\">\u25b6 Listen to preview<\/button><audio class=\"preview-audio\" preload=\"none\" src=\"https:\/\/audiowo.com\/wp-content\/uploads\/2026\/04\/Giardino-Ninfa-preview.mp3\"><\/audio><\/div><\/div><\/div><div class=\"fwpl-col fwpl-col el-4bdzms\"><div class=\"fwpl-item el-9t4zzd\"><a href=\"https:\/\/audiowo.com\/it\/track\/giardino-ninfa\/\"><img decoding=\"async\" width=\"125\" height=\"125\" src=\"https:\/\/audiowo.com\/wp-content\/uploads\/2026\/04\/Giardino-Ninfa-125.webp\" class=\"attachment-thumbnail size-thumbnail wp-post-image\" alt=\"Giardino Ninfa 125\" srcset=\"https:\/\/audiowo.com\/wp-content\/uploads\/2026\/04\/Giardino-Ninfa-125.webp 125w, https:\/\/audiowo.com\/wp-content\/uploads\/2026\/04\/Giardino-Ninfa-125-72x72.webp 72w, https:\/\/audiowo.com\/wp-content\/uploads\/2026\/04\/Giardino-Ninfa-125-64x64.webp 64w, https:\/\/audiowo.com\/wp-content\/uploads\/2026\/04\/Giardino-Ninfa-125-100x100.webp 100w\" sizes=\"(max-width: 125px) 100vw, 125px\" \/><\/a><\/div><div class=\"fwpl-item el-yahj8j\"><span class=\"fwpl-term fwpl-term-italiano fwpl-tax-language\">Italiano<\/span><\/div><div class=\"fwpl-item el-br4358\"><span class=\"fwpl-term fwpl-term-easy-listening fwpl-tax-track-category\">Easy Listening<\/span>, <span class=\"fwpl-term fwpl-term-pop fwpl-tax-track-category\">Pop<\/span><\/div><\/div><\/div><div class=\"fwpl-row el-c8l2u8\"><div class=\"fwpl-col fwpl-col el-t6jqwj\"><\/div><div class=\"fwpl-col fwpl-col el-a1joc\"><\/div><div class=\"fwpl-col fwpl-col el-7574kk\"><\/div><\/div><\/div><div class=\"fwpl-result r4\"><div class=\"fwpl-row el-i4rw4q\"><div class=\"fwpl-col fwpl-col el-qzouz6\"><div class=\"fwpl-item el-7hgxzc\">Albufeira<\/div><div class=\"fwpl-item el-kg5n5p\">\u201cAlbufeira\u201d \u00e8 un brano pop portoghese easy listening (85 BPM) caratterizzato da una calda voce femminile, che cattura la magia delle notti estive in riva al mare, dove l'amore, la libert\u00e0 e i momenti fugaci si fondono in ricordi senza tempo.<\/div><div class=\"fwpl-item el-rofgfr\"><div class=\"preview-wrap\"><button class=\"preview-btn\" type=\"button\">\u25b6 Listen to preview<\/button><audio class=\"preview-audio\" preload=\"none\" src=\"https:\/\/audiowo.com\/wp-content\/uploads\/2026\/04\/Albufeira-preview.mp3\"><\/audio><\/div><\/div><\/div><div class=\"fwpl-col fwpl-col el-4bdzms\"><div class=\"fwpl-item el-9t4zzd\"><a href=\"https:\/\/audiowo.com\/it\/track\/albufeira-2\/\"><img loading=\"lazy\" decoding=\"async\" width=\"125\" height=\"125\" src=\"https:\/\/audiowo.com\/wp-content\/uploads\/2026\/04\/albufeira-125.webp\" class=\"attachment-thumbnail size-thumbnail wp-post-image\" alt=\"albufeira 125\" srcset=\"https:\/\/audiowo.com\/wp-content\/uploads\/2026\/04\/albufeira-125.webp 125w, https:\/\/audiowo.com\/wp-content\/uploads\/2026\/04\/albufeira-125-72x72.webp 72w, https:\/\/audiowo.com\/wp-content\/uploads\/2026\/04\/albufeira-125-64x64.webp 64w, https:\/\/audiowo.com\/wp-content\/uploads\/2026\/04\/albufeira-125-100x100.webp 100w\" sizes=\"(max-width: 125px) 100vw, 125px\" \/><\/a><\/div><div class=\"fwpl-item el-yahj8j\"><span class=\"fwpl-term fwpl-term-portoghese fwpl-tax-language\">Portoghese<\/span><\/div><div class=\"fwpl-item el-br4358\"><span class=\"fwpl-term fwpl-term-easy-listening fwpl-tax-track-category\">Easy Listening<\/span>, <span class=\"fwpl-term fwpl-term-pop fwpl-tax-track-category\">Pop<\/span><\/div><\/div><\/div><div class=\"fwpl-row el-c8l2u8\"><div class=\"fwpl-col fwpl-col el-t6jqwj\"><\/div><div class=\"fwpl-col fwpl-col el-a1joc\"><\/div><div class=\"fwpl-col fwpl-col el-7574kk\"><\/div><\/div><\/div><div class=\"fwpl-result r5\"><div class=\"fwpl-row el-i4rw4q\"><div class=\"fwpl-col fwpl-col el-qzouz6\"><div class=\"fwpl-item el-7hgxzc\">Albufeira<\/div><div class=\"fwpl-item el-kg5n5p\">\u201cAlbufeira\u201d \u00e8 un brano pop portoghese easy listening (85 BPM) caratterizzato da una calda voce femminile, che cattura la magia delle notti estive in riva al mare, dove l'amore, la libert\u00e0 e i momenti fugaci si fondono in ricordi senza tempo.<\/div><div class=\"fwpl-item el-rofgfr\"><div class=\"preview-wrap\"><button class=\"preview-btn\" type=\"button\">\u25b6 Listen to preview<\/button><audio class=\"preview-audio\" preload=\"none\" src=\"https:\/\/audiowo.com\/wp-content\/uploads\/2026\/04\/Albufeira-preview.mp3\"><\/audio><\/div><\/div><\/div><div class=\"fwpl-col fwpl-col el-4bdzms\"><div class=\"fwpl-item el-9t4zzd\"><a href=\"https:\/\/audiowo.com\/it\/track\/albufeira\/\"><img loading=\"lazy\" decoding=\"async\" width=\"125\" height=\"125\" src=\"https:\/\/audiowo.com\/wp-content\/uploads\/2026\/04\/albufeira-125.webp\" class=\"attachment-thumbnail size-thumbnail wp-post-image\" alt=\"albufeira 125\" srcset=\"https:\/\/audiowo.com\/wp-content\/uploads\/2026\/04\/albufeira-125.webp 125w, https:\/\/audiowo.com\/wp-content\/uploads\/2026\/04\/albufeira-125-72x72.webp 72w, https:\/\/audiowo.com\/wp-content\/uploads\/2026\/04\/albufeira-125-64x64.webp 64w, https:\/\/audiowo.com\/wp-content\/uploads\/2026\/04\/albufeira-125-100x100.webp 100w\" sizes=\"(max-width: 125px) 100vw, 125px\" \/><\/a><\/div><div class=\"fwpl-item el-yahj8j is-empty\"><\/div><div class=\"fwpl-item el-br4358 is-empty\"><\/div><\/div><\/div><div class=\"fwpl-row el-c8l2u8\"><div class=\"fwpl-col fwpl-col el-t6jqwj\"><\/div><div class=\"fwpl-col fwpl-col el-a1joc\"><\/div><div class=\"fwpl-col fwpl-col el-7574kk\"><\/div><\/div><\/div><div class=\"fwpl-result r6\"><div class=\"fwpl-row el-i4rw4q\"><div class=\"fwpl-col fwpl-col el-qzouz6\"><div class=\"fwpl-item el-7hgxzc\">Fuengirola<\/div><div class=\"fwpl-item el-kg5n5p\">\u201cFuengirola\u201d \u00e8 un brano latin pop incoraggiante (100 BPM) con una calda voce maschile, che cattura la magia silenziosa dell'alba dopo una lunga notte, dove iniziano a emergere chiarezza, connessione ed emozioni reali.<\/div><div class=\"fwpl-item el-rofgfr\"><div class=\"preview-wrap\"><button class=\"preview-btn\" type=\"button\">\u25b6 Listen to preview<\/button><audio class=\"preview-audio\" preload=\"none\" src=\"https:\/\/audiowo.com\/wp-content\/uploads\/2026\/04\/Fuengirola-Preview.mp3\"><\/audio><\/div><\/div><\/div><div class=\"fwpl-col fwpl-col el-4bdzms\"><div class=\"fwpl-item el-9t4zzd\"><a href=\"https:\/\/audiowo.com\/it\/track\/fuengirola\/\"><img loading=\"lazy\" decoding=\"async\" width=\"125\" height=\"125\" src=\"https:\/\/audiowo.com\/wp-content\/uploads\/2026\/04\/Fuengirola-125.webp\" class=\"attachment-thumbnail size-thumbnail wp-post-image\" alt=\"Fuengirola 125\" srcset=\"https:\/\/audiowo.com\/wp-content\/uploads\/2026\/04\/Fuengirola-125.webp 125w, https:\/\/audiowo.com\/wp-content\/uploads\/2026\/04\/Fuengirola-125-72x72.webp 72w, https:\/\/audiowo.com\/wp-content\/uploads\/2026\/04\/Fuengirola-125-100x100.webp 100w\" sizes=\"(max-width: 125px) 100vw, 125px\" \/><\/a><\/div><div class=\"fwpl-item el-yahj8j\"><span class=\"fwpl-term fwpl-term-spagnolo fwpl-tax-language\">Spagnolo<\/span><\/div><div class=\"fwpl-item el-br4358\"><span class=\"fwpl-term fwpl-term-latino fwpl-tax-track-category\">Latino<\/span>, <span class=\"fwpl-term fwpl-term-pop fwpl-tax-track-category\">Pop<\/span><\/div><\/div><\/div><div class=\"fwpl-row el-c8l2u8\"><div class=\"fwpl-col fwpl-col el-t6jqwj\"><\/div><div class=\"fwpl-col fwpl-col el-a1joc\"><\/div><div class=\"fwpl-col fwpl-col el-7574kk\"><\/div><\/div><\/div><div class=\"fwpl-result r7\"><div class=\"fwpl-row el-i4rw4q\"><div class=\"fwpl-col fwpl-col el-qzouz6\"><div class=\"fwpl-item el-7hgxzc\">A Tu Lado, Solo<\/div><div class=\"fwpl-item el-kg5n5p\">\u201cA Tu Lado, Solo\u201d \u00e8 un brano pop latino profondo (85 BPM) guidato da una voce femminile, che cattura il dolore silenzioso della distanza emotiva all'interno di una relazione \u2014 dove l'amore resta, ma la connessione svanisce.<\/div><div class=\"fwpl-item el-rofgfr\"><div class=\"preview-wrap\"><button class=\"preview-btn\" type=\"button\">\u25b6 Listen to preview<\/button><audio class=\"preview-audio\" preload=\"none\" src=\"https:\/\/audiowo.com\/wp-content\/uploads\/2026\/04\/A-Tu-Lado-Solo-preview.mp3\"><\/audio><\/div><\/div><\/div><div class=\"fwpl-col fwpl-col el-4bdzms\"><div class=\"fwpl-item el-9t4zzd\"><a href=\"https:\/\/audiowo.com\/it\/track\/a-tu-lado-solo\/\"><img loading=\"lazy\" decoding=\"async\" width=\"125\" height=\"125\" src=\"https:\/\/audiowo.com\/wp-content\/uploads\/2026\/04\/A-Tu-Lado-Solo-125.webp\" class=\"attachment-thumbnail size-thumbnail wp-post-image\" alt=\"A Tu Lado, Solo 125\" srcset=\"https:\/\/audiowo.com\/wp-content\/uploads\/2026\/04\/A-Tu-Lado-Solo-125.webp 125w, https:\/\/audiowo.com\/wp-content\/uploads\/2026\/04\/A-Tu-Lado-Solo-125-72x72.webp 72w, https:\/\/audiowo.com\/wp-content\/uploads\/2026\/04\/A-Tu-Lado-Solo-125-100x100.webp 100w\" sizes=\"(max-width: 125px) 100vw, 125px\" \/><\/a><\/div><div class=\"fwpl-item el-yahj8j\"><span class=\"fwpl-term fwpl-term-spagnolo fwpl-tax-language\">Spagnolo<\/span><\/div><div class=\"fwpl-item el-br4358\"><span class=\"fwpl-term fwpl-term-latino fwpl-tax-track-category\">Latino<\/span>, <span class=\"fwpl-term fwpl-term-pop fwpl-tax-track-category\">Pop<\/span><\/div><\/div><\/div><div class=\"fwpl-row el-c8l2u8\"><div class=\"fwpl-col fwpl-col el-t6jqwj\"><\/div><div class=\"fwpl-col fwpl-col el-a1joc\"><\/div><div class=\"fwpl-col fwpl-col el-7574kk\"><\/div><\/div><\/div><div class=\"fwpl-result r8\"><div class=\"fwpl-row el-i4rw4q\"><div class=\"fwpl-col fwpl-col el-qzouz6\"><div class=\"fwpl-item el-7hgxzc\">Limoncello Y Verano<\/div><div class=\"fwpl-item el-kg5n5p\">Un brano pop latino allegro e travolgente, carico di energia estiva: \u201cLimoncello Y Verano\u201d unisce ritmi vibranti e una radiosa voce femminile per catturare l'atmosfera delle calde notti, i richiami del mare e una spensierata storia d'amore. Fresco, giocoso e pieno di vita, \u00e8 un inno al sole, al gusto e a momenti indimenticabili. <\/div><div class=\"fwpl-item el-rofgfr\"><div class=\"preview-wrap\"><button class=\"preview-btn\" type=\"button\">\u25b6 Listen to preview<\/button><audio class=\"preview-audio\" preload=\"none\" src=\"https:\/\/audiowo.com\/wp-content\/uploads\/2026\/04\/Limoncello-Y-Verano-preview.mp3\"><\/audio><\/div><\/div><\/div><div class=\"fwpl-col fwpl-col el-4bdzms\"><div class=\"fwpl-item el-9t4zzd\"><a href=\"https:\/\/audiowo.com\/it\/track\/limoncello-y-verano\/\"><img loading=\"lazy\" decoding=\"async\" width=\"125\" height=\"125\" src=\"https:\/\/audiowo.com\/wp-content\/uploads\/2026\/04\/Limoncello-Y-Verano-125.webp\" class=\"attachment-thumbnail size-thumbnail wp-post-image\" alt=\"Limoncello Y Verano 125\" srcset=\"https:\/\/audiowo.com\/wp-content\/uploads\/2026\/04\/Limoncello-Y-Verano-125.webp 125w, https:\/\/audiowo.com\/wp-content\/uploads\/2026\/04\/Limoncello-Y-Verano-125-72x72.webp 72w, https:\/\/audiowo.com\/wp-content\/uploads\/2026\/04\/Limoncello-Y-Verano-125-100x100.webp 100w\" sizes=\"(max-width: 125px) 100vw, 125px\" \/><\/a><\/div><div class=\"fwpl-item el-yahj8j\"><span class=\"fwpl-term fwpl-term-spagnolo fwpl-tax-language\">Spagnolo<\/span><\/div><div class=\"fwpl-item el-br4358\"><span class=\"fwpl-term fwpl-term-house fwpl-tax-track-category\">House<\/span>, <span class=\"fwpl-term fwpl-term-latino fwpl-tax-track-category\">Latino<\/span>, <span class=\"fwpl-term fwpl-term-pop fwpl-tax-track-category\">Pop<\/span><\/div><\/div><\/div><div class=\"fwpl-row el-c8l2u8\"><div class=\"fwpl-col fwpl-col el-t6jqwj\"><\/div><div class=\"fwpl-col fwpl-col el-a1joc\"><\/div><div class=\"fwpl-col fwpl-col el-7574kk\"><\/div><\/div><\/div><div class=\"fwpl-result r9\"><div class=\"fwpl-row el-i4rw4q\"><div class=\"fwpl-col fwpl-col el-qzouz6\"><div class=\"fwpl-item el-7hgxzc\">Casi Algo M\u00e1s<\/div><div class=\"fwpl-item el-kg5n5p\">Un brano latin pop vivace, guidato da ritmi vibranti e un'espressiva voce femminile, che racconta la storia di un amore che non si concretizza mai del tutto. Accattivante, emozionante e motivante, \u201cCasi Algo M\u00e1s\u201d fonde un'energia tutta da ballare con testi in cui identificarsi che parlano della consapevolezza del proprio valore. <\/div><div class=\"fwpl-item el-rofgfr\"><div class=\"preview-wrap\"><button class=\"preview-btn\" type=\"button\">\u25b6 Listen to preview<\/button><audio class=\"preview-audio\" preload=\"none\" src=\"https:\/\/audiowo.com\/wp-content\/uploads\/2026\/04\/Casi-Algo-Mas-preview.mp3\"><\/audio><\/div><\/div><\/div><div class=\"fwpl-col fwpl-col el-4bdzms\"><div class=\"fwpl-item el-9t4zzd\"><a href=\"https:\/\/audiowo.com\/it\/track\/casi-algo-mas\/\"><img loading=\"lazy\" decoding=\"async\" width=\"125\" height=\"125\" src=\"https:\/\/audiowo.com\/wp-content\/uploads\/2026\/04\/Casi-Algo-Mas-125.webp\" class=\"attachment-thumbnail size-thumbnail wp-post-image\" alt=\"Casi Algo M\u00e1s 125\" srcset=\"https:\/\/audiowo.com\/wp-content\/uploads\/2026\/04\/Casi-Algo-Mas-125.webp 125w, https:\/\/audiowo.com\/wp-content\/uploads\/2026\/04\/Casi-Algo-Mas-125-72x72.webp 72w, https:\/\/audiowo.com\/wp-content\/uploads\/2026\/04\/Casi-Algo-Mas-125-100x100.webp 100w\" sizes=\"(max-width: 125px) 100vw, 125px\" \/><\/a><\/div><div class=\"fwpl-item el-yahj8j\"><span class=\"fwpl-term fwpl-term-spagnolo fwpl-tax-language\">Spagnolo<\/span><\/div><div class=\"fwpl-item el-br4358\"><span class=\"fwpl-term fwpl-term-latino fwpl-tax-track-category\">Latino<\/span>, <span class=\"fwpl-term fwpl-term-pop fwpl-tax-track-category\">Pop<\/span><\/div><\/div><\/div><div class=\"fwpl-row el-c8l2u8\"><div class=\"fwpl-col fwpl-col el-t6jqwj\"><\/div><div class=\"fwpl-col fwpl-col el-a1joc\"><\/div><div class=\"fwpl-col fwpl-col el-7574kk\"><\/div><\/div><\/div><div class=\"fwpl-result r10\"><div class=\"fwpl-row el-i4rw4q\"><div class=\"fwpl-col fwpl-col el-qzouz6\"><div class=\"fwpl-item el-7hgxzc\">Bilbao in autunno dorato<\/div><div class=\"fwpl-item el-kg5n5p\">Un brano latin pop fluido che fonde una voce femminile emozionante con un rap maschile rilassato, ambientato tra i toni dorati dell'autunno a Bilbao. Melodie calde e testi riflessivi creano una storia d'amore matura in evoluzione, avvolta in un'atmosfera calma e suggestiva. <\/div><div class=\"fwpl-item el-rofgfr\"><div class=\"preview-wrap\"><button class=\"preview-btn\" type=\"button\">\u25b6 Listen to preview<\/button><audio class=\"preview-audio\" preload=\"none\" src=\"https:\/\/audiowo.com\/wp-content\/uploads\/2026\/04\/Bilbao-en-Otono-Dorado-Preview-1.mp3\"><\/audio><\/div><\/div><\/div><div class=\"fwpl-col fwpl-col el-4bdzms\"><div class=\"fwpl-item el-9t4zzd\"><a href=\"https:\/\/audiowo.com\/it\/track\/bilbao-en-otono-dorado\/\"><img loading=\"lazy\" decoding=\"async\" width=\"150\" height=\"150\" src=\"https:\/\/audiowo.com\/wp-content\/uploads\/2026\/04\/Bilbao-en-Otono-Dorado-150x150.webp\" class=\"attachment-thumbnail size-thumbnail wp-post-image\" alt=\"Bilbao en Oto\u00f1o Dorado\" srcset=\"https:\/\/audiowo.com\/wp-content\/uploads\/2026\/04\/Bilbao-en-Otono-Dorado-150x150.webp 150w, https:\/\/audiowo.com\/wp-content\/uploads\/2026\/04\/Bilbao-en-Otono-Dorado-300x300.webp 300w, https:\/\/audiowo.com\/wp-content\/uploads\/2026\/04\/Bilbao-en-Otono-Dorado-768x768.webp 768w, https:\/\/audiowo.com\/wp-content\/uploads\/2026\/04\/Bilbao-en-Otono-Dorado-600x600.webp 600w, https:\/\/audiowo.com\/wp-content\/uploads\/2026\/04\/Bilbao-en-Otono-Dorado-100x100.webp 100w, https:\/\/audiowo.com\/wp-content\/uploads\/2026\/04\/Bilbao-en-Otono-Dorado.webp 1024w\" sizes=\"(max-width: 150px) 100vw, 150px\" \/><\/a><\/div><div class=\"fwpl-item el-yahj8j\"><span class=\"fwpl-term fwpl-term-spagnolo fwpl-tax-language\">Spagnolo<\/span><\/div><div class=\"fwpl-item el-br4358\"><span class=\"fwpl-term fwpl-term-latino fwpl-tax-track-category\">Latino<\/span>, <span class=\"fwpl-term fwpl-term-pop fwpl-tax-track-category\">Pop<\/span>, <span class=\"fwpl-term fwpl-term-rap fwpl-tax-track-category\">Rap<\/span><\/div><\/div><\/div><div class=\"fwpl-row el-c8l2u8\"><div class=\"fwpl-col fwpl-col el-t6jqwj\"><\/div><div class=\"fwpl-col fwpl-col el-a1joc\"><\/div><div class=\"fwpl-col fwpl-col el-7574kk\"><\/div><\/div><\/div><div class=\"fwpl-result r11\"><div class=\"fwpl-row el-i4rw4q\"><div class=\"fwpl-col fwpl-col el-qzouz6\"><div class=\"fwpl-item el-7hgxzc\">L'Estartit Y El Viento Suave<\/div><div class=\"fwpl-item el-kg5n5p\">Una calda traccia latin house con voce femminile sensuale, ispirata alla tranquillit\u00e0 del Mediterraneo. Ritmi delicati, melodie sognanti e un groove rilassato catturano la sensazione di un tramonto dorato a L'Estartit\u2014dove l'amore si muove lentamente e naturalmente. <\/div><div class=\"fwpl-item el-rofgfr\"><div class=\"preview-wrap\"><button class=\"preview-btn\" type=\"button\">\u25b6 Listen to preview<\/button><audio class=\"preview-audio\" preload=\"none\" src=\"https:\/\/audiowo.com\/wp-content\/uploads\/2026\/04\/LEstartit-Y-El-Viento-Suave-Preview.mp3\"><\/audio><\/div><\/div><\/div><div class=\"fwpl-col fwpl-col el-4bdzms\"><div class=\"fwpl-item el-9t4zzd\"><a href=\"https:\/\/audiowo.com\/it\/track\/lestartit-y-el-viento-suave\/\"><img loading=\"lazy\" decoding=\"async\" width=\"150\" height=\"150\" src=\"https:\/\/audiowo.com\/wp-content\/uploads\/2026\/04\/LEstartit-Y-El-Viento-Suave-150x150.webp\" class=\"attachment-thumbnail size-thumbnail wp-post-image\" alt=\"L&#039;Estartit Y El Viento Suave\" srcset=\"https:\/\/audiowo.com\/wp-content\/uploads\/2026\/04\/LEstartit-Y-El-Viento-Suave-150x150.webp 150w, https:\/\/audiowo.com\/wp-content\/uploads\/2026\/04\/LEstartit-Y-El-Viento-Suave-300x300.webp 300w, https:\/\/audiowo.com\/wp-content\/uploads\/2026\/04\/LEstartit-Y-El-Viento-Suave-768x768.webp 768w, https:\/\/audiowo.com\/wp-content\/uploads\/2026\/04\/LEstartit-Y-El-Viento-Suave-600x600.webp 600w, https:\/\/audiowo.com\/wp-content\/uploads\/2026\/04\/LEstartit-Y-El-Viento-Suave-100x100.webp 100w, https:\/\/audiowo.com\/wp-content\/uploads\/2026\/04\/LEstartit-Y-El-Viento-Suave.webp 1024w\" sizes=\"(max-width: 150px) 100vw, 150px\" \/><\/a><\/div><div class=\"fwpl-item el-yahj8j\"><span class=\"fwpl-term fwpl-term-spagnolo fwpl-tax-language\">Spagnolo<\/span><\/div><div class=\"fwpl-item el-br4358\"><span class=\"fwpl-term fwpl-term-house fwpl-tax-track-category\">House<\/span>, <span class=\"fwpl-term fwpl-term-latino fwpl-tax-track-category\">Latino<\/span><\/div><\/div><\/div><div class=\"fwpl-row el-c8l2u8\"><div class=\"fwpl-col fwpl-col el-t6jqwj\"><\/div><div class=\"fwpl-col fwpl-col el-a1joc\"><\/div><div class=\"fwpl-col fwpl-col el-7574kk\"><\/div><\/div><\/div><div class=\"fwpl-result r12\"><div class=\"fwpl-row el-i4rw4q\"><div class=\"fwpl-col fwpl-col el-qzouz6\"><div class=\"fwpl-item el-7hgxzc\">Tossa De Mar En Agosto<\/div><div class=\"fwpl-item el-kg5n5p\">Un brano Latin House caldo e d'atmosfera che cattura la magia delle notti estive a Tossa de Mar. Con una voce femminile suadente e ritmi profondi, fonde emozione, libert\u00e0 e vibrazioni mediterranee in un suono indimenticabile. <\/div><div class=\"fwpl-item el-rofgfr\"><div class=\"preview-wrap\"><button class=\"preview-btn\" type=\"button\">\u25b6 Listen to preview<\/button><audio class=\"preview-audio\" preload=\"none\" src=\"https:\/\/audiowo.com\/wp-content\/uploads\/2026\/04\/Tossa-De-Mar-En-Agosto-Preview.mp3\"><\/audio><\/div><\/div><\/div><div class=\"fwpl-col fwpl-col el-4bdzms\"><div class=\"fwpl-item el-9t4zzd\"><a href=\"https:\/\/audiowo.com\/it\/track\/tossa-de-mar-en-agosto\/\"><img loading=\"lazy\" decoding=\"async\" width=\"150\" height=\"150\" src=\"https:\/\/audiowo.com\/wp-content\/uploads\/2026\/04\/Tossa-de-Mar-En-Agosto-150x150.webp\" class=\"attachment-thumbnail size-thumbnail wp-post-image\" alt=\"Tossa de Mar En Agosto\" srcset=\"https:\/\/audiowo.com\/wp-content\/uploads\/2026\/04\/Tossa-de-Mar-En-Agosto-150x150.webp 150w, https:\/\/audiowo.com\/wp-content\/uploads\/2026\/04\/Tossa-de-Mar-En-Agosto-300x300.webp 300w, https:\/\/audiowo.com\/wp-content\/uploads\/2026\/04\/Tossa-de-Mar-En-Agosto-768x768.webp 768w, https:\/\/audiowo.com\/wp-content\/uploads\/2026\/04\/Tossa-de-Mar-En-Agosto-600x600.webp 600w, https:\/\/audiowo.com\/wp-content\/uploads\/2026\/04\/Tossa-de-Mar-En-Agosto-100x100.webp 100w, https:\/\/audiowo.com\/wp-content\/uploads\/2026\/04\/Tossa-de-Mar-En-Agosto.webp 1024w\" sizes=\"(max-width: 150px) 100vw, 150px\" \/><\/a><\/div><div class=\"fwpl-item el-yahj8j\"><span class=\"fwpl-term fwpl-term-spagnolo fwpl-tax-language\">Spagnolo<\/span><\/div><div class=\"fwpl-item el-br4358\"><span class=\"fwpl-term fwpl-term-house fwpl-tax-track-category\">House<\/span>, <span class=\"fwpl-term fwpl-term-latino fwpl-tax-track-category\">Latino<\/span><\/div><\/div><\/div><div class=\"fwpl-row el-c8l2u8\"><div class=\"fwpl-col fwpl-col el-t6jqwj\"><\/div><div class=\"fwpl-col fwpl-col el-a1joc\"><\/div><div class=\"fwpl-col fwpl-col el-7574kk\"><\/div><\/div><\/div><div class=\"fwpl-result r13\"><div class=\"fwpl-row el-i4rw4q\"><div class=\"fwpl-col fwpl-col el-qzouz6\"><div class=\"fwpl-item el-7hgxzc\">Victory Lap<\/div><div class=\"fwpl-item el-kg5n5p\">Uno strumentale brillante e coinvolgente che fonde il fascino dell'indie folk con l'energia del pop moderno. Brano corporate guidato da banjo, chitarra acustica e un groove caldo, che crea un'atmosfera dinamica e positiva con un tocco nostalgico. <\/div><div class=\"fwpl-item el-rofgfr\"><div class=\"preview-wrap\"><button class=\"preview-btn\" type=\"button\">\u25b6 Listen to preview<\/button><audio class=\"preview-audio\" preload=\"none\" src=\"https:\/\/audiowo.com\/wp-content\/uploads\/2026\/04\/Victory-Lap-Preview.mp3\"><\/audio><\/div><\/div><\/div><div class=\"fwpl-col fwpl-col el-4bdzms\"><div class=\"fwpl-item el-9t4zzd\"><a href=\"https:\/\/audiowo.com\/it\/track\/victory-lap\/\"><img loading=\"lazy\" decoding=\"async\" width=\"150\" height=\"150\" src=\"https:\/\/audiowo.com\/wp-content\/uploads\/2026\/04\/Victory-Lap-150x150.webp\" class=\"attachment-thumbnail size-thumbnail wp-post-image\" alt=\"Victory Lap\" srcset=\"https:\/\/audiowo.com\/wp-content\/uploads\/2026\/04\/Victory-Lap-150x150.webp 150w, https:\/\/audiowo.com\/wp-content\/uploads\/2026\/04\/Victory-Lap-300x300.webp 300w, https:\/\/audiowo.com\/wp-content\/uploads\/2026\/04\/Victory-Lap-768x768.webp 768w, https:\/\/audiowo.com\/wp-content\/uploads\/2026\/04\/Victory-Lap-600x600.webp 600w, https:\/\/audiowo.com\/wp-content\/uploads\/2026\/04\/Victory-Lap-100x100.webp 100w, https:\/\/audiowo.com\/wp-content\/uploads\/2026\/04\/Victory-Lap.webp 1024w\" sizes=\"(max-width: 150px) 100vw, 150px\" \/><\/a><\/div><div class=\"fwpl-item el-yahj8j\"><span class=\"fwpl-term fwpl-term-strumentale fwpl-tax-language\">Strumentale<\/span><\/div><div class=\"fwpl-item el-br4358\"><span class=\"fwpl-term fwpl-term-corporate fwpl-tax-track-category\">Corporate<\/span><\/div><\/div><\/div><div class=\"fwpl-row el-c8l2u8\"><div class=\"fwpl-col fwpl-col el-t6jqwj\"><\/div><div class=\"fwpl-col fwpl-col el-a1joc\"><\/div><div class=\"fwpl-col fwpl-col el-7574kk\"><\/div><\/div><\/div><div class=\"fwpl-result r14\"><div class=\"fwpl-row el-i4rw4q\"><div class=\"fwpl-col fwpl-col el-qzouz6\"><div class=\"fwpl-item el-7hgxzc\">Velvet Nights<\/div><div class=\"fwpl-item el-kg5n5p\">Un brano strumentale morbido e seducente che fonde vibrazioni Latin lounge con moderni groove house. \u201cVelvet Nights\u201d regala un'atmosfera calda e ritmata guidata da pianoforte, percussioni e bassi profondi, perfetta per i mood della tarda serata. <\/div><div class=\"fwpl-item el-rofgfr\"><div class=\"preview-wrap\"><button class=\"preview-btn\" type=\"button\">\u25b6 Listen to preview<\/button><audio class=\"preview-audio\" preload=\"none\" src=\"https:\/\/audiowo.com\/wp-content\/uploads\/2026\/04\/Velvet-Nights-Preview.mp3\"><\/audio><\/div><\/div><\/div><div class=\"fwpl-col fwpl-col el-4bdzms\"><div class=\"fwpl-item el-9t4zzd\"><a href=\"https:\/\/audiowo.com\/it\/track\/velvet-nights\/\"><img loading=\"lazy\" decoding=\"async\" width=\"150\" height=\"150\" src=\"https:\/\/audiowo.com\/wp-content\/uploads\/2026\/04\/Velvet-nights-150x150.webp\" class=\"attachment-thumbnail size-thumbnail wp-post-image\" alt=\"Velvet nights\" srcset=\"https:\/\/audiowo.com\/wp-content\/uploads\/2026\/04\/Velvet-nights-150x150.webp 150w, https:\/\/audiowo.com\/wp-content\/uploads\/2026\/04\/Velvet-nights-300x300.webp 300w, https:\/\/audiowo.com\/wp-content\/uploads\/2026\/04\/Velvet-nights-768x768.webp 768w, https:\/\/audiowo.com\/wp-content\/uploads\/2026\/04\/Velvet-nights-600x600.webp 600w, https:\/\/audiowo.com\/wp-content\/uploads\/2026\/04\/Velvet-nights-100x100.webp 100w, https:\/\/audiowo.com\/wp-content\/uploads\/2026\/04\/Velvet-nights.webp 1024w\" sizes=\"(max-width: 150px) 100vw, 150px\" \/><\/a><\/div><div class=\"fwpl-item el-yahj8j\"><span class=\"fwpl-term fwpl-term-strumentale fwpl-tax-language\">Strumentale<\/span><\/div><div class=\"fwpl-item el-br4358\"><span class=\"fwpl-term fwpl-term-house fwpl-tax-track-category\">House<\/span>, <span class=\"fwpl-term fwpl-term-latino fwpl-tax-track-category\">Latino<\/span><\/div><\/div><\/div><div class=\"fwpl-row el-c8l2u8\"><div class=\"fwpl-col fwpl-col el-t6jqwj\"><\/div><div class=\"fwpl-col fwpl-col el-a1joc\"><\/div><div class=\"fwpl-col fwpl-col el-7574kk\"><\/div><\/div><\/div><div class=\"fwpl-result r15\"><div class=\"fwpl-row el-i4rw4q\"><div class=\"fwpl-col fwpl-col el-qzouz6\"><div class=\"fwpl-item el-7hgxzc\">Leggero Ma Reale<\/div><div class=\"fwpl-item el-kg5n5p\">Un brano latino incoraggiante e sincero sull'amore senza pressioni o drammi. \u201cLeggero Ma Reale\u201d celebra una connessione calma e onesta in cui i sentimenti sono semplici, genuini e profondamente significativi. <\/div><div class=\"fwpl-item el-rofgfr\"><div class=\"preview-wrap\"><button class=\"preview-btn\" type=\"button\">\u25b6 Listen to preview<\/button><audio class=\"preview-audio\" preload=\"none\" src=\"https:\/\/audiowo.com\/wp-content\/uploads\/2026\/04\/Ligero-Pero-Real-preview.mp3\"><\/audio><\/div><\/div><\/div><div class=\"fwpl-col fwpl-col el-4bdzms\"><div class=\"fwpl-item el-9t4zzd\"><a href=\"https:\/\/audiowo.com\/it\/track\/ligero-pero-real\/\"><img loading=\"lazy\" decoding=\"async\" width=\"150\" height=\"150\" src=\"https:\/\/audiowo.com\/wp-content\/uploads\/2026\/04\/Ligero-pero-real_-at-sunset-150x150.webp\" class=\"attachment-thumbnail size-thumbnail wp-post-image\" alt=\"Ligero pero real_ al tramonto\" srcset=\"https:\/\/audiowo.com\/wp-content\/uploads\/2026\/04\/Ligero-pero-real_-at-sunset-150x150.webp 150w, https:\/\/audiowo.com\/wp-content\/uploads\/2026\/04\/Ligero-pero-real_-at-sunset-300x300.webp 300w, https:\/\/audiowo.com\/wp-content\/uploads\/2026\/04\/Ligero-pero-real_-at-sunset-768x768.webp 768w, https:\/\/audiowo.com\/wp-content\/uploads\/2026\/04\/Ligero-pero-real_-at-sunset-600x600.webp 600w, https:\/\/audiowo.com\/wp-content\/uploads\/2026\/04\/Ligero-pero-real_-at-sunset-100x100.webp 100w, https:\/\/audiowo.com\/wp-content\/uploads\/2026\/04\/Ligero-pero-real_-at-sunset.webp 1024w\" sizes=\"(max-width: 150px) 100vw, 150px\" \/><\/a><\/div><div class=\"fwpl-item el-yahj8j\"><span class=\"fwpl-term fwpl-term-spagnolo fwpl-tax-language\">Spagnolo<\/span><\/div><div class=\"fwpl-item el-br4358\"><span class=\"fwpl-term fwpl-term-latino fwpl-tax-track-category\">Latino<\/span>, <span class=\"fwpl-term fwpl-term-pop fwpl-tax-track-category\">Pop<\/span><\/div><\/div><\/div><div class=\"fwpl-row el-c8l2u8\"><div class=\"fwpl-col fwpl-col el-t6jqwj\"><\/div><div class=\"fwpl-col fwpl-col el-a1joc\"><\/div><div class=\"fwpl-col fwpl-col el-7574kk\"><\/div><\/div><\/div><div class=\"fwpl-result r16\"><div class=\"fwpl-row el-i4rw4q\"><div class=\"fwpl-col fwpl-col el-qzouz6\"><div class=\"fwpl-item el-7hgxzc\">Mojito y Sol<\/div><div class=\"fwpl-item el-kg5n5p\">Una traccia latina brillante ed energizzante che celebra l'estate, la libert\u00e0 e i momenti spensierati in riva al mare. \"Mojito y Sol\" fonde vibrazioni tropicali con energia gioiosa, catturando la sensazione di vivere pienamente il momento. <\/div><div class=\"fwpl-item el-rofgfr\"><div class=\"preview-wrap\"><button class=\"preview-btn\" type=\"button\">\u25b6 Listen to preview<\/button><audio class=\"preview-audio\" preload=\"none\" src=\"https:\/\/audiowo.com\/wp-content\/uploads\/2026\/04\/Mojito-y-Sol-preview.mp3\"><\/audio><\/div><\/div><\/div><div class=\"fwpl-col fwpl-col el-4bdzms\"><div class=\"fwpl-item el-9t4zzd\"><a href=\"https:\/\/audiowo.com\/it\/track\/mojito-y-sol\/\"><img loading=\"lazy\" decoding=\"async\" width=\"150\" height=\"150\" src=\"https:\/\/audiowo.com\/wp-content\/uploads\/2026\/04\/Mojito-y-Sol-150x150.webp\" class=\"attachment-thumbnail size-thumbnail wp-post-image\" alt=\"Mojito y Sol\" srcset=\"https:\/\/audiowo.com\/wp-content\/uploads\/2026\/04\/Mojito-y-Sol-150x150.webp 150w, https:\/\/audiowo.com\/wp-content\/uploads\/2026\/04\/Mojito-y-Sol-300x300.webp 300w, https:\/\/audiowo.com\/wp-content\/uploads\/2026\/04\/Mojito-y-Sol-768x768.webp 768w, https:\/\/audiowo.com\/wp-content\/uploads\/2026\/04\/Mojito-y-Sol-600x600.webp 600w, https:\/\/audiowo.com\/wp-content\/uploads\/2026\/04\/Mojito-y-Sol-100x100.webp 100w, https:\/\/audiowo.com\/wp-content\/uploads\/2026\/04\/Mojito-y-Sol.webp 1024w\" sizes=\"(max-width: 150px) 100vw, 150px\" \/><\/a><\/div><div class=\"fwpl-item el-yahj8j\"><span class=\"fwpl-term fwpl-term-spagnolo fwpl-tax-language\">Spagnolo<\/span><\/div><div class=\"fwpl-item el-br4358\"><span class=\"fwpl-term fwpl-term-latino fwpl-tax-track-category\">Latino<\/span>, <span class=\"fwpl-term fwpl-term-pop fwpl-tax-track-category\">Pop<\/span><\/div><\/div><\/div><div class=\"fwpl-row el-c8l2u8\"><div class=\"fwpl-col fwpl-col el-t6jqwj\"><\/div><div class=\"fwpl-col fwpl-col el-a1joc\"><\/div><div class=\"fwpl-col fwpl-col el-7574kk\"><\/div><\/div><\/div><div class=\"fwpl-result r17\"><div class=\"fwpl-row el-i4rw4q\"><div class=\"fwpl-col fwpl-col el-qzouz6\"><div class=\"fwpl-item el-7hgxzc\">Demasiado Orgullo<\/div><div class=\"fwpl-item el-kg5n5p\">Un potente duetto che fonde voci melodiche e rap, \u201cDemasiado Orgullo\u201d esplora come l'orgoglio possa distruggere silenziosamente l'amore. Con emozioni crude e una narrazione onesta, il brano cattura la tensione tra ego e vulnerabilit\u00e0 nelle relazioni moderne. <\/div><div class=\"fwpl-item el-rofgfr\"><div class=\"preview-wrap\"><button class=\"preview-btn\" type=\"button\">\u25b6 Listen to preview<\/button><audio class=\"preview-audio\" preload=\"none\" src=\"https:\/\/audiowo.com\/wp-content\/uploads\/2026\/04\/Demasiado-Orgullo-Preview.mp3\"><\/audio><\/div><\/div><\/div><div class=\"fwpl-col fwpl-col el-4bdzms\"><div class=\"fwpl-item el-9t4zzd\"><a href=\"https:\/\/audiowo.com\/it\/track\/demasiado-orgullo\/\"><img loading=\"lazy\" decoding=\"async\" width=\"150\" height=\"150\" src=\"https:\/\/audiowo.com\/wp-content\/uploads\/2026\/04\/Demasiado-Orgullo-150x150.webp\" class=\"attachment-thumbnail size-thumbnail wp-post-image\" alt=\"Demasiado Orgullo\" srcset=\"https:\/\/audiowo.com\/wp-content\/uploads\/2026\/04\/Demasiado-Orgullo-150x150.webp 150w, https:\/\/audiowo.com\/wp-content\/uploads\/2026\/04\/Demasiado-Orgullo-300x300.webp 300w, https:\/\/audiowo.com\/wp-content\/uploads\/2026\/04\/Demasiado-Orgullo-768x768.webp 768w, https:\/\/audiowo.com\/wp-content\/uploads\/2026\/04\/Demasiado-Orgullo-600x600.webp 600w, https:\/\/audiowo.com\/wp-content\/uploads\/2026\/04\/Demasiado-Orgullo-100x100.webp 100w, https:\/\/audiowo.com\/wp-content\/uploads\/2026\/04\/Demasiado-Orgullo.webp 1024w\" sizes=\"(max-width: 150px) 100vw, 150px\" \/><\/a><\/div><div class=\"fwpl-item el-yahj8j\"><span class=\"fwpl-term fwpl-term-spagnolo fwpl-tax-language\">Spagnolo<\/span><\/div><div class=\"fwpl-item el-br4358\"><span class=\"fwpl-term fwpl-term-latino fwpl-tax-track-category\">Latino<\/span>, <span class=\"fwpl-term fwpl-term-pop fwpl-tax-track-category\">Pop<\/span>, <span class=\"fwpl-term fwpl-term-rap fwpl-tax-track-category\">Rap<\/span><\/div><\/div><\/div><div class=\"fwpl-row el-c8l2u8\"><div class=\"fwpl-col fwpl-col el-t6jqwj\"><\/div><div class=\"fwpl-col fwpl-col el-a1joc\"><\/div><div class=\"fwpl-col fwpl-col el-7574kk\"><\/div><\/div><\/div><div class=\"fwpl-result r18\"><div class=\"fwpl-row el-i4rw4q\"><div class=\"fwpl-col fwpl-col el-qzouz6\"><div class=\"fwpl-item el-7hgxzc\">Sotto l'acquedotto di Segovia<\/div><div class=\"fwpl-item el-kg5n5p\">Un brano intramontabile e romantico ispirato all'antico acquedotto di Segovia, dove amore, storia e quiete si fondono. Racconta una storia di legame che appare duraturo, fragile e potente allo stesso tempo. <\/div><div class=\"fwpl-item el-rofgfr\"><div class=\"preview-wrap\"><button class=\"preview-btn\" type=\"button\">\u25b6 Listen to preview<\/button><audio class=\"preview-audio\" preload=\"none\" src=\"https:\/\/audiowo.com\/wp-content\/uploads\/2026\/04\/4-Bajo-el-acueducto-de-Segovia-Preview.mp3\"><\/audio><\/div><\/div><\/div><div class=\"fwpl-col fwpl-col el-4bdzms\"><div class=\"fwpl-item el-9t4zzd\"><a href=\"https:\/\/audiowo.com\/it\/track\/sotto-lacquedotto-di-segovia\/\"><img loading=\"lazy\" decoding=\"async\" width=\"150\" height=\"150\" src=\"https:\/\/audiowo.com\/wp-content\/uploads\/2026\/04\/Bajo-el-acueducto-de-Segovia-150x150.webp\" class=\"attachment-thumbnail size-thumbnail wp-post-image\" alt=\"Bajo el acueducto de Segovia\" srcset=\"https:\/\/audiowo.com\/wp-content\/uploads\/2026\/04\/Bajo-el-acueducto-de-Segovia-150x150.webp 150w, https:\/\/audiowo.com\/wp-content\/uploads\/2026\/04\/Bajo-el-acueducto-de-Segovia-300x300.webp 300w, https:\/\/audiowo.com\/wp-content\/uploads\/2026\/04\/Bajo-el-acueducto-de-Segovia-768x768.webp 768w, https:\/\/audiowo.com\/wp-content\/uploads\/2026\/04\/Bajo-el-acueducto-de-Segovia-600x600.webp 600w, https:\/\/audiowo.com\/wp-content\/uploads\/2026\/04\/Bajo-el-acueducto-de-Segovia-100x100.webp 100w, https:\/\/audiowo.com\/wp-content\/uploads\/2026\/04\/Bajo-el-acueducto-de-Segovia.webp 1024w\" sizes=\"(max-width: 150px) 100vw, 150px\" \/><\/a><\/div><div class=\"fwpl-item el-yahj8j is-empty\"><\/div><div class=\"fwpl-item el-br4358 is-empty\"><\/div><\/div><\/div><div class=\"fwpl-row el-c8l2u8\"><div class=\"fwpl-col fwpl-col el-t6jqwj\"><\/div><div class=\"fwpl-col fwpl-col el-a1joc\"><\/div><div class=\"fwpl-col fwpl-col el-7574kk\"><\/div><\/div><\/div><div class=\"fwpl-result r19\"><div class=\"fwpl-row el-i4rw4q\"><div class=\"fwpl-col fwpl-col el-qzouz6\"><div class=\"fwpl-item el-7hgxzc\">Distinto Ritmo<\/div><div class=\"fwpl-item el-kg5n5p\">Distinto Ritmo, un brano sincero e introspettivo sull'amore che cresce a velocit\u00e0 diverse. Fondendo emozione e onest\u00e0, esplora la tensione tra connessione e guarigione personale, catturando la bellezza delle relazioni che si evolvono secondo il proprio ritmo. <\/div><div class=\"fwpl-item el-rofgfr\"><div class=\"preview-wrap\"><button class=\"preview-btn\" type=\"button\">\u25b6 Listen to preview<\/button><audio class=\"preview-audio\" preload=\"none\" src=\"https:\/\/audiowo.com\/wp-content\/uploads\/2026\/04\/3-Distinto-Ritmo-Preview.mp3\"><\/audio><\/div><\/div><\/div><div class=\"fwpl-col fwpl-col el-4bdzms\"><div class=\"fwpl-item el-9t4zzd\"><a href=\"https:\/\/audiowo.com\/it\/track\/distinto-ritmo\/\"><img loading=\"lazy\" decoding=\"async\" width=\"150\" height=\"150\" src=\"https:\/\/audiowo.com\/wp-content\/uploads\/2026\/04\/Distinto-Ritmo-150x150.webp\" class=\"attachment-thumbnail size-thumbnail wp-post-image\" alt=\"Distinto Ritmo\" srcset=\"https:\/\/audiowo.com\/wp-content\/uploads\/2026\/04\/Distinto-Ritmo-150x150.webp 150w, https:\/\/audiowo.com\/wp-content\/uploads\/2026\/04\/Distinto-Ritmo-300x300.webp 300w, https:\/\/audiowo.com\/wp-content\/uploads\/2026\/04\/Distinto-Ritmo-768x768.webp 768w, https:\/\/audiowo.com\/wp-content\/uploads\/2026\/04\/Distinto-Ritmo-600x600.webp 600w, https:\/\/audiowo.com\/wp-content\/uploads\/2026\/04\/Distinto-Ritmo-100x100.webp 100w, https:\/\/audiowo.com\/wp-content\/uploads\/2026\/04\/Distinto-Ritmo.webp 1024w\" sizes=\"(max-width: 150px) 100vw, 150px\" \/><\/a><\/div><div class=\"fwpl-item el-yahj8j is-empty\"><\/div><div class=\"fwpl-item el-br4358 is-empty\"><\/div><\/div><\/div><div class=\"fwpl-row el-c8l2u8\"><div class=\"fwpl-col fwpl-col el-t6jqwj\"><\/div><div class=\"fwpl-col fwpl-col el-a1joc\"><\/div><div class=\"fwpl-col fwpl-col el-7574kk\"><\/div><\/div><\/div><div class=\"fwpl-result r20\"><div class=\"fwpl-row el-i4rw4q\"><div class=\"fwpl-col fwpl-col el-qzouz6\"><div class=\"fwpl-item el-7hgxzc\">Compras En Gran V\u00eda<\/div><div class=\"fwpl-item el-kg5n5p\">Un inno estivo vibrante ambientato nella Gran V\u00eda di Madrid, che celebra la libert\u00e0, l'espressione di s\u00e9 e la gioia dello shopping come forma di empowerment. Con le calde luci della citt\u00e0, moda audace e un atteggiamento sicuro, la traccia cattura l'energia di una notte in cui lo stile diventa identit\u00e0. <\/div><div class=\"fwpl-item el-rofgfr\"><div class=\"preview-wrap\"><button class=\"preview-btn\" type=\"button\">\u25b6 Listen to preview<\/button><audio class=\"preview-audio\" preload=\"none\" src=\"https:\/\/audiowo.com\/wp-content\/uploads\/2026\/04\/2-Compras-En-Gran-Via-Preview.mp3\"><\/audio><\/div><\/div><\/div><div class=\"fwpl-col fwpl-col el-4bdzms\"><div class=\"fwpl-item el-9t4zzd\"><a href=\"https:\/\/audiowo.com\/it\/track\/compras-en-gran-via\/\"><img loading=\"lazy\" decoding=\"async\" width=\"150\" height=\"150\" src=\"https:\/\/audiowo.com\/wp-content\/uploads\/2026\/04\/Compras-En-Gran-Via-150x150.webp\" class=\"attachment-thumbnail size-thumbnail wp-post-image\" alt=\"Compras En Gran V\u00eda\" srcset=\"https:\/\/audiowo.com\/wp-content\/uploads\/2026\/04\/Compras-En-Gran-Via-150x150.webp 150w, https:\/\/audiowo.com\/wp-content\/uploads\/2026\/04\/Compras-En-Gran-Via-300x300.webp 300w, https:\/\/audiowo.com\/wp-content\/uploads\/2026\/04\/Compras-En-Gran-Via-768x768.webp 768w, https:\/\/audiowo.com\/wp-content\/uploads\/2026\/04\/Compras-En-Gran-Via-600x600.webp 600w, https:\/\/audiowo.com\/wp-content\/uploads\/2026\/04\/Compras-En-Gran-Via-100x100.webp 100w, https:\/\/audiowo.com\/wp-content\/uploads\/2026\/04\/Compras-En-Gran-Via.webp 1024w\" sizes=\"(max-width: 150px) 100vw, 150px\" \/><\/a><\/div><div class=\"fwpl-item el-yahj8j is-empty\"><\/div><div class=\"fwpl-item el-br4358 is-empty\"><\/div><\/div><\/div><div class=\"fwpl-row el-c8l2u8\"><div class=\"fwpl-col fwpl-col el-t6jqwj\"><\/div><div class=\"fwpl-col fwpl-col el-a1joc\"><\/div><div class=\"fwpl-col fwpl-col el-7574kk\"><\/div><\/div><\/div><\/div>\n<style>\n.fwpl-layout, .fwpl-row {\n    display: grid;\n}\n.fwpl-layout.el-bjk9z {\n    grid-template-columns: repeat(1, 1fr);\n    grid-gap: 10px;\n}\n.fwpl-btn {\n    text-decoration: none;\n}\n.fwpl-row.el-i4rw4q {\n    grid-template-columns: 74.0% 1fr;\n}\n.fwpl-item.el-7hgxzc {\n    padding: 5px 0px 0px 20px;\n    text-align: left;\n    font-weight: bold;\n    font-size: 25px;\n    color: #5d6269;\n}\n.fwpl-item.el-kg5n5p {\n    padding: 10px 0px 10px 20px;\n    font-size: 13px;\n}\n.fwpl-item.el-rofgfr {\n    border-width: 1px 0px 0px 0px;\n    padding: 10px 0px 10px 20px;\n}\n.fwpl-col.el-4bdzms {\n    padding: 0px 20px;\n}\n.fwpl-item.el-9t4zzd {\n    padding: 40px 0px 0px 0px;\n}\n.fwpl-item.el-yahj8j {\n    padding: px 0px 0px 0px;\n    text-align: center;\n    font-weight: bold;\n    font-size: 12px;\n}\n.fwpl-item.el-br4358 {\n    padding: px 0px 0px 0px;\n    text-align: center;\n    font-weight: bold;\n    font-size: 12px;\n}\n.fwpl-row.el-c8l2u8 {\n    grid-template-columns: 36.4% 1fr 1fr;\n    border-style: solid;\n    border-color: #ededed;\n    border-width: 0px 0px 1px 0px;\n    padding: 0px 0px 0px 20px;\n}\n@media (max-width: 480px) { \n    body .facetwp-template .fwpl-layout,  \n    body .facetwp-template-static .fwpl-layout { grid-template-columns: 1fr; } \n} \n\n<\/style>\n<\/div><\/div>\n\t\t\t\t\t\t<\/div>\n\t\t\t\t<\/div>\n\t\t\t\t\t<\/div>\n\t\t\t\t<\/div>\n\t\t\t\t<\/div>\n\t\t","protected":false},"excerpt":{"rendered":"<p>Libreria musicale Ascolta la nostra musica di alta qualit\u00e0<\/p>\n","protected":false},"author":1,"featured_media":0,"parent":0,"menu_order":0,"comment_status":"closed","ping_status":"closed","template":"elementor_header_footer","meta":{"_acf_changed":false,"footnotes":""},"class_list":["post-7651","page","type-page","status-publish","hentry"],"acf":[],"_links":{"self":[{"href":"https:\/\/audiowo.com\/it\/wp-json\/wp\/v2\/pages\/7651","targetHints":{"allow":["GET"]}}],"collection":[{"href":"https:\/\/audiowo.com\/it\/wp-json\/wp\/v2\/pages"}],"about":[{"href":"https:\/\/audiowo.com\/it\/wp-json\/wp\/v2\/types\/page"}],"author":[{"embeddable":true,"href":"https:\/\/audiowo.com\/it\/wp-json\/wp\/v2\/users\/1"}],"replies":[{"embeddable":true,"href":"https:\/\/audiowo.com\/it\/wp-json\/wp\/v2\/comments?post=7651"}],"version-history":[{"count":0,"href":"https:\/\/audiowo.com\/it\/wp-json\/wp\/v2\/pages\/7651\/revisions"}],"wp:attachment":[{"href":"https:\/\/audiowo.com\/it\/wp-json\/wp\/v2\/media?parent=7651"}],"curies":[{"name":"wp","href":"https:\/\/api.w.org\/{rel}","templated":true}]}}