{"id":7612,"date":"2026-03-26T14:32:02","date_gmt":"2026-03-26T13:32:02","guid":{"rendered":"https:\/\/audiowo.com\/muzika\/"},"modified":"2026-04-09T15:52:47","modified_gmt":"2026-04-09T13:52:47","slug":"muzika","status":"publish","type":"page","link":"https:\/\/audiowo.com\/lv\/muzika\/","title":{"rendered":"M\u016bzika"},"content":{"rendered":"\t\t<div data-elementor-type=\"wp-page\" data-elementor-id=\"7612\" class=\"elementor elementor-7612 elementor-393\" data-elementor-post-type=\"page\">\n\t\t\t\t<div class=\"elementor-element elementor-element-8ce723b e-flex e-con-boxed e-con e-parent\" data-id=\"8ce723b\" data-element_type=\"container\" data-e-type=\"container\">\n\t\t\t\t\t<div class=\"e-con-inner\">\n\t\t\t\t<div class=\"elementor-element elementor-element-df01399 elementor-widget elementor-widget-heading\" data-id=\"df01399\" data-element_type=\"widget\" data-e-type=\"widget\" data-widget_type=\"heading.default\">\n\t\t\t\t\t<h1 class=\"elementor-heading-title elementor-size-default\">M\u016bzikas bibliot\u0113ka<\/h1>\t\t\t\t<\/div>\n\t\t\t\t\t<\/div>\n\t\t\t\t<\/div>\n\t\t<div class=\"elementor-element elementor-element-695b4cd e-flex e-con-boxed e-con e-parent\" data-id=\"695b4cd\" data-element_type=\"container\" data-e-type=\"container\">\n\t\t\t\t\t<div class=\"e-con-inner\">\n\t\t\t\t<div class=\"elementor-element elementor-element-0558f3a elementor-widget elementor-widget-heading\" data-id=\"0558f3a\" data-element_type=\"widget\" data-e-type=\"widget\" data-widget_type=\"heading.default\">\n\t\t\t\t\t<h2 class=\"elementor-heading-title elementor-size-default\">Klausieties m\u016bsu augstas kvalit\u0101tes m\u016bziku<\/h2>\t\t\t\t<\/div>\n\t\t\t\t\t<\/div>\n\t\t\t\t<\/div>\n\t\t<div class=\"elementor-element elementor-element-2d50f02 e-flex e-con-boxed e-con e-parent\" data-id=\"2d50f02\" data-element_type=\"container\" data-e-type=\"container\">\n\t\t\t\t\t<div class=\"e-con-inner\">\n\t\t<div class=\"elementor-element elementor-element-7cf4f72 e-con-full e-flex e-con e-child\" data-id=\"7cf4f72\" data-element_type=\"container\" data-e-type=\"container\" data-settings=\"{&quot;background_background&quot;:&quot;classic&quot;}\">\n\t\t\t\t<div class=\"elementor-element elementor-element-82cf385 elementor-widget elementor-widget-shortcode\" data-id=\"82cf385\" data-element_type=\"widget\" data-e-type=\"widget\" data-widget_type=\"shortcode.default\">\n\t\t\t\t\t\t\t<div class=\"elementor-shortcode\"><div class=\"facetwp-facet facetwp-facet-search facetwp-type-search\" data-name=\"search\" data-type=\"search\"><\/div><\/div>\n\t\t\t\t\t\t<\/div>\n\t\t\t\t<div class=\"elementor-element elementor-element-31c7193 elementor-widget elementor-widget-shortcode\" data-id=\"31c7193\" data-element_type=\"widget\" data-e-type=\"widget\" data-widget_type=\"shortcode.default\">\n\t\t\t\t\t\t\t<div class=\"elementor-shortcode\"><div class=\"facetwp-facet facetwp-facet-category_music facetwp-type-checkboxes\" data-name=\"category_music\" data-type=\"checkboxes\"><\/div><\/div>\n\t\t\t\t\t\t<\/div>\n\t\t\t\t<div class=\"elementor-element elementor-element-7b289ec elementor-widget elementor-widget-shortcode\" data-id=\"7b289ec\" data-element_type=\"widget\" data-e-type=\"widget\" data-widget_type=\"shortcode.default\">\n\t\t\t\t\t\t\t<div class=\"elementor-shortcode\"><div class=\"facetwp-facet facetwp-facet-vocal_type facetwp-type-checkboxes\" data-name=\"vocal_type\" data-type=\"checkboxes\"><\/div><\/div>\n\t\t\t\t\t\t<\/div>\n\t\t\t\t<div class=\"elementor-element elementor-element-9af930e elementor-widget elementor-widget-shortcode\" data-id=\"9af930e\" data-element_type=\"widget\" data-e-type=\"widget\" data-widget_type=\"shortcode.default\">\n\t\t\t\t\t\t\t<div class=\"elementor-shortcode\"><div class=\"facetwp-facet facetwp-facet-languag facetwp-type-checkboxes\" data-name=\"languag\" data-type=\"checkboxes\"><\/div><\/div>\n\t\t\t\t\t\t<\/div>\n\t\t\t\t<\/div>\n\t\t<div class=\"elementor-element elementor-element-6a31cf7 e-con-full e-flex e-con e-child\" data-id=\"6a31cf7\" data-element_type=\"container\" data-e-type=\"container\">\n\t\t\t\t<div class=\"elementor-element elementor-element-be0934f elementor-widget elementor-widget-shortcode\" data-id=\"be0934f\" data-element_type=\"widget\" data-e-type=\"widget\" data-widget_type=\"shortcode.default\">\n\t\t\t\t\t\t\t<div class=\"elementor-shortcode\"><div class=\"facetwp-template\" data-name=\"music_tracks_preview\"><div class=\"fwpl-layout el-bjk9z\"><div class=\"fwpl-result r1\"><div class=\"fwpl-row el-i4rw4q\"><div class=\"fwpl-col fwpl-col el-qzouz6\"><div class=\"fwpl-item el-7hgxzc\">Lisboa<\/div><div class=\"fwpl-item el-kg5n5p\">\u201eLisboa\u201d ir dv\u0113selisks portug\u0101\u013cu popm\u016bzikas un viegl\u0101s m\u016bzikas duets (85 BPM), kur\u0101 v\u012brie\u0161u un sievie\u0161u vok\u0101li sapl\u016bst silt\u0101, emocion\u0101l\u0101 gaisotn\u0113, iedvesmojoties no m\u012blest\u012bbas, \u201esaudade\u201d un Lisabonas p\u0101rlaic\u012bg\u0101 skaistuma.<\/div><div class=\"fwpl-item el-rofgfr\"><div class=\"preview-wrap\"><button class=\"preview-btn\" type=\"button\">\u25b6 Listen to preview<\/button><audio class=\"preview-audio\" preload=\"none\" src=\"https:\/\/audiowo.com\/wp-content\/uploads\/2026\/04\/Lisboa-preview.mp3\"><\/audio><\/div><\/div><\/div><div class=\"fwpl-col fwpl-col el-4bdzms\"><div class=\"fwpl-item el-9t4zzd\"><a href=\"https:\/\/audiowo.com\/lv\/track\/lisboa\/\"><img decoding=\"async\" width=\"125\" height=\"125\" src=\"https:\/\/audiowo.com\/wp-content\/uploads\/2026\/04\/Lisboa-125.webp\" class=\"attachment-thumbnail size-thumbnail wp-post-image\" alt=\"Lisabona 125\" srcset=\"https:\/\/audiowo.com\/wp-content\/uploads\/2026\/04\/Lisboa-125.webp 125w, https:\/\/audiowo.com\/wp-content\/uploads\/2026\/04\/Lisboa-125-72x72.webp 72w, https:\/\/audiowo.com\/wp-content\/uploads\/2026\/04\/Lisboa-125-64x64.webp 64w, https:\/\/audiowo.com\/wp-content\/uploads\/2026\/04\/Lisboa-125-100x100.webp 100w\" sizes=\"(max-width: 125px) 100vw, 125px\" \/><\/a><\/div><div class=\"fwpl-item el-yahj8j\"><span class=\"fwpl-term fwpl-term-portugalu fwpl-tax-language\">Portug\u0101\u013cu<\/span><\/div><div class=\"fwpl-item el-br4358\"><span class=\"fwpl-term fwpl-term-pops fwpl-tax-track-category\">Pops<\/span>, <span class=\"fwpl-term fwpl-term-viegli-klausama fwpl-tax-track-category\">Viegli klaus\u0101m\u0101<\/span><\/div><\/div><\/div><div class=\"fwpl-row el-c8l2u8\"><div class=\"fwpl-col fwpl-col el-t6jqwj\"><\/div><div class=\"fwpl-col fwpl-col el-a1joc\"><\/div><div class=\"fwpl-col fwpl-col el-7574kk\"><\/div><\/div><\/div><div class=\"fwpl-result r2\"><div class=\"fwpl-row el-i4rw4q\"><div class=\"fwpl-col fwpl-col el-qzouz6\"><div class=\"fwpl-item el-7hgxzc\">Noches en Sitges<\/div><div class=\"fwpl-item el-kg5n5p\">Sensu\u0101ls un atmosf\u0113risks Latin House ska\u0146darbs, kas iem\u016b\u017eina Sid\u017eesas vasaras nak\u0161u burv\u012bbu. Ar maigu sievietes vok\u0101lu un dzi\u013ciem, ritmiskiem ritmiem tas apvieno romanci, br\u012bv\u012bbu un piekrastes naktsdz\u012bvi vien\u0101 aizraujo\u0161\u0101 pieredz\u0113. <\/div><div class=\"fwpl-item el-rofgfr\"><div class=\"preview-wrap\"><button class=\"preview-btn\" type=\"button\">\u25b6 Listen to preview<\/button><audio class=\"preview-audio\" preload=\"none\" src=\"https:\/\/audiowo.com\/wp-content\/uploads\/2026\/04\/Noches-en-Sitges-Preview.mp3\"><\/audio><\/div><\/div><\/div><div class=\"fwpl-col fwpl-col el-4bdzms\"><div class=\"fwpl-item el-9t4zzd\"><a href=\"https:\/\/audiowo.com\/lv\/track\/noches-en-sitges\/\"><img decoding=\"async\" width=\"125\" height=\"125\" src=\"https:\/\/audiowo.com\/wp-content\/uploads\/2026\/04\/Noches-en-Sitges-125.webp\" class=\"attachment-thumbnail size-thumbnail wp-post-image\" alt=\"Noches en Sitges 125\" srcset=\"https:\/\/audiowo.com\/wp-content\/uploads\/2026\/04\/Noches-en-Sitges-125.webp 125w, https:\/\/audiowo.com\/wp-content\/uploads\/2026\/04\/Noches-en-Sitges-125-72x72.webp 72w, https:\/\/audiowo.com\/wp-content\/uploads\/2026\/04\/Noches-en-Sitges-125-64x64.webp 64w, https:\/\/audiowo.com\/wp-content\/uploads\/2026\/04\/Noches-en-Sitges-125-100x100.webp 100w\" sizes=\"(max-width: 125px) 100vw, 125px\" \/><\/a><\/div><div class=\"fwpl-item el-yahj8j\"><span class=\"fwpl-term fwpl-term-spanu-valoda fwpl-tax-language\">Sp\u0101\u0146u valoda<\/span><\/div><div class=\"fwpl-item el-br4358\"><span class=\"fwpl-term fwpl-term-house fwpl-tax-track-category\">House<\/span>, <span class=\"fwpl-term fwpl-term-latinamerikas fwpl-tax-track-category\">Lat\u012b\u0146amerikas<\/span><\/div><\/div><\/div><div class=\"fwpl-row el-c8l2u8\"><div class=\"fwpl-col fwpl-col el-t6jqwj\"><\/div><div class=\"fwpl-col fwpl-col el-a1joc\"><\/div><div class=\"fwpl-col fwpl-col el-7574kk\"><\/div><\/div><\/div><div class=\"fwpl-result r3\"><div class=\"fwpl-row el-i4rw4q\"><div class=\"fwpl-col fwpl-col el-qzouz6\"><div class=\"fwpl-item el-7hgxzc\">Giardino Ninfa<\/div><div class=\"fwpl-item el-kg5n5p\">\u201cGiardino Ninfa\u201d ir romantisks it\u0101\u013cu popm\u016bzikas viegl\u0101s klaus\u012b\u0161an\u0101s duets (75 BPM), kas sap\u0146ain\u0101 atmosf\u0113r\u0101 apvieno v\u012brie\u0161u un sievie\u0161u vok\u0101lus, iedvesmojoties no m\u016b\u017e\u012bgiem d\u0101rziem, pl\u016bsto\u0161a \u016bdens un m\u016b\u017e\u012bgas m\u012blest\u012bbas.<\/div><div class=\"fwpl-item el-rofgfr\"><div class=\"preview-wrap\"><button class=\"preview-btn\" type=\"button\">\u25b6 Listen to preview<\/button><audio class=\"preview-audio\" preload=\"none\" src=\"https:\/\/audiowo.com\/wp-content\/uploads\/2026\/04\/Giardino-Ninfa-preview.mp3\"><\/audio><\/div><\/div><\/div><div class=\"fwpl-col fwpl-col el-4bdzms\"><div class=\"fwpl-item el-9t4zzd\"><a href=\"https:\/\/audiowo.com\/lv\/track\/giardino-ninfa\/\"><img decoding=\"async\" width=\"125\" height=\"125\" src=\"https:\/\/audiowo.com\/wp-content\/uploads\/2026\/04\/Giardino-Ninfa-125.webp\" class=\"attachment-thumbnail size-thumbnail wp-post-image\" alt=\"Giardino Ninfa 125\" srcset=\"https:\/\/audiowo.com\/wp-content\/uploads\/2026\/04\/Giardino-Ninfa-125.webp 125w, https:\/\/audiowo.com\/wp-content\/uploads\/2026\/04\/Giardino-Ninfa-125-72x72.webp 72w, https:\/\/audiowo.com\/wp-content\/uploads\/2026\/04\/Giardino-Ninfa-125-64x64.webp 64w, https:\/\/audiowo.com\/wp-content\/uploads\/2026\/04\/Giardino-Ninfa-125-100x100.webp 100w\" sizes=\"(max-width: 125px) 100vw, 125px\" \/><\/a><\/div><div class=\"fwpl-item el-yahj8j\"><span class=\"fwpl-term fwpl-term-italu fwpl-tax-language\">It\u0101\u013cu<\/span><\/div><div class=\"fwpl-item el-br4358\"><span class=\"fwpl-term fwpl-term-pops fwpl-tax-track-category\">Pops<\/span>, <span class=\"fwpl-term fwpl-term-viegli-klausama fwpl-tax-track-category\">Viegli klaus\u0101m\u0101<\/span><\/div><\/div><\/div><div class=\"fwpl-row el-c8l2u8\"><div class=\"fwpl-col fwpl-col el-t6jqwj\"><\/div><div class=\"fwpl-col fwpl-col el-a1joc\"><\/div><div class=\"fwpl-col fwpl-col el-7574kk\"><\/div><\/div><\/div><div class=\"fwpl-result r4\"><div class=\"fwpl-row el-i4rw4q\"><div class=\"fwpl-col fwpl-col el-qzouz6\"><div class=\"fwpl-item el-7hgxzc\">Albufeira<\/div><div class=\"fwpl-item el-kg5n5p\">\u201cAlbufeira\u201d ir liega portug\u0101\u013cu popm\u016bzikas un viegl\u0101s m\u016bzikas (easy listening) kompoz\u012bcija (85 BPM) ar siltu sievietes vok\u0101lu, kas tver vasaras nak\u0161u burv\u012bbu pie j\u016bras \u2014 tur, kur m\u012blest\u012bba, br\u012bv\u012bba un gaisto\u0161i mirk\u013ci sapl\u016bst m\u016b\u017e\u012bg\u0101s atmi\u0146\u0101s.<\/div><div class=\"fwpl-item el-rofgfr\"><div class=\"preview-wrap\"><button class=\"preview-btn\" type=\"button\">\u25b6 Listen to preview<\/button><audio class=\"preview-audio\" preload=\"none\" src=\"https:\/\/audiowo.com\/wp-content\/uploads\/2026\/04\/Albufeira-preview.mp3\"><\/audio><\/div><\/div><\/div><div class=\"fwpl-col fwpl-col el-4bdzms\"><div class=\"fwpl-item el-9t4zzd\"><a href=\"https:\/\/audiowo.com\/lv\/track\/albufeira-2\/\"><img loading=\"lazy\" decoding=\"async\" width=\"125\" height=\"125\" src=\"https:\/\/audiowo.com\/wp-content\/uploads\/2026\/04\/albufeira-125.webp\" class=\"attachment-thumbnail size-thumbnail wp-post-image\" alt=\"albufeira 125\" srcset=\"https:\/\/audiowo.com\/wp-content\/uploads\/2026\/04\/albufeira-125.webp 125w, https:\/\/audiowo.com\/wp-content\/uploads\/2026\/04\/albufeira-125-72x72.webp 72w, https:\/\/audiowo.com\/wp-content\/uploads\/2026\/04\/albufeira-125-64x64.webp 64w, https:\/\/audiowo.com\/wp-content\/uploads\/2026\/04\/albufeira-125-100x100.webp 100w\" sizes=\"(max-width: 125px) 100vw, 125px\" \/><\/a><\/div><div class=\"fwpl-item el-yahj8j\"><span class=\"fwpl-term fwpl-term-portugalu fwpl-tax-language\">Portug\u0101\u013cu<\/span><\/div><div class=\"fwpl-item el-br4358\"><span class=\"fwpl-term fwpl-term-pops fwpl-tax-track-category\">Pops<\/span>, <span class=\"fwpl-term fwpl-term-viegli-klausama fwpl-tax-track-category\">Viegli klaus\u0101m\u0101<\/span><\/div><\/div><\/div><div class=\"fwpl-row el-c8l2u8\"><div class=\"fwpl-col fwpl-col el-t6jqwj\"><\/div><div class=\"fwpl-col fwpl-col el-a1joc\"><\/div><div class=\"fwpl-col fwpl-col el-7574kk\"><\/div><\/div><\/div><div class=\"fwpl-result r5\"><div class=\"fwpl-row el-i4rw4q\"><div class=\"fwpl-col fwpl-col el-qzouz6\"><div class=\"fwpl-item el-7hgxzc\">Albufeira<\/div><div class=\"fwpl-item el-kg5n5p\">\u201cAlbufeira\u201d ir liega portug\u0101\u013cu popm\u016bzikas un viegl\u0101s m\u016bzikas (easy listening) kompoz\u012bcija (85 BPM) ar siltu sievietes vok\u0101lu, kas tver vasaras nak\u0161u burv\u012bbu pie j\u016bras \u2014 tur, kur m\u012blest\u012bba, br\u012bv\u012bba un gaisto\u0161i mirk\u013ci sapl\u016bst m\u016b\u017e\u012bg\u0101s atmi\u0146\u0101s.<\/div><div class=\"fwpl-item el-rofgfr\"><div class=\"preview-wrap\"><button class=\"preview-btn\" type=\"button\">\u25b6 Listen to preview<\/button><audio class=\"preview-audio\" preload=\"none\" src=\"https:\/\/audiowo.com\/wp-content\/uploads\/2026\/04\/Albufeira-preview.mp3\"><\/audio><\/div><\/div><\/div><div class=\"fwpl-col fwpl-col el-4bdzms\"><div class=\"fwpl-item el-9t4zzd\"><a href=\"https:\/\/audiowo.com\/lv\/track\/albufeira\/\"><img loading=\"lazy\" decoding=\"async\" width=\"125\" height=\"125\" src=\"https:\/\/audiowo.com\/wp-content\/uploads\/2026\/04\/albufeira-125.webp\" class=\"attachment-thumbnail size-thumbnail wp-post-image\" alt=\"albufeira 125\" srcset=\"https:\/\/audiowo.com\/wp-content\/uploads\/2026\/04\/albufeira-125.webp 125w, https:\/\/audiowo.com\/wp-content\/uploads\/2026\/04\/albufeira-125-72x72.webp 72w, https:\/\/audiowo.com\/wp-content\/uploads\/2026\/04\/albufeira-125-64x64.webp 64w, https:\/\/audiowo.com\/wp-content\/uploads\/2026\/04\/albufeira-125-100x100.webp 100w\" sizes=\"(max-width: 125px) 100vw, 125px\" \/><\/a><\/div><div class=\"fwpl-item el-yahj8j is-empty\"><\/div><div class=\"fwpl-item el-br4358 is-empty\"><\/div><\/div><\/div><div class=\"fwpl-row el-c8l2u8\"><div class=\"fwpl-col fwpl-col el-t6jqwj\"><\/div><div class=\"fwpl-col fwpl-col el-a1joc\"><\/div><div class=\"fwpl-col fwpl-col el-7574kk\"><\/div><\/div><\/div><div class=\"fwpl-result r6\"><div class=\"fwpl-row el-i4rw4q\"><div class=\"fwpl-col fwpl-col el-qzouz6\"><div class=\"fwpl-item el-7hgxzc\">Fuengirola<\/div><div class=\"fwpl-item el-kg5n5p\">\u201cFuengirola\u201d ir iedvesmojo\u0161s lat\u012b\u0146u popa ska\u0146darbs (100 BPM) ar siltu v\u012brie\u0161u vok\u0101lu, kas tver r\u012btausmas kluso burv\u012bbu p\u0113c garas nakts \u2013 kur s\u0101k par\u0101d\u012bties skaidr\u012bba, saikne un patiesas emocijas.<\/div><div class=\"fwpl-item el-rofgfr\"><div class=\"preview-wrap\"><button class=\"preview-btn\" type=\"button\">\u25b6 Listen to preview<\/button><audio class=\"preview-audio\" preload=\"none\" src=\"https:\/\/audiowo.com\/wp-content\/uploads\/2026\/04\/Fuengirola-Preview.mp3\"><\/audio><\/div><\/div><\/div><div class=\"fwpl-col fwpl-col el-4bdzms\"><div class=\"fwpl-item el-9t4zzd\"><a href=\"https:\/\/audiowo.com\/lv\/track\/fuengirola\/\"><img loading=\"lazy\" decoding=\"async\" width=\"125\" height=\"125\" src=\"https:\/\/audiowo.com\/wp-content\/uploads\/2026\/04\/Fuengirola-125.webp\" class=\"attachment-thumbnail size-thumbnail wp-post-image\" alt=\"Fuengirola 125\" srcset=\"https:\/\/audiowo.com\/wp-content\/uploads\/2026\/04\/Fuengirola-125.webp 125w, https:\/\/audiowo.com\/wp-content\/uploads\/2026\/04\/Fuengirola-125-72x72.webp 72w, https:\/\/audiowo.com\/wp-content\/uploads\/2026\/04\/Fuengirola-125-100x100.webp 100w\" sizes=\"(max-width: 125px) 100vw, 125px\" \/><\/a><\/div><div class=\"fwpl-item el-yahj8j\"><span class=\"fwpl-term fwpl-term-spanu-valoda fwpl-tax-language\">Sp\u0101\u0146u valoda<\/span><\/div><div class=\"fwpl-item el-br4358\"><span class=\"fwpl-term fwpl-term-latinamerikas fwpl-tax-track-category\">Lat\u012b\u0146amerikas<\/span>, <span class=\"fwpl-term fwpl-term-pops fwpl-tax-track-category\">Pops<\/span><\/div><\/div><\/div><div class=\"fwpl-row el-c8l2u8\"><div class=\"fwpl-col fwpl-col el-t6jqwj\"><\/div><div class=\"fwpl-col fwpl-col el-a1joc\"><\/div><div class=\"fwpl-col fwpl-col el-7574kk\"><\/div><\/div><\/div><div class=\"fwpl-result r7\"><div class=\"fwpl-row el-i4rw4q\"><div class=\"fwpl-col fwpl-col el-qzouz6\"><div class=\"fwpl-item el-7hgxzc\">A Tu Lado, Solo<\/div><div class=\"fwpl-item el-kg5n5p\">\u201cA Tu Lado, Solo\u201d ir dv\u0113selisks lat\u012b\u0146u popa ska\u0146darbs (85 sitieni min\u016bt\u0113), ko izpilda sievie\u0161u balss, tverot emocion\u0101l\u0101s distances klus\u0101s s\u0101pes attiec\u012bb\u0101s \u2014 kur m\u012blest\u012bba paliek, bet saikne izz\u016bd.<\/div><div class=\"fwpl-item el-rofgfr\"><div class=\"preview-wrap\"><button class=\"preview-btn\" type=\"button\">\u25b6 Listen to preview<\/button><audio class=\"preview-audio\" preload=\"none\" src=\"https:\/\/audiowo.com\/wp-content\/uploads\/2026\/04\/A-Tu-Lado-Solo-preview.mp3\"><\/audio><\/div><\/div><\/div><div class=\"fwpl-col fwpl-col el-4bdzms\"><div class=\"fwpl-item el-9t4zzd\"><a href=\"https:\/\/audiowo.com\/lv\/track\/a-tu-lado-solo\/\"><img loading=\"lazy\" decoding=\"async\" width=\"125\" height=\"125\" src=\"https:\/\/audiowo.com\/wp-content\/uploads\/2026\/04\/A-Tu-Lado-Solo-125.webp\" class=\"attachment-thumbnail size-thumbnail wp-post-image\" alt=\"A Tu Lado, Solo 125\" srcset=\"https:\/\/audiowo.com\/wp-content\/uploads\/2026\/04\/A-Tu-Lado-Solo-125.webp 125w, https:\/\/audiowo.com\/wp-content\/uploads\/2026\/04\/A-Tu-Lado-Solo-125-72x72.webp 72w, https:\/\/audiowo.com\/wp-content\/uploads\/2026\/04\/A-Tu-Lado-Solo-125-100x100.webp 100w\" sizes=\"(max-width: 125px) 100vw, 125px\" \/><\/a><\/div><div class=\"fwpl-item el-yahj8j\"><span class=\"fwpl-term fwpl-term-spanu-valoda fwpl-tax-language\">Sp\u0101\u0146u valoda<\/span><\/div><div class=\"fwpl-item el-br4358\"><span class=\"fwpl-term fwpl-term-latinamerikas fwpl-tax-track-category\">Lat\u012b\u0146amerikas<\/span>, <span class=\"fwpl-term fwpl-term-pops fwpl-tax-track-category\">Pops<\/span><\/div><\/div><\/div><div class=\"fwpl-row el-c8l2u8\"><div class=\"fwpl-col fwpl-col el-t6jqwj\"><\/div><div class=\"fwpl-col fwpl-col el-a1joc\"><\/div><div class=\"fwpl-col fwpl-col el-7574kk\"><\/div><\/div><\/div><div class=\"fwpl-result r8\"><div class=\"fwpl-row el-i4rw4q\"><div class=\"fwpl-col fwpl-col el-qzouz6\"><div class=\"fwpl-item el-7hgxzc\">Limoncello Y Verano<\/div><div class=\"fwpl-item el-kg5n5p\">Dinamisks lat\u012b\u0146u popm\u016bzikas ska\u0146darbs \u201cLimoncello Y Verano\u201d, kas p\u0101rpilns vasaras ener\u0123ijas, apvieno spilgtus ritmus un starojo\u0161u sievie\u0161u vok\u0101lu, lai rad\u012btu siltu nak\u0161u, piej\u016bras noska\u0146u un bezr\u016bp\u012bgas romantikas saj\u016btu. Svaigs, rota\u013c\u012bgs un dz\u012bv\u012bbas pilns, tas ir saules, gar\u0161as un neaizmirstamu mirk\u013cu svin\u012bbas. <\/div><div class=\"fwpl-item el-rofgfr\"><div class=\"preview-wrap\"><button class=\"preview-btn\" type=\"button\">\u25b6 Listen to preview<\/button><audio class=\"preview-audio\" preload=\"none\" src=\"https:\/\/audiowo.com\/wp-content\/uploads\/2026\/04\/Limoncello-Y-Verano-preview.mp3\"><\/audio><\/div><\/div><\/div><div class=\"fwpl-col fwpl-col el-4bdzms\"><div class=\"fwpl-item el-9t4zzd\"><a href=\"https:\/\/audiowo.com\/lv\/track\/limoncello-y-verano\/\"><img loading=\"lazy\" decoding=\"async\" width=\"125\" height=\"125\" src=\"https:\/\/audiowo.com\/wp-content\/uploads\/2026\/04\/Limoncello-Y-Verano-125.webp\" class=\"attachment-thumbnail size-thumbnail wp-post-image\" alt=\"Limoncello Y Verano 125\" srcset=\"https:\/\/audiowo.com\/wp-content\/uploads\/2026\/04\/Limoncello-Y-Verano-125.webp 125w, https:\/\/audiowo.com\/wp-content\/uploads\/2026\/04\/Limoncello-Y-Verano-125-72x72.webp 72w, https:\/\/audiowo.com\/wp-content\/uploads\/2026\/04\/Limoncello-Y-Verano-125-100x100.webp 100w\" sizes=\"(max-width: 125px) 100vw, 125px\" \/><\/a><\/div><div class=\"fwpl-item el-yahj8j\"><span class=\"fwpl-term fwpl-term-spanu-valoda fwpl-tax-language\">Sp\u0101\u0146u valoda<\/span><\/div><div class=\"fwpl-item el-br4358\"><span class=\"fwpl-term fwpl-term-house fwpl-tax-track-category\">House<\/span>, <span class=\"fwpl-term fwpl-term-latinamerikas fwpl-tax-track-category\">Lat\u012b\u0146amerikas<\/span>, <span class=\"fwpl-term fwpl-term-pops fwpl-tax-track-category\">Pops<\/span><\/div><\/div><\/div><div class=\"fwpl-row el-c8l2u8\"><div class=\"fwpl-col fwpl-col el-t6jqwj\"><\/div><div class=\"fwpl-col fwpl-col el-a1joc\"><\/div><div class=\"fwpl-col fwpl-col el-7574kk\"><\/div><\/div><\/div><div class=\"fwpl-result r9\"><div class=\"fwpl-row el-i4rw4q\"><div class=\"fwpl-col fwpl-col el-qzouz6\"><div class=\"fwpl-item el-7hgxzc\">Casi Algo M\u00e1s<\/div><div class=\"fwpl-item el-kg5n5p\">Dinamiska lat\u012b\u0146u popm\u016bzikas dziesma ar spilgtiem ritmiem un izteiksm\u012bgu sievie\u0161u vok\u0101lu, kas st\u0101sta par m\u012blest\u012bbu, kas nekad nav piln\u012bb\u0101 ap\u0146\u0113musies. Aizraujo\u0161a, emocion\u0101la un iedvesmojo\u0161a, \u201eCasi Algo M\u00e1s\u201d apvieno dejojamu ener\u0123iju ar saprotamiem dziesmu tekstiem par savas v\u0113rt\u012bbas apzin\u0101\u0161anos. <\/div><div class=\"fwpl-item el-rofgfr\"><div class=\"preview-wrap\"><button class=\"preview-btn\" type=\"button\">\u25b6 Listen to preview<\/button><audio class=\"preview-audio\" preload=\"none\" src=\"https:\/\/audiowo.com\/wp-content\/uploads\/2026\/04\/Casi-Algo-Mas-preview.mp3\"><\/audio><\/div><\/div><\/div><div class=\"fwpl-col fwpl-col el-4bdzms\"><div class=\"fwpl-item el-9t4zzd\"><a href=\"https:\/\/audiowo.com\/lv\/track\/casi-algo-mas\/\"><img loading=\"lazy\" decoding=\"async\" width=\"125\" height=\"125\" src=\"https:\/\/audiowo.com\/wp-content\/uploads\/2026\/04\/Casi-Algo-Mas-125.webp\" class=\"attachment-thumbnail size-thumbnail wp-post-image\" alt=\"Casi Algo M\u00e1s 125\" srcset=\"https:\/\/audiowo.com\/wp-content\/uploads\/2026\/04\/Casi-Algo-Mas-125.webp 125w, https:\/\/audiowo.com\/wp-content\/uploads\/2026\/04\/Casi-Algo-Mas-125-72x72.webp 72w, https:\/\/audiowo.com\/wp-content\/uploads\/2026\/04\/Casi-Algo-Mas-125-100x100.webp 100w\" sizes=\"(max-width: 125px) 100vw, 125px\" \/><\/a><\/div><div class=\"fwpl-item el-yahj8j\"><span class=\"fwpl-term fwpl-term-spanu-valoda fwpl-tax-language\">Sp\u0101\u0146u valoda<\/span><\/div><div class=\"fwpl-item el-br4358\"><span class=\"fwpl-term fwpl-term-latinamerikas fwpl-tax-track-category\">Lat\u012b\u0146amerikas<\/span>, <span class=\"fwpl-term fwpl-term-pops fwpl-tax-track-category\">Pops<\/span><\/div><\/div><\/div><div class=\"fwpl-row el-c8l2u8\"><div class=\"fwpl-col fwpl-col el-t6jqwj\"><\/div><div class=\"fwpl-col fwpl-col el-a1joc\"><\/div><div class=\"fwpl-col fwpl-col el-7574kk\"><\/div><\/div><\/div><div class=\"fwpl-result r10\"><div class=\"fwpl-row el-i4rw4q\"><div class=\"fwpl-col fwpl-col el-qzouz6\"><div class=\"fwpl-item el-7hgxzc\">Bilbao en Oto\u00f1o Dorado<\/div><div class=\"fwpl-item el-kg5n5p\">Liegs lat\u012b\u0146u popm\u016bzikas ska\u0146darbs, kur\u0101 emocion\u0101ls sievietes vok\u0101ls sapl\u016bst ar nepiespiestu v\u012brie\u0161a repu uz Bilbao rudens zelt\u012bto to\u0146u fona. Siltas melodijas un p\u0101rdomu pilni v\u0101rdi veido nobriedu\u0161u, r\u0101mu un atmosf\u0113risku m\u012blas st\u0101stu. <\/div><div class=\"fwpl-item el-rofgfr\"><div class=\"preview-wrap\"><button class=\"preview-btn\" type=\"button\">\u25b6 Listen to preview<\/button><audio class=\"preview-audio\" preload=\"none\" src=\"https:\/\/audiowo.com\/wp-content\/uploads\/2026\/04\/Bilbao-en-Otono-Dorado-Preview-1.mp3\"><\/audio><\/div><\/div><\/div><div class=\"fwpl-col fwpl-col el-4bdzms\"><div class=\"fwpl-item el-9t4zzd\"><a href=\"https:\/\/audiowo.com\/lv\/track\/bilbao-en-otono-dorado\/\"><img loading=\"lazy\" decoding=\"async\" width=\"125\" height=\"125\" src=\"https:\/\/audiowo.com\/wp-content\/uploads\/2026\/04\/Bilbao-en-Otono-Dorado-125.webp\" class=\"attachment-thumbnail size-thumbnail wp-post-image\" alt=\"Bilbao en Oto\u00f1o Dorado 125\" srcset=\"https:\/\/audiowo.com\/wp-content\/uploads\/2026\/04\/Bilbao-en-Otono-Dorado-125.webp 125w, https:\/\/audiowo.com\/wp-content\/uploads\/2026\/04\/Bilbao-en-Otono-Dorado-125-72x72.webp 72w, https:\/\/audiowo.com\/wp-content\/uploads\/2026\/04\/Bilbao-en-Otono-Dorado-125-100x100.webp 100w\" sizes=\"(max-width: 125px) 100vw, 125px\" \/><\/a><\/div><div class=\"fwpl-item el-yahj8j\"><span class=\"fwpl-term fwpl-term-spanu-valoda fwpl-tax-language\">Sp\u0101\u0146u valoda<\/span><\/div><div class=\"fwpl-item el-br4358\"><span class=\"fwpl-term fwpl-term-latinamerikas fwpl-tax-track-category\">Lat\u012b\u0146amerikas<\/span>, <span class=\"fwpl-term fwpl-term-pops fwpl-tax-track-category\">Pops<\/span>, <span class=\"fwpl-term fwpl-term-reps fwpl-tax-track-category\">Reps<\/span><\/div><\/div><\/div><div class=\"fwpl-row el-c8l2u8\"><div class=\"fwpl-col fwpl-col el-t6jqwj\"><\/div><div class=\"fwpl-col fwpl-col el-a1joc\"><\/div><div class=\"fwpl-col fwpl-col el-7574kk\"><\/div><\/div><\/div><div class=\"fwpl-result r11\"><div class=\"fwpl-row el-i4rw4q\"><div class=\"fwpl-col fwpl-col el-qzouz6\"><div class=\"fwpl-item el-7hgxzc\">L\u2019Estartit un maigais v\u0113j\u0161<\/div><div class=\"fwpl-item el-kg5n5p\">Silts lat\u012b\u0146u hausm\u016bzikas ska\u0146darbs ar juteklisku sievie\u0161u vok\u0101lu, iedvesmots no Vidusj\u016bras miera. Maigi ritmi, sap\u0146ainas melodijas un nesteidz\u012bgs gr\u016bvs rada zelta saulrieta saj\u016btu L\u2019Estartit\u0101 \u2014 kur m\u012blest\u012bba pl\u016bst l\u0113ni un dabiski. <\/div><div class=\"fwpl-item el-rofgfr\"><div class=\"preview-wrap\"><button class=\"preview-btn\" type=\"button\">\u25b6 Listen to preview<\/button><audio class=\"preview-audio\" preload=\"none\" src=\"https:\/\/audiowo.com\/wp-content\/uploads\/2026\/04\/LEstartit-Y-El-Viento-Suave-Preview.mp3\"><\/audio><\/div><\/div><\/div><div class=\"fwpl-col fwpl-col el-4bdzms\"><div class=\"fwpl-item el-9t4zzd\"><a href=\"https:\/\/audiowo.com\/lv\/track\/lestartit-y-el-viento-suave\/\"><img loading=\"lazy\" decoding=\"async\" width=\"150\" height=\"150\" src=\"https:\/\/audiowo.com\/wp-content\/uploads\/2026\/04\/LEstartit-Y-El-Viento-Suave-150x150.webp\" class=\"attachment-thumbnail size-thumbnail wp-post-image\" alt=\"L\u2019Estartit un maigais v\u0113j\u0161\" srcset=\"https:\/\/audiowo.com\/wp-content\/uploads\/2026\/04\/LEstartit-Y-El-Viento-Suave-150x150.webp 150w, https:\/\/audiowo.com\/wp-content\/uploads\/2026\/04\/LEstartit-Y-El-Viento-Suave-300x300.webp 300w, https:\/\/audiowo.com\/wp-content\/uploads\/2026\/04\/LEstartit-Y-El-Viento-Suave-768x768.webp 768w, https:\/\/audiowo.com\/wp-content\/uploads\/2026\/04\/LEstartit-Y-El-Viento-Suave-600x600.webp 600w, https:\/\/audiowo.com\/wp-content\/uploads\/2026\/04\/LEstartit-Y-El-Viento-Suave-100x100.webp 100w, https:\/\/audiowo.com\/wp-content\/uploads\/2026\/04\/LEstartit-Y-El-Viento-Suave.webp 1024w\" sizes=\"(max-width: 150px) 100vw, 150px\" \/><\/a><\/div><div class=\"fwpl-item el-yahj8j\"><span class=\"fwpl-term fwpl-term-spanu-valoda fwpl-tax-language\">Sp\u0101\u0146u valoda<\/span><\/div><div class=\"fwpl-item el-br4358\"><span class=\"fwpl-term fwpl-term-house fwpl-tax-track-category\">House<\/span>, <span class=\"fwpl-term fwpl-term-latinamerikas fwpl-tax-track-category\">Lat\u012b\u0146amerikas<\/span><\/div><\/div><\/div><div class=\"fwpl-row el-c8l2u8\"><div class=\"fwpl-col fwpl-col el-t6jqwj\"><\/div><div class=\"fwpl-col fwpl-col el-a1joc\"><\/div><div class=\"fwpl-col fwpl-col el-7574kk\"><\/div><\/div><\/div><div class=\"fwpl-result r12\"><div class=\"fwpl-row el-i4rw4q\"><div class=\"fwpl-col fwpl-col el-qzouz6\"><div class=\"fwpl-item el-7hgxzc\">Tosa de Mara august\u0101<\/div><div class=\"fwpl-item el-kg5n5p\">Silts un atmosf\u0113risks Latin House ska\u0146darbs, kas iem\u016b\u017eina Tosa de Maras vasaras nakts ma\u0123iju. Ar liegu sievie\u0161u vok\u0101lu un dzi\u013ciem ritmiem tas apvieno emocijas, br\u012bv\u012bbu un Vidusj\u016bras v\u0113smas neaizmirstam\u0101 skan\u0113jum\u0101. <\/div><div class=\"fwpl-item el-rofgfr\"><div class=\"preview-wrap\"><button class=\"preview-btn\" type=\"button\">\u25b6 Listen to preview<\/button><audio class=\"preview-audio\" preload=\"none\" src=\"https:\/\/audiowo.com\/wp-content\/uploads\/2026\/04\/Tossa-De-Mar-En-Agosto-Preview.mp3\"><\/audio><\/div><\/div><\/div><div class=\"fwpl-col fwpl-col el-4bdzms\"><div class=\"fwpl-item el-9t4zzd\"><a href=\"https:\/\/audiowo.com\/lv\/track\/tossa-de-mar-en-agosto\/\"><img loading=\"lazy\" decoding=\"async\" width=\"150\" height=\"150\" src=\"https:\/\/audiowo.com\/wp-content\/uploads\/2026\/04\/Tossa-de-Mar-En-Agosto-150x150.webp\" class=\"attachment-thumbnail size-thumbnail wp-post-image\" alt=\"Tosa de Mara august\u0101\" srcset=\"https:\/\/audiowo.com\/wp-content\/uploads\/2026\/04\/Tossa-de-Mar-En-Agosto-150x150.webp 150w, https:\/\/audiowo.com\/wp-content\/uploads\/2026\/04\/Tossa-de-Mar-En-Agosto-300x300.webp 300w, https:\/\/audiowo.com\/wp-content\/uploads\/2026\/04\/Tossa-de-Mar-En-Agosto-768x768.webp 768w, https:\/\/audiowo.com\/wp-content\/uploads\/2026\/04\/Tossa-de-Mar-En-Agosto-600x600.webp 600w, https:\/\/audiowo.com\/wp-content\/uploads\/2026\/04\/Tossa-de-Mar-En-Agosto-100x100.webp 100w, https:\/\/audiowo.com\/wp-content\/uploads\/2026\/04\/Tossa-de-Mar-En-Agosto.webp 1024w\" sizes=\"(max-width: 150px) 100vw, 150px\" \/><\/a><\/div><div class=\"fwpl-item el-yahj8j\"><span class=\"fwpl-term fwpl-term-spanu-valoda fwpl-tax-language\">Sp\u0101\u0146u valoda<\/span><\/div><div class=\"fwpl-item el-br4358\"><span class=\"fwpl-term fwpl-term-house fwpl-tax-track-category\">House<\/span>, <span class=\"fwpl-term fwpl-term-latinamerikas fwpl-tax-track-category\">Lat\u012b\u0146amerikas<\/span><\/div><\/div><\/div><div class=\"fwpl-row el-c8l2u8\"><div class=\"fwpl-col fwpl-col el-t6jqwj\"><\/div><div class=\"fwpl-col fwpl-col el-a1joc\"><\/div><div class=\"fwpl-col fwpl-col el-7574kk\"><\/div><\/div><\/div><div class=\"fwpl-result r13\"><div class=\"fwpl-row el-i4rw4q\"><div class=\"fwpl-col fwpl-col el-qzouz6\"><div class=\"fwpl-item el-7hgxzc\">Victory Lap<\/div><div class=\"fwpl-item el-kg5n5p\">Gai\u0161s un pacil\u0101jo\u0161s instrument\u0101lais ska\u0146darbs, kur\u0101 indie folka \u0161arms sapl\u016bst ar m\u016bsdienu popm\u016bzikas ener\u0123iju. Korporat\u012bvais ska\u0146darbs, kura pamat\u0101 ir band\u017eo, akustisk\u0101 \u0123it\u0101ra un silts ritms, radot dinamisku un pat\u012bkamu atmosf\u0113ru ar nostal\u0123isku pieska\u0146u. <\/div><div class=\"fwpl-item el-rofgfr\"><div class=\"preview-wrap\"><button class=\"preview-btn\" type=\"button\">\u25b6 Listen to preview<\/button><audio class=\"preview-audio\" preload=\"none\" src=\"https:\/\/audiowo.com\/wp-content\/uploads\/2026\/04\/Victory-Lap-Preview.mp3\"><\/audio><\/div><\/div><\/div><div class=\"fwpl-col fwpl-col el-4bdzms\"><div class=\"fwpl-item el-9t4zzd\"><a href=\"https:\/\/audiowo.com\/lv\/track\/victory-lap\/\"><img loading=\"lazy\" decoding=\"async\" width=\"150\" height=\"150\" src=\"https:\/\/audiowo.com\/wp-content\/uploads\/2026\/04\/Victory-Lap-150x150.webp\" class=\"attachment-thumbnail size-thumbnail wp-post-image\" alt=\"Victory Lap\" srcset=\"https:\/\/audiowo.com\/wp-content\/uploads\/2026\/04\/Victory-Lap-150x150.webp 150w, https:\/\/audiowo.com\/wp-content\/uploads\/2026\/04\/Victory-Lap-300x300.webp 300w, https:\/\/audiowo.com\/wp-content\/uploads\/2026\/04\/Victory-Lap-768x768.webp 768w, https:\/\/audiowo.com\/wp-content\/uploads\/2026\/04\/Victory-Lap-600x600.webp 600w, https:\/\/audiowo.com\/wp-content\/uploads\/2026\/04\/Victory-Lap-100x100.webp 100w, https:\/\/audiowo.com\/wp-content\/uploads\/2026\/04\/Victory-Lap.webp 1024w\" sizes=\"(max-width: 150px) 100vw, 150px\" \/><\/a><\/div><div class=\"fwpl-item el-yahj8j\"><span class=\"fwpl-term fwpl-term-instrumentals fwpl-tax-language\">Instrument\u0101ls<\/span><\/div><div class=\"fwpl-item el-br4358\"><span class=\"fwpl-term fwpl-term-korporativa-muzika fwpl-tax-track-category\">Korporat\u012bv\u0101 m\u016bzika<\/span><\/div><\/div><\/div><div class=\"fwpl-row el-c8l2u8\"><div class=\"fwpl-col fwpl-col el-t6jqwj\"><\/div><div class=\"fwpl-col fwpl-col el-a1joc\"><\/div><div class=\"fwpl-col fwpl-col el-7574kk\"><\/div><\/div><\/div><div class=\"fwpl-result r14\"><div class=\"fwpl-row el-i4rw4q\"><div class=\"fwpl-col fwpl-col el-qzouz6\"><div class=\"fwpl-item el-7hgxzc\">Velvet Nights<\/div><div class=\"fwpl-item el-kg5n5p\">Liegs un kaisl\u012bgs instrument\u0101lais ska\u0146darbs, kur\u0101 Latin lounge noska\u0146as sapl\u016bst ar m\u016bsdien\u012bgiem house ritmiem. \u201cVelvet Nights\u201d rada siltu, ritmisku atmosf\u0113ru, ko papildina klavieres, perkusijas un dzi\u013c\u0161 bass, kas ir ide\u0101li piem\u0113rots v\u0113las nakts noska\u0146ojumam. <\/div><div class=\"fwpl-item el-rofgfr\"><div class=\"preview-wrap\"><button class=\"preview-btn\" type=\"button\">\u25b6 Listen to preview<\/button><audio class=\"preview-audio\" preload=\"none\" src=\"https:\/\/audiowo.com\/wp-content\/uploads\/2026\/04\/Velvet-Nights-Preview.mp3\"><\/audio><\/div><\/div><\/div><div class=\"fwpl-col fwpl-col el-4bdzms\"><div class=\"fwpl-item el-9t4zzd\"><a href=\"https:\/\/audiowo.com\/lv\/track\/velvet-nights\/\"><img loading=\"lazy\" decoding=\"async\" width=\"150\" height=\"150\" src=\"https:\/\/audiowo.com\/wp-content\/uploads\/2026\/04\/Velvet-nights-150x150.webp\" class=\"attachment-thumbnail size-thumbnail wp-post-image\" alt=\"Velvet nights\" srcset=\"https:\/\/audiowo.com\/wp-content\/uploads\/2026\/04\/Velvet-nights-150x150.webp 150w, https:\/\/audiowo.com\/wp-content\/uploads\/2026\/04\/Velvet-nights-300x300.webp 300w, https:\/\/audiowo.com\/wp-content\/uploads\/2026\/04\/Velvet-nights-768x768.webp 768w, https:\/\/audiowo.com\/wp-content\/uploads\/2026\/04\/Velvet-nights-600x600.webp 600w, https:\/\/audiowo.com\/wp-content\/uploads\/2026\/04\/Velvet-nights-100x100.webp 100w, https:\/\/audiowo.com\/wp-content\/uploads\/2026\/04\/Velvet-nights.webp 1024w\" sizes=\"(max-width: 150px) 100vw, 150px\" \/><\/a><\/div><div class=\"fwpl-item el-yahj8j\"><span class=\"fwpl-term fwpl-term-instrumentals fwpl-tax-language\">Instrument\u0101ls<\/span><\/div><div class=\"fwpl-item el-br4358\"><span class=\"fwpl-term fwpl-term-house fwpl-tax-track-category\">House<\/span>, <span class=\"fwpl-term fwpl-term-latinamerikas fwpl-tax-track-category\">Lat\u012b\u0146amerikas<\/span><\/div><\/div><\/div><div class=\"fwpl-row el-c8l2u8\"><div class=\"fwpl-col fwpl-col el-t6jqwj\"><\/div><div class=\"fwpl-col fwpl-col el-a1joc\"><\/div><div class=\"fwpl-col fwpl-col el-7574kk\"><\/div><\/div><\/div><div class=\"fwpl-result r15\"><div class=\"fwpl-row el-i4rw4q\"><div class=\"fwpl-col fwpl-col el-qzouz6\"><div class=\"fwpl-item el-7hgxzc\">Ligero Pero Real<\/div><div class=\"fwpl-item el-kg5n5p\">Iedvesmojo\u0161s un sirsn\u012bgs lat\u012b\u0146u ska\u0146darbs par m\u012blest\u012bbu bez spiediena vai dr\u0101mas. \u201eLigero Pero Real\u201d svin mier\u012bgu, god\u012bgu saikni, kur\u0101 j\u016btas ir vienk\u0101r\u0161as, patiesas un dzi\u013ci j\u0113gpilnas. <\/div><div class=\"fwpl-item el-rofgfr\"><div class=\"preview-wrap\"><button class=\"preview-btn\" type=\"button\">\u25b6 Listen to preview<\/button><audio class=\"preview-audio\" preload=\"none\" src=\"https:\/\/audiowo.com\/wp-content\/uploads\/2026\/04\/Ligero-Pero-Real-preview.mp3\"><\/audio><\/div><\/div><\/div><div class=\"fwpl-col fwpl-col el-4bdzms\"><div class=\"fwpl-item el-9t4zzd\"><a href=\"https:\/\/audiowo.com\/lv\/track\/ligero-pero-real\/\"><img loading=\"lazy\" decoding=\"async\" width=\"150\" height=\"150\" src=\"https:\/\/audiowo.com\/wp-content\/uploads\/2026\/04\/Ligero-pero-real_-at-sunset-150x150.webp\" class=\"attachment-thumbnail size-thumbnail wp-post-image\" alt=\"Ligero pero real_ saulriet\u0101\" srcset=\"https:\/\/audiowo.com\/wp-content\/uploads\/2026\/04\/Ligero-pero-real_-at-sunset-150x150.webp 150w, https:\/\/audiowo.com\/wp-content\/uploads\/2026\/04\/Ligero-pero-real_-at-sunset-300x300.webp 300w, https:\/\/audiowo.com\/wp-content\/uploads\/2026\/04\/Ligero-pero-real_-at-sunset-768x768.webp 768w, https:\/\/audiowo.com\/wp-content\/uploads\/2026\/04\/Ligero-pero-real_-at-sunset-600x600.webp 600w, https:\/\/audiowo.com\/wp-content\/uploads\/2026\/04\/Ligero-pero-real_-at-sunset-100x100.webp 100w, https:\/\/audiowo.com\/wp-content\/uploads\/2026\/04\/Ligero-pero-real_-at-sunset.webp 1024w\" sizes=\"(max-width: 150px) 100vw, 150px\" \/><\/a><\/div><div class=\"fwpl-item el-yahj8j\"><span class=\"fwpl-term fwpl-term-spanu-valoda fwpl-tax-language\">Sp\u0101\u0146u valoda<\/span><\/div><div class=\"fwpl-item el-br4358\"><span class=\"fwpl-term fwpl-term-latinamerikas fwpl-tax-track-category\">Lat\u012b\u0146amerikas<\/span>, <span class=\"fwpl-term fwpl-term-pops fwpl-tax-track-category\">Pops<\/span><\/div><\/div><\/div><div class=\"fwpl-row el-c8l2u8\"><div class=\"fwpl-col fwpl-col el-t6jqwj\"><\/div><div class=\"fwpl-col fwpl-col el-a1joc\"><\/div><div class=\"fwpl-col fwpl-col el-7574kk\"><\/div><\/div><\/div><div class=\"fwpl-result r16\"><div class=\"fwpl-row el-i4rw4q\"><div class=\"fwpl-col fwpl-col el-qzouz6\"><div class=\"fwpl-item el-7hgxzc\">Mojito y Sol<\/div><div class=\"fwpl-item el-kg5n5p\">Spilgts un pacil\u0101jo\u0161s lat\u012b\u0146amerikas ska\u0146darbs, kas svin vasaru, br\u012bv\u012bbu un bezr\u016bp\u012bgus mirk\u013cus pie j\u016bras. \u201cMojito y Sol\u201d apvieno tropiskas v\u0113smas ar priec\u012bgu ener\u0123iju, iem\u016b\u017einot saj\u016btu par pilnv\u0113rt\u012bgu dz\u012bvi \u0161aj\u0101 mirkl\u012b. <\/div><div class=\"fwpl-item el-rofgfr\"><div class=\"preview-wrap\"><button class=\"preview-btn\" type=\"button\">\u25b6 Listen to preview<\/button><audio class=\"preview-audio\" preload=\"none\" src=\"https:\/\/audiowo.com\/wp-content\/uploads\/2026\/04\/Mojito-y-Sol-preview.mp3\"><\/audio><\/div><\/div><\/div><div class=\"fwpl-col fwpl-col el-4bdzms\"><div class=\"fwpl-item el-9t4zzd\"><a href=\"https:\/\/audiowo.com\/lv\/track\/mojito-y-sol\/\"><img loading=\"lazy\" decoding=\"async\" width=\"150\" height=\"150\" src=\"https:\/\/audiowo.com\/wp-content\/uploads\/2026\/04\/Mojito-y-Sol-150x150.webp\" class=\"attachment-thumbnail size-thumbnail wp-post-image\" alt=\"Mojito y Sol\" srcset=\"https:\/\/audiowo.com\/wp-content\/uploads\/2026\/04\/Mojito-y-Sol-150x150.webp 150w, https:\/\/audiowo.com\/wp-content\/uploads\/2026\/04\/Mojito-y-Sol-300x300.webp 300w, https:\/\/audiowo.com\/wp-content\/uploads\/2026\/04\/Mojito-y-Sol-768x768.webp 768w, https:\/\/audiowo.com\/wp-content\/uploads\/2026\/04\/Mojito-y-Sol-600x600.webp 600w, https:\/\/audiowo.com\/wp-content\/uploads\/2026\/04\/Mojito-y-Sol-100x100.webp 100w, https:\/\/audiowo.com\/wp-content\/uploads\/2026\/04\/Mojito-y-Sol.webp 1024w\" sizes=\"(max-width: 150px) 100vw, 150px\" \/><\/a><\/div><div class=\"fwpl-item el-yahj8j\"><span class=\"fwpl-term fwpl-term-spanu-valoda fwpl-tax-language\">Sp\u0101\u0146u valoda<\/span><\/div><div class=\"fwpl-item el-br4358\"><span class=\"fwpl-term fwpl-term-latinamerikas fwpl-tax-track-category\">Lat\u012b\u0146amerikas<\/span>, <span class=\"fwpl-term fwpl-term-pops fwpl-tax-track-category\">Pops<\/span><\/div><\/div><\/div><div class=\"fwpl-row el-c8l2u8\"><div class=\"fwpl-col fwpl-col el-t6jqwj\"><\/div><div class=\"fwpl-col fwpl-col el-a1joc\"><\/div><div class=\"fwpl-col fwpl-col el-7574kk\"><\/div><\/div><\/div><div class=\"fwpl-result r17\"><div class=\"fwpl-row el-i4rw4q\"><div class=\"fwpl-col fwpl-col el-qzouz6\"><div class=\"fwpl-item el-7hgxzc\">Demasiado Orgullo<\/div><div class=\"fwpl-item el-kg5n5p\">Sp\u0113c\u012bgs duets, kur\u0101 sapl\u016bst melodisks vok\u0101ls un reps, \u201cDemasiado Orgullo\u201d p\u0113ta, k\u0101 lepnums var klusi izn\u012bcin\u0101t m\u012blest\u012bbu. Ar neviltot\u0101m emocij\u0101m un god\u012bgu st\u0101st\u012bjumu ska\u0146darbs iem\u016b\u017eina spriedzi starp ego un neaizsarg\u0101t\u012bbu m\u016bsdienu attiec\u012bb\u0101s. <\/div><div class=\"fwpl-item el-rofgfr\"><div class=\"preview-wrap\"><button class=\"preview-btn\" type=\"button\">\u25b6 Listen to preview<\/button><audio class=\"preview-audio\" preload=\"none\" src=\"https:\/\/audiowo.com\/wp-content\/uploads\/2026\/04\/Demasiado-Orgullo-Preview.mp3\"><\/audio><\/div><\/div><\/div><div class=\"fwpl-col fwpl-col el-4bdzms\"><div class=\"fwpl-item el-9t4zzd\"><a href=\"https:\/\/audiowo.com\/lv\/track\/demasiado-orgullo\/\"><img loading=\"lazy\" decoding=\"async\" width=\"150\" height=\"150\" src=\"https:\/\/audiowo.com\/wp-content\/uploads\/2026\/04\/Demasiado-Orgullo-150x150.webp\" class=\"attachment-thumbnail size-thumbnail wp-post-image\" alt=\"Demasiado Orgullo\" srcset=\"https:\/\/audiowo.com\/wp-content\/uploads\/2026\/04\/Demasiado-Orgullo-150x150.webp 150w, https:\/\/audiowo.com\/wp-content\/uploads\/2026\/04\/Demasiado-Orgullo-300x300.webp 300w, https:\/\/audiowo.com\/wp-content\/uploads\/2026\/04\/Demasiado-Orgullo-768x768.webp 768w, https:\/\/audiowo.com\/wp-content\/uploads\/2026\/04\/Demasiado-Orgullo-600x600.webp 600w, https:\/\/audiowo.com\/wp-content\/uploads\/2026\/04\/Demasiado-Orgullo-100x100.webp 100w, https:\/\/audiowo.com\/wp-content\/uploads\/2026\/04\/Demasiado-Orgullo.webp 1024w\" sizes=\"(max-width: 150px) 100vw, 150px\" \/><\/a><\/div><div class=\"fwpl-item el-yahj8j\"><span class=\"fwpl-term fwpl-term-spanu-valoda fwpl-tax-language\">Sp\u0101\u0146u valoda<\/span><\/div><div class=\"fwpl-item el-br4358\"><span class=\"fwpl-term fwpl-term-latinamerikas fwpl-tax-track-category\">Lat\u012b\u0146amerikas<\/span>, <span class=\"fwpl-term fwpl-term-pops fwpl-tax-track-category\">Pops<\/span>, <span class=\"fwpl-term fwpl-term-reps fwpl-tax-track-category\">Reps<\/span><\/div><\/div><\/div><div class=\"fwpl-row el-c8l2u8\"><div class=\"fwpl-col fwpl-col el-t6jqwj\"><\/div><div class=\"fwpl-col fwpl-col el-a1joc\"><\/div><div class=\"fwpl-col fwpl-col el-7574kk\"><\/div><\/div><\/div><div class=\"fwpl-result r18\"><div class=\"fwpl-row el-i4rw4q\"><div class=\"fwpl-col fwpl-col el-qzouz6\"><div class=\"fwpl-item el-7hgxzc\">Zem Segovijas akvedukta<\/div><div class=\"fwpl-item el-kg5n5p\">M\u016b\u017e\u012bgs un romantisks ska\u0146darbs, ko iedvesmojis senais Segovijas akvedukts, kur sapl\u016bst m\u012blest\u012bba, v\u0113sture un miers. Tas v\u0113sta par saikni, kas \u0161\u0137iet iztur\u012bga, trausla un sp\u0113c\u012bga vienlaikus. <\/div><div class=\"fwpl-item el-rofgfr\"><div class=\"preview-wrap\"><button class=\"preview-btn\" type=\"button\">\u25b6 Listen to preview<\/button><audio class=\"preview-audio\" preload=\"none\" src=\"https:\/\/audiowo.com\/wp-content\/uploads\/2026\/04\/4-Bajo-el-acueducto-de-Segovia-Preview.mp3\"><\/audio><\/div><\/div><\/div><div class=\"fwpl-col fwpl-col el-4bdzms\"><div class=\"fwpl-item el-9t4zzd\"><a href=\"https:\/\/audiowo.com\/lv\/track\/zem-segovijas-akvedukta\/\"><img loading=\"lazy\" decoding=\"async\" width=\"150\" height=\"150\" src=\"https:\/\/audiowo.com\/wp-content\/uploads\/2026\/04\/Bajo-el-acueducto-de-Segovia-150x150.webp\" class=\"attachment-thumbnail size-thumbnail wp-post-image\" alt=\"Zem Segovijas akvedukta\" srcset=\"https:\/\/audiowo.com\/wp-content\/uploads\/2026\/04\/Bajo-el-acueducto-de-Segovia-150x150.webp 150w, https:\/\/audiowo.com\/wp-content\/uploads\/2026\/04\/Bajo-el-acueducto-de-Segovia-300x300.webp 300w, https:\/\/audiowo.com\/wp-content\/uploads\/2026\/04\/Bajo-el-acueducto-de-Segovia-768x768.webp 768w, https:\/\/audiowo.com\/wp-content\/uploads\/2026\/04\/Bajo-el-acueducto-de-Segovia-600x600.webp 600w, https:\/\/audiowo.com\/wp-content\/uploads\/2026\/04\/Bajo-el-acueducto-de-Segovia-100x100.webp 100w, https:\/\/audiowo.com\/wp-content\/uploads\/2026\/04\/Bajo-el-acueducto-de-Segovia.webp 1024w\" sizes=\"(max-width: 150px) 100vw, 150px\" \/><\/a><\/div><div class=\"fwpl-item el-yahj8j is-empty\"><\/div><div class=\"fwpl-item el-br4358 is-empty\"><\/div><\/div><\/div><div class=\"fwpl-row el-c8l2u8\"><div class=\"fwpl-col fwpl-col el-t6jqwj\"><\/div><div class=\"fwpl-col fwpl-col el-a1joc\"><\/div><div class=\"fwpl-col fwpl-col el-7574kk\"><\/div><\/div><\/div><div class=\"fwpl-result r19\"><div class=\"fwpl-row el-i4rw4q\"><div class=\"fwpl-col fwpl-col el-qzouz6\"><div class=\"fwpl-item el-7hgxzc\">Distinto Ritmo<\/div><div class=\"fwpl-item el-kg5n5p\">\u201eDistinto Ritmo\u201d ir sirsn\u012bgs, introspekt\u012bvs ska\u0146darbs par m\u012blest\u012bbu, kas aug da\u017e\u0101dos tempos. Sajaucot emocijas ar god\u012bgumu, tas p\u0113ta spriedzi starp saikni un person\u012bgo dziedin\u0101\u0161anu, atkl\u0101jot attiec\u012bbu skaistumu, kas att\u012bst\u0101s sav\u0101 ritm\u0101. <\/div><div class=\"fwpl-item el-rofgfr\"><div class=\"preview-wrap\"><button class=\"preview-btn\" type=\"button\">\u25b6 Listen to preview<\/button><audio class=\"preview-audio\" preload=\"none\" src=\"https:\/\/audiowo.com\/wp-content\/uploads\/2026\/04\/3-Distinto-Ritmo-Preview.mp3\"><\/audio><\/div><\/div><\/div><div class=\"fwpl-col fwpl-col el-4bdzms\"><div class=\"fwpl-item el-9t4zzd\"><a href=\"https:\/\/audiowo.com\/lv\/track\/distinto-ritmo\/\"><img loading=\"lazy\" decoding=\"async\" width=\"150\" height=\"150\" src=\"https:\/\/audiowo.com\/wp-content\/uploads\/2026\/04\/Distinto-Ritmo-150x150.webp\" class=\"attachment-thumbnail size-thumbnail wp-post-image\" alt=\"Distinto Ritmo\" srcset=\"https:\/\/audiowo.com\/wp-content\/uploads\/2026\/04\/Distinto-Ritmo-150x150.webp 150w, https:\/\/audiowo.com\/wp-content\/uploads\/2026\/04\/Distinto-Ritmo-300x300.webp 300w, https:\/\/audiowo.com\/wp-content\/uploads\/2026\/04\/Distinto-Ritmo-768x768.webp 768w, https:\/\/audiowo.com\/wp-content\/uploads\/2026\/04\/Distinto-Ritmo-600x600.webp 600w, https:\/\/audiowo.com\/wp-content\/uploads\/2026\/04\/Distinto-Ritmo-100x100.webp 100w, https:\/\/audiowo.com\/wp-content\/uploads\/2026\/04\/Distinto-Ritmo.webp 1024w\" sizes=\"(max-width: 150px) 100vw, 150px\" \/><\/a><\/div><div class=\"fwpl-item el-yahj8j is-empty\"><\/div><div class=\"fwpl-item el-br4358 is-empty\"><\/div><\/div><\/div><div class=\"fwpl-row el-c8l2u8\"><div class=\"fwpl-col fwpl-col el-t6jqwj\"><\/div><div class=\"fwpl-col fwpl-col el-a1joc\"><\/div><div class=\"fwpl-col fwpl-col el-7574kk\"><\/div><\/div><\/div><div class=\"fwpl-result r20\"><div class=\"fwpl-row el-i4rw4q\"><div class=\"fwpl-col fwpl-col el-qzouz6\"><div class=\"fwpl-item el-7hgxzc\">Compras En Gran V\u00eda<\/div><div class=\"fwpl-item el-kg5n5p\">Vibr\u0113jo\u0161a vasaras himna, kas norisin\u0101s Madrides Gran V\u00eda, svinot br\u012bv\u012bbu, pa\u0161izpausmi un iepirk\u0161an\u0101s prieku k\u0101 sp\u0113ka avotu. Ar silt\u0101m pils\u0113tas gaism\u0101m, drosm\u012bgu modi un p\u0101rliecin\u0101tu attieksmi ska\u0146darbs tver nakts ener\u0123iju, kur\u0101 stils k\u013c\u016bst par identit\u0101ti. <\/div><div class=\"fwpl-item el-rofgfr\"><div class=\"preview-wrap\"><button class=\"preview-btn\" type=\"button\">\u25b6 Listen to preview<\/button><audio class=\"preview-audio\" preload=\"none\" src=\"https:\/\/audiowo.com\/wp-content\/uploads\/2026\/04\/2-Compras-En-Gran-Via-Preview.mp3\"><\/audio><\/div><\/div><\/div><div class=\"fwpl-col fwpl-col el-4bdzms\"><div class=\"fwpl-item el-9t4zzd\"><a href=\"https:\/\/audiowo.com\/lv\/track\/compras-en-gran-via\/\"><img loading=\"lazy\" decoding=\"async\" width=\"150\" height=\"150\" src=\"https:\/\/audiowo.com\/wp-content\/uploads\/2026\/04\/Compras-En-Gran-Via-150x150.webp\" class=\"attachment-thumbnail size-thumbnail wp-post-image\" alt=\"Compras En Gran V\u00eda\" srcset=\"https:\/\/audiowo.com\/wp-content\/uploads\/2026\/04\/Compras-En-Gran-Via-150x150.webp 150w, https:\/\/audiowo.com\/wp-content\/uploads\/2026\/04\/Compras-En-Gran-Via-300x300.webp 300w, https:\/\/audiowo.com\/wp-content\/uploads\/2026\/04\/Compras-En-Gran-Via-768x768.webp 768w, https:\/\/audiowo.com\/wp-content\/uploads\/2026\/04\/Compras-En-Gran-Via-600x600.webp 600w, https:\/\/audiowo.com\/wp-content\/uploads\/2026\/04\/Compras-En-Gran-Via-100x100.webp 100w, https:\/\/audiowo.com\/wp-content\/uploads\/2026\/04\/Compras-En-Gran-Via.webp 1024w\" sizes=\"(max-width: 150px) 100vw, 150px\" \/><\/a><\/div><div class=\"fwpl-item el-yahj8j is-empty\"><\/div><div class=\"fwpl-item el-br4358 is-empty\"><\/div><\/div><\/div><div class=\"fwpl-row el-c8l2u8\"><div class=\"fwpl-col fwpl-col el-t6jqwj\"><\/div><div class=\"fwpl-col fwpl-col el-a1joc\"><\/div><div class=\"fwpl-col fwpl-col el-7574kk\"><\/div><\/div><\/div><\/div>\n<style>\n.fwpl-layout, .fwpl-row {\n    display: grid;\n}\n.fwpl-layout.el-bjk9z {\n    grid-template-columns: repeat(1, 1fr);\n    grid-gap: 10px;\n}\n.fwpl-btn {\n    text-decoration: none;\n}\n.fwpl-row.el-i4rw4q {\n    grid-template-columns: 74.0% 1fr;\n}\n.fwpl-item.el-7hgxzc {\n    padding: 5px 0px 0px 20px;\n    text-align: left;\n    font-weight: bold;\n    font-size: 25px;\n    color: #5d6269;\n}\n.fwpl-item.el-kg5n5p {\n    padding: 10px 0px 10px 20px;\n    font-size: 13px;\n}\n.fwpl-item.el-rofgfr {\n    border-width: 1px 0px 0px 0px;\n    padding: 10px 0px 10px 20px;\n}\n.fwpl-col.el-4bdzms {\n    padding: 0px 20px;\n}\n.fwpl-item.el-9t4zzd {\n    padding: 40px 0px 0px 0px;\n}\n.fwpl-item.el-yahj8j {\n    padding: px 0px 0px 0px;\n    text-align: center;\n    font-weight: bold;\n    font-size: 12px;\n}\n.fwpl-item.el-br4358 {\n    padding: px 0px 0px 0px;\n    text-align: center;\n    font-weight: bold;\n    font-size: 12px;\n}\n.fwpl-row.el-c8l2u8 {\n    grid-template-columns: 36.4% 1fr 1fr;\n    border-style: solid;\n    border-color: #ededed;\n    border-width: 0px 0px 1px 0px;\n    padding: 0px 0px 0px 20px;\n}\n@media (max-width: 480px) { \n    body .facetwp-template .fwpl-layout,  \n    body .facetwp-template-static .fwpl-layout { grid-template-columns: 1fr; } \n} \n\n<\/style>\n<\/div><\/div>\n\t\t\t\t\t\t<\/div>\n\t\t\t\t<\/div>\n\t\t\t\t\t<\/div>\n\t\t\t\t<\/div>\n\t\t\t\t<\/div>\n\t\t","protected":false},"excerpt":{"rendered":"<p>M\u016bzikas bibliot\u0113ka Klausieties m\u016bsu augstas kvalit\u0101tes m\u016bziku<\/p>\n","protected":false},"author":1,"featured_media":0,"parent":0,"menu_order":0,"comment_status":"closed","ping_status":"closed","template":"elementor_header_footer","meta":{"_acf_changed":false,"footnotes":""},"class_list":["post-7612","page","type-page","status-publish","hentry"],"acf":[],"_links":{"self":[{"href":"https:\/\/audiowo.com\/lv\/wp-json\/wp\/v2\/pages\/7612","targetHints":{"allow":["GET"]}}],"collection":[{"href":"https:\/\/audiowo.com\/lv\/wp-json\/wp\/v2\/pages"}],"about":[{"href":"https:\/\/audiowo.com\/lv\/wp-json\/wp\/v2\/types\/page"}],"author":[{"embeddable":true,"href":"https:\/\/audiowo.com\/lv\/wp-json\/wp\/v2\/users\/1"}],"replies":[{"embeddable":true,"href":"https:\/\/audiowo.com\/lv\/wp-json\/wp\/v2\/comments?post=7612"}],"version-history":[{"count":0,"href":"https:\/\/audiowo.com\/lv\/wp-json\/wp\/v2\/pages\/7612\/revisions"}],"wp:attachment":[{"href":"https:\/\/audiowo.com\/lv\/wp-json\/wp\/v2\/media?parent=7612"}],"curies":[{"name":"wp","href":"https:\/\/api.w.org\/{rel}","templated":true}]}}