{"id":8060,"date":"2026-03-26T14:32:02","date_gmt":"2026-03-26T13:32:02","guid":{"rendered":"https:\/\/audiowo.com\/musik\/"},"modified":"2026-04-09T16:24:31","modified_gmt":"2026-04-09T14:24:31","slug":"musik","status":"publish","type":"page","link":"https:\/\/audiowo.com\/sv\/musik\/","title":{"rendered":"Musik"},"content":{"rendered":"\t\t<div data-elementor-type=\"wp-page\" data-elementor-id=\"8060\" class=\"elementor elementor-8060 elementor-393\" data-elementor-post-type=\"page\">\n\t\t\t\t<div class=\"elementor-element elementor-element-8ce723b e-flex e-con-boxed e-con e-parent\" data-id=\"8ce723b\" data-element_type=\"container\" data-e-type=\"container\">\n\t\t\t\t\t<div class=\"e-con-inner\">\n\t\t\t\t<div class=\"elementor-element elementor-element-df01399 elementor-widget elementor-widget-heading\" data-id=\"df01399\" data-element_type=\"widget\" data-e-type=\"widget\" data-widget_type=\"heading.default\">\n\t\t\t\t\t<h1 class=\"elementor-heading-title elementor-size-default\">Musikbibliotek<\/h1>\t\t\t\t<\/div>\n\t\t\t\t\t<\/div>\n\t\t\t\t<\/div>\n\t\t<div class=\"elementor-element elementor-element-695b4cd e-flex e-con-boxed e-con e-parent\" data-id=\"695b4cd\" data-element_type=\"container\" data-e-type=\"container\">\n\t\t\t\t\t<div class=\"e-con-inner\">\n\t\t\t\t<div class=\"elementor-element elementor-element-0558f3a elementor-widget elementor-widget-heading\" data-id=\"0558f3a\" data-element_type=\"widget\" data-e-type=\"widget\" data-widget_type=\"heading.default\">\n\t\t\t\t\t<h2 class=\"elementor-heading-title elementor-size-default\">Lyssna p\u00e5 v\u00e5r h\u00f6gkvalitativa musik<\/h2>\t\t\t\t<\/div>\n\t\t\t\t\t<\/div>\n\t\t\t\t<\/div>\n\t\t<div class=\"elementor-element elementor-element-2d50f02 e-flex e-con-boxed e-con e-parent\" data-id=\"2d50f02\" data-element_type=\"container\" data-e-type=\"container\">\n\t\t\t\t\t<div class=\"e-con-inner\">\n\t\t<div class=\"elementor-element elementor-element-7cf4f72 e-con-full e-flex e-con e-child\" data-id=\"7cf4f72\" data-element_type=\"container\" data-e-type=\"container\" data-settings=\"{&quot;background_background&quot;:&quot;classic&quot;}\">\n\t\t\t\t<div class=\"elementor-element elementor-element-82cf385 elementor-widget elementor-widget-shortcode\" data-id=\"82cf385\" data-element_type=\"widget\" data-e-type=\"widget\" data-widget_type=\"shortcode.default\">\n\t\t\t\t\t\t\t<div class=\"elementor-shortcode\"><div class=\"facetwp-facet facetwp-facet-search facetwp-type-search\" data-name=\"search\" data-type=\"search\"><\/div><\/div>\n\t\t\t\t\t\t<\/div>\n\t\t\t\t<div class=\"elementor-element elementor-element-31c7193 elementor-widget elementor-widget-shortcode\" data-id=\"31c7193\" data-element_type=\"widget\" data-e-type=\"widget\" data-widget_type=\"shortcode.default\">\n\t\t\t\t\t\t\t<div class=\"elementor-shortcode\"><div class=\"facetwp-facet facetwp-facet-category_music facetwp-type-checkboxes\" data-name=\"category_music\" data-type=\"checkboxes\"><\/div><\/div>\n\t\t\t\t\t\t<\/div>\n\t\t\t\t<div class=\"elementor-element elementor-element-7b289ec elementor-widget elementor-widget-shortcode\" data-id=\"7b289ec\" data-element_type=\"widget\" data-e-type=\"widget\" data-widget_type=\"shortcode.default\">\n\t\t\t\t\t\t\t<div class=\"elementor-shortcode\"><div class=\"facetwp-facet facetwp-facet-vocal_type facetwp-type-checkboxes\" data-name=\"vocal_type\" data-type=\"checkboxes\"><\/div><\/div>\n\t\t\t\t\t\t<\/div>\n\t\t\t\t<div class=\"elementor-element elementor-element-9af930e elementor-widget elementor-widget-shortcode\" data-id=\"9af930e\" data-element_type=\"widget\" data-e-type=\"widget\" data-widget_type=\"shortcode.default\">\n\t\t\t\t\t\t\t<div class=\"elementor-shortcode\"><div class=\"facetwp-facet facetwp-facet-languag facetwp-type-checkboxes\" data-name=\"languag\" data-type=\"checkboxes\"><\/div><\/div>\n\t\t\t\t\t\t<\/div>\n\t\t\t\t<\/div>\n\t\t<div class=\"elementor-element elementor-element-6a31cf7 e-con-full e-flex e-con e-child\" data-id=\"6a31cf7\" data-element_type=\"container\" data-e-type=\"container\">\n\t\t\t\t<div class=\"elementor-element elementor-element-be0934f elementor-widget elementor-widget-shortcode\" data-id=\"be0934f\" data-element_type=\"widget\" data-e-type=\"widget\" data-widget_type=\"shortcode.default\">\n\t\t\t\t\t\t\t<div class=\"elementor-shortcode\"><div class=\"facetwp-template\" data-name=\"music_tracks_preview\"><div class=\"fwpl-layout el-bjk9z\"><div class=\"fwpl-result r1\"><div class=\"fwpl-row el-i4rw4q\"><div class=\"fwpl-col fwpl-col el-qzouz6\"><div class=\"fwpl-item el-7hgxzc\">Lisboa<\/div><div class=\"fwpl-item el-kg5n5p\">\u201cLisboa\u201d \u00e4r en sj\u00e4lfull portugisisk popduett inom genren easy listening (85 BPM), som blandar manlig och kvinnlig s\u00e5ng i en varm, emotionell atmosf\u00e4r inspirerad av k\u00e4rlek, saudade och Lissabons tidl\u00f6sa sk\u00f6nhet.<\/div><div class=\"fwpl-item el-rofgfr\"><div class=\"preview-wrap\"><button class=\"preview-btn\" type=\"button\">\u25b6 Listen to preview<\/button><audio class=\"preview-audio\" preload=\"none\" src=\"https:\/\/audiowo.com\/wp-content\/uploads\/2026\/04\/Lisboa-preview.mp3\"><\/audio><\/div><\/div><\/div><div class=\"fwpl-col fwpl-col el-4bdzms\"><div class=\"fwpl-item el-9t4zzd\"><a href=\"https:\/\/audiowo.com\/sv\/track\/lisboa\/\"><img decoding=\"async\" width=\"125\" height=\"125\" src=\"https:\/\/audiowo.com\/wp-content\/uploads\/2026\/04\/Lisboa-125.webp\" class=\"attachment-thumbnail size-thumbnail wp-post-image\" alt=\"Lissabon 125\" srcset=\"https:\/\/audiowo.com\/wp-content\/uploads\/2026\/04\/Lisboa-125.webp 125w, https:\/\/audiowo.com\/wp-content\/uploads\/2026\/04\/Lisboa-125-72x72.webp 72w, https:\/\/audiowo.com\/wp-content\/uploads\/2026\/04\/Lisboa-125-64x64.webp 64w, https:\/\/audiowo.com\/wp-content\/uploads\/2026\/04\/Lisboa-125-100x100.webp 100w\" sizes=\"(max-width: 125px) 100vw, 125px\" \/><\/a><\/div><div class=\"fwpl-item el-yahj8j\"><span class=\"fwpl-term fwpl-term-portugisiska fwpl-tax-language\">Portugisiska<\/span><\/div><div class=\"fwpl-item el-br4358\"><span class=\"fwpl-term fwpl-term-easy-listening fwpl-tax-track-category\">Easy Listening<\/span>, <span class=\"fwpl-term fwpl-term-pop fwpl-tax-track-category\">Pop<\/span><\/div><\/div><\/div><div class=\"fwpl-row el-c8l2u8\"><div class=\"fwpl-col fwpl-col el-t6jqwj\"><\/div><div class=\"fwpl-col fwpl-col el-a1joc\"><\/div><div class=\"fwpl-col fwpl-col el-7574kk\"><\/div><\/div><\/div><div class=\"fwpl-result r2\"><div class=\"fwpl-row el-i4rw4q\"><div class=\"fwpl-col fwpl-col el-qzouz6\"><div class=\"fwpl-item el-7hgxzc\">Noches en Sitges<\/div><div class=\"fwpl-item el-kg5n5p\">En sensuell och st\u00e4mningsfull Latin House-l\u00e5t som f\u00e5ngar magin i sommarn\u00e4tterna i Sitges. Med lena kvinnliga s\u00e5nginsatser och djupa, rytmiska grooves blandar den romantik, frihet och kustn\u00e4ra nattliv till en uppslukande upplevelse. <\/div><div class=\"fwpl-item el-rofgfr\"><div class=\"preview-wrap\"><button class=\"preview-btn\" type=\"button\">\u25b6 Listen to preview<\/button><audio class=\"preview-audio\" preload=\"none\" src=\"https:\/\/audiowo.com\/wp-content\/uploads\/2026\/04\/Noches-en-Sitges-Preview.mp3\"><\/audio><\/div><\/div><\/div><div class=\"fwpl-col fwpl-col el-4bdzms\"><div class=\"fwpl-item el-9t4zzd\"><a href=\"https:\/\/audiowo.com\/sv\/track\/noches-en-sitges\/\"><img decoding=\"async\" width=\"125\" height=\"125\" src=\"https:\/\/audiowo.com\/wp-content\/uploads\/2026\/04\/Noches-en-Sitges-125.webp\" class=\"attachment-thumbnail size-thumbnail wp-post-image\" alt=\"Noches en Sitges 125\" srcset=\"https:\/\/audiowo.com\/wp-content\/uploads\/2026\/04\/Noches-en-Sitges-125.webp 125w, https:\/\/audiowo.com\/wp-content\/uploads\/2026\/04\/Noches-en-Sitges-125-72x72.webp 72w, https:\/\/audiowo.com\/wp-content\/uploads\/2026\/04\/Noches-en-Sitges-125-64x64.webp 64w, https:\/\/audiowo.com\/wp-content\/uploads\/2026\/04\/Noches-en-Sitges-125-100x100.webp 100w\" sizes=\"(max-width: 125px) 100vw, 125px\" \/><\/a><\/div><div class=\"fwpl-item el-yahj8j\"><span class=\"fwpl-term fwpl-term-spanska fwpl-tax-language\">Spanska<\/span><\/div><div class=\"fwpl-item el-br4358\"><span class=\"fwpl-term fwpl-term-house fwpl-tax-track-category\">House<\/span>, <span class=\"fwpl-term fwpl-term-latin fwpl-tax-track-category\">Latin<\/span><\/div><\/div><\/div><div class=\"fwpl-row el-c8l2u8\"><div class=\"fwpl-col fwpl-col el-t6jqwj\"><\/div><div class=\"fwpl-col fwpl-col el-a1joc\"><\/div><div class=\"fwpl-col fwpl-col el-7574kk\"><\/div><\/div><\/div><div class=\"fwpl-result r3\"><div class=\"fwpl-row el-i4rw4q\"><div class=\"fwpl-col fwpl-col el-qzouz6\"><div class=\"fwpl-item el-7hgxzc\">Giardino Ninfa<\/div><div class=\"fwpl-item el-kg5n5p\">\"Giardino Ninfa\" \u00e4r en romantisk italiensk pop easy listening-duett (75 BPM) som blandar manliga och kvinnliga r\u00f6ster i en dr\u00f6msk atmosf\u00e4r inspirerad av tidl\u00f6sa tr\u00e4dg\u00e5rdar, str\u00f6mmande vatten och evig k\u00e4rlek.<\/div><div class=\"fwpl-item el-rofgfr\"><div class=\"preview-wrap\"><button class=\"preview-btn\" type=\"button\">\u25b6 Listen to preview<\/button><audio class=\"preview-audio\" preload=\"none\" src=\"https:\/\/audiowo.com\/wp-content\/uploads\/2026\/04\/Giardino-Ninfa-preview.mp3\"><\/audio><\/div><\/div><\/div><div class=\"fwpl-col fwpl-col el-4bdzms\"><div class=\"fwpl-item el-9t4zzd\"><a href=\"https:\/\/audiowo.com\/sv\/track\/giardino-ninfa\/\"><img decoding=\"async\" width=\"125\" height=\"125\" src=\"https:\/\/audiowo.com\/wp-content\/uploads\/2026\/04\/Giardino-Ninfa-125.webp\" class=\"attachment-thumbnail size-thumbnail wp-post-image\" alt=\"Giardino Ninfa 125\" srcset=\"https:\/\/audiowo.com\/wp-content\/uploads\/2026\/04\/Giardino-Ninfa-125.webp 125w, https:\/\/audiowo.com\/wp-content\/uploads\/2026\/04\/Giardino-Ninfa-125-72x72.webp 72w, https:\/\/audiowo.com\/wp-content\/uploads\/2026\/04\/Giardino-Ninfa-125-64x64.webp 64w, https:\/\/audiowo.com\/wp-content\/uploads\/2026\/04\/Giardino-Ninfa-125-100x100.webp 100w\" sizes=\"(max-width: 125px) 100vw, 125px\" \/><\/a><\/div><div class=\"fwpl-item el-yahj8j\"><span class=\"fwpl-term fwpl-term-italienska fwpl-tax-language\">Italienska<\/span><\/div><div class=\"fwpl-item el-br4358\"><span class=\"fwpl-term fwpl-term-easy-listening fwpl-tax-track-category\">Easy Listening<\/span>, <span class=\"fwpl-term fwpl-term-pop fwpl-tax-track-category\">Pop<\/span><\/div><\/div><\/div><div class=\"fwpl-row el-c8l2u8\"><div class=\"fwpl-col fwpl-col el-t6jqwj\"><\/div><div class=\"fwpl-col fwpl-col el-a1joc\"><\/div><div class=\"fwpl-col fwpl-col el-7574kk\"><\/div><\/div><\/div><div class=\"fwpl-result r4\"><div class=\"fwpl-row el-i4rw4q\"><div class=\"fwpl-col fwpl-col el-qzouz6\"><div class=\"fwpl-item el-7hgxzc\">Albufeira<\/div><div class=\"fwpl-item el-kg5n5p\">\u201cAlbufeira\u201d \u00e4r ett mjukt portugisiskt pop easy listening-sp\u00e5r (85 BPM) med varm kvinnlig s\u00e5ng som f\u00e5ngar magin i sommarn\u00e4tter vid havet \u2013 d\u00e4r k\u00e4rlek, frihet och flyktiga \u00f6gonblick sm\u00e4lter samman till tidl\u00f6sa minnen.<\/div><div class=\"fwpl-item el-rofgfr\"><div class=\"preview-wrap\"><button class=\"preview-btn\" type=\"button\">\u25b6 Listen to preview<\/button><audio class=\"preview-audio\" preload=\"none\" src=\"https:\/\/audiowo.com\/wp-content\/uploads\/2026\/04\/Albufeira-preview.mp3\"><\/audio><\/div><\/div><\/div><div class=\"fwpl-col fwpl-col el-4bdzms\"><div class=\"fwpl-item el-9t4zzd\"><a href=\"https:\/\/audiowo.com\/sv\/track\/albufeira-2\/\"><img loading=\"lazy\" decoding=\"async\" width=\"125\" height=\"125\" src=\"https:\/\/audiowo.com\/wp-content\/uploads\/2026\/04\/albufeira-125.webp\" class=\"attachment-thumbnail size-thumbnail wp-post-image\" alt=\"albufeira 125\" srcset=\"https:\/\/audiowo.com\/wp-content\/uploads\/2026\/04\/albufeira-125.webp 125w, https:\/\/audiowo.com\/wp-content\/uploads\/2026\/04\/albufeira-125-72x72.webp 72w, https:\/\/audiowo.com\/wp-content\/uploads\/2026\/04\/albufeira-125-64x64.webp 64w, https:\/\/audiowo.com\/wp-content\/uploads\/2026\/04\/albufeira-125-100x100.webp 100w\" sizes=\"(max-width: 125px) 100vw, 125px\" \/><\/a><\/div><div class=\"fwpl-item el-yahj8j\"><span class=\"fwpl-term fwpl-term-portugisiska fwpl-tax-language\">Portugisiska<\/span><\/div><div class=\"fwpl-item el-br4358\"><span class=\"fwpl-term fwpl-term-easy-listening fwpl-tax-track-category\">Easy Listening<\/span>, <span class=\"fwpl-term fwpl-term-pop fwpl-tax-track-category\">Pop<\/span><\/div><\/div><\/div><div class=\"fwpl-row el-c8l2u8\"><div class=\"fwpl-col fwpl-col el-t6jqwj\"><\/div><div class=\"fwpl-col fwpl-col el-a1joc\"><\/div><div class=\"fwpl-col fwpl-col el-7574kk\"><\/div><\/div><\/div><div class=\"fwpl-result r5\"><div class=\"fwpl-row el-i4rw4q\"><div class=\"fwpl-col fwpl-col el-qzouz6\"><div class=\"fwpl-item el-7hgxzc\">Albufeira<\/div><div class=\"fwpl-item el-kg5n5p\">\u201cAlbufeira\u201d \u00e4r ett mjukt portugisiskt pop easy listening-sp\u00e5r (85 BPM) med varm kvinnlig s\u00e5ng som f\u00e5ngar magin i sommarn\u00e4tter vid havet \u2013 d\u00e4r k\u00e4rlek, frihet och flyktiga \u00f6gonblick sm\u00e4lter samman till tidl\u00f6sa minnen.<\/div><div class=\"fwpl-item el-rofgfr\"><div class=\"preview-wrap\"><button class=\"preview-btn\" type=\"button\">\u25b6 Listen to preview<\/button><audio class=\"preview-audio\" preload=\"none\" src=\"https:\/\/audiowo.com\/wp-content\/uploads\/2026\/04\/Albufeira-preview.mp3\"><\/audio><\/div><\/div><\/div><div class=\"fwpl-col fwpl-col el-4bdzms\"><div class=\"fwpl-item el-9t4zzd\"><a href=\"https:\/\/audiowo.com\/sv\/track\/albufeira\/\"><img loading=\"lazy\" decoding=\"async\" width=\"125\" height=\"125\" src=\"https:\/\/audiowo.com\/wp-content\/uploads\/2026\/04\/albufeira-125.webp\" class=\"attachment-thumbnail size-thumbnail wp-post-image\" alt=\"albufeira 125\" srcset=\"https:\/\/audiowo.com\/wp-content\/uploads\/2026\/04\/albufeira-125.webp 125w, https:\/\/audiowo.com\/wp-content\/uploads\/2026\/04\/albufeira-125-72x72.webp 72w, https:\/\/audiowo.com\/wp-content\/uploads\/2026\/04\/albufeira-125-64x64.webp 64w, https:\/\/audiowo.com\/wp-content\/uploads\/2026\/04\/albufeira-125-100x100.webp 100w\" sizes=\"(max-width: 125px) 100vw, 125px\" \/><\/a><\/div><div class=\"fwpl-item el-yahj8j is-empty\"><\/div><div class=\"fwpl-item el-br4358 is-empty\"><\/div><\/div><\/div><div class=\"fwpl-row el-c8l2u8\"><div class=\"fwpl-col fwpl-col el-t6jqwj\"><\/div><div class=\"fwpl-col fwpl-col el-a1joc\"><\/div><div class=\"fwpl-col fwpl-col el-7574kk\"><\/div><\/div><\/div><div class=\"fwpl-result r6\"><div class=\"fwpl-row el-i4rw4q\"><div class=\"fwpl-col fwpl-col el-qzouz6\"><div class=\"fwpl-item el-7hgxzc\">Fuengirola<\/div><div class=\"fwpl-item el-kg5n5p\">\u201dFuengirola\u201d \u00e4r ett upplyftande latinpop-sp\u00e5r (100 BPM) med varm manlig s\u00e5ng som f\u00e5ngar soluppg\u00e5ngens stilla magi efter en l\u00e5ng natt \u2013 d\u00e4r klarhet, kontakt och sanna k\u00e4nslor b\u00f6rjar tr\u00e4da fram.<\/div><div class=\"fwpl-item el-rofgfr\"><div class=\"preview-wrap\"><button class=\"preview-btn\" type=\"button\">\u25b6 Listen to preview<\/button><audio class=\"preview-audio\" preload=\"none\" src=\"https:\/\/audiowo.com\/wp-content\/uploads\/2026\/04\/Fuengirola-Preview.mp3\"><\/audio><\/div><\/div><\/div><div class=\"fwpl-col fwpl-col el-4bdzms\"><div class=\"fwpl-item el-9t4zzd\"><a href=\"https:\/\/audiowo.com\/sv\/track\/fuengirola\/\"><img loading=\"lazy\" decoding=\"async\" width=\"125\" height=\"125\" src=\"https:\/\/audiowo.com\/wp-content\/uploads\/2026\/04\/Fuengirola-125.webp\" class=\"attachment-thumbnail size-thumbnail wp-post-image\" alt=\"Fuengirola 125\" srcset=\"https:\/\/audiowo.com\/wp-content\/uploads\/2026\/04\/Fuengirola-125.webp 125w, https:\/\/audiowo.com\/wp-content\/uploads\/2026\/04\/Fuengirola-125-72x72.webp 72w, https:\/\/audiowo.com\/wp-content\/uploads\/2026\/04\/Fuengirola-125-100x100.webp 100w\" sizes=\"(max-width: 125px) 100vw, 125px\" \/><\/a><\/div><div class=\"fwpl-item el-yahj8j\"><span class=\"fwpl-term fwpl-term-spanska fwpl-tax-language\">Spanska<\/span><\/div><div class=\"fwpl-item el-br4358\"><span class=\"fwpl-term fwpl-term-latin fwpl-tax-track-category\">Latin<\/span>, <span class=\"fwpl-term fwpl-term-pop fwpl-tax-track-category\">Pop<\/span><\/div><\/div><\/div><div class=\"fwpl-row el-c8l2u8\"><div class=\"fwpl-col fwpl-col el-t6jqwj\"><\/div><div class=\"fwpl-col fwpl-col el-a1joc\"><\/div><div class=\"fwpl-col fwpl-col el-7574kk\"><\/div><\/div><\/div><div class=\"fwpl-result r7\"><div class=\"fwpl-row el-i4rw4q\"><div class=\"fwpl-col fwpl-col el-qzouz6\"><div class=\"fwpl-item el-7hgxzc\">A Tu Lado, Solo<\/div><div class=\"fwpl-item el-kg5n5p\">\u201cA Tu Lado, Solo\u201d \u00e4r en sj\u00e4lfull latinpopl\u00e5t (85 BPM) med kvinnlig s\u00e5ng som f\u00e5ngar den stilla sm\u00e4rtan i k\u00e4nslom\u00e4ssigt avst\u00e5nd i en relation \u2013 d\u00e4r k\u00e4rleken finns kvar, men kontakten bleknar.<\/div><div class=\"fwpl-item el-rofgfr\"><div class=\"preview-wrap\"><button class=\"preview-btn\" type=\"button\">\u25b6 Listen to preview<\/button><audio class=\"preview-audio\" preload=\"none\" src=\"https:\/\/audiowo.com\/wp-content\/uploads\/2026\/04\/A-Tu-Lado-Solo-preview.mp3\"><\/audio><\/div><\/div><\/div><div class=\"fwpl-col fwpl-col el-4bdzms\"><div class=\"fwpl-item el-9t4zzd\"><a href=\"https:\/\/audiowo.com\/sv\/track\/a-tu-lado-solo\/\"><img loading=\"lazy\" decoding=\"async\" width=\"125\" height=\"125\" src=\"https:\/\/audiowo.com\/wp-content\/uploads\/2026\/04\/A-Tu-Lado-Solo-125.webp\" class=\"attachment-thumbnail size-thumbnail wp-post-image\" alt=\"A Tu Lado, Solo 125\" srcset=\"https:\/\/audiowo.com\/wp-content\/uploads\/2026\/04\/A-Tu-Lado-Solo-125.webp 125w, https:\/\/audiowo.com\/wp-content\/uploads\/2026\/04\/A-Tu-Lado-Solo-125-72x72.webp 72w, https:\/\/audiowo.com\/wp-content\/uploads\/2026\/04\/A-Tu-Lado-Solo-125-100x100.webp 100w\" sizes=\"(max-width: 125px) 100vw, 125px\" \/><\/a><\/div><div class=\"fwpl-item el-yahj8j\"><span class=\"fwpl-term fwpl-term-spanska fwpl-tax-language\">Spanska<\/span><\/div><div class=\"fwpl-item el-br4358\"><span class=\"fwpl-term fwpl-term-latin fwpl-tax-track-category\">Latin<\/span>, <span class=\"fwpl-term fwpl-term-pop fwpl-tax-track-category\">Pop<\/span><\/div><\/div><\/div><div class=\"fwpl-row el-c8l2u8\"><div class=\"fwpl-col fwpl-col el-t6jqwj\"><\/div><div class=\"fwpl-col fwpl-col el-a1joc\"><\/div><div class=\"fwpl-col fwpl-col el-7574kk\"><\/div><\/div><\/div><div class=\"fwpl-result r8\"><div class=\"fwpl-row el-i4rw4q\"><div class=\"fwpl-col fwpl-col el-qzouz6\"><div class=\"fwpl-item el-7hgxzc\">Limoncello Y Verano<\/div><div class=\"fwpl-item el-kg5n5p\">En upptempo latinsk popl\u00e5t fylld med sommar energi, \u201dLimoncello Y Verano\u201d kombinerar livfulla rytmer och str\u00e5lande kvinnlig s\u00e5ng f\u00f6r att f\u00e5nga k\u00e4nslan av varma n\u00e4tter, strandvibbar och sorgl\u00f6s romantik. Fr\u00e4sch, lekfull och full av liv, \u00e4r det en hyllning till sol, smak och of\u00f6rgl\u00f6mliga \u00f6gonblick. <\/div><div class=\"fwpl-item el-rofgfr\"><div class=\"preview-wrap\"><button class=\"preview-btn\" type=\"button\">\u25b6 Listen to preview<\/button><audio class=\"preview-audio\" preload=\"none\" src=\"https:\/\/audiowo.com\/wp-content\/uploads\/2026\/04\/Limoncello-Y-Verano-preview.mp3\"><\/audio><\/div><\/div><\/div><div class=\"fwpl-col fwpl-col el-4bdzms\"><div class=\"fwpl-item el-9t4zzd\"><a href=\"https:\/\/audiowo.com\/sv\/track\/limoncello-y-verano\/\"><img loading=\"lazy\" decoding=\"async\" width=\"125\" height=\"125\" src=\"https:\/\/audiowo.com\/wp-content\/uploads\/2026\/04\/Limoncello-Y-Verano-125.webp\" class=\"attachment-thumbnail size-thumbnail wp-post-image\" alt=\"Limoncello Y Verano 125\" srcset=\"https:\/\/audiowo.com\/wp-content\/uploads\/2026\/04\/Limoncello-Y-Verano-125.webp 125w, https:\/\/audiowo.com\/wp-content\/uploads\/2026\/04\/Limoncello-Y-Verano-125-72x72.webp 72w, https:\/\/audiowo.com\/wp-content\/uploads\/2026\/04\/Limoncello-Y-Verano-125-100x100.webp 100w\" sizes=\"(max-width: 125px) 100vw, 125px\" \/><\/a><\/div><div class=\"fwpl-item el-yahj8j\"><span class=\"fwpl-term fwpl-term-spanska fwpl-tax-language\">Spanska<\/span><\/div><div class=\"fwpl-item el-br4358\"><span class=\"fwpl-term fwpl-term-house fwpl-tax-track-category\">House<\/span>, <span class=\"fwpl-term fwpl-term-latin fwpl-tax-track-category\">Latin<\/span>, <span class=\"fwpl-term fwpl-term-pop fwpl-tax-track-category\">Pop<\/span><\/div><\/div><\/div><div class=\"fwpl-row el-c8l2u8\"><div class=\"fwpl-col fwpl-col el-t6jqwj\"><\/div><div class=\"fwpl-col fwpl-col el-a1joc\"><\/div><div class=\"fwpl-col fwpl-col el-7574kk\"><\/div><\/div><\/div><div class=\"fwpl-result r9\"><div class=\"fwpl-row el-i4rw4q\"><div class=\"fwpl-col fwpl-col el-qzouz6\"><div class=\"fwpl-item el-7hgxzc\">Casi Algo M\u00e1s<\/div><div class=\"fwpl-item el-kg5n5p\">Ett upplyftande latinamerikanskt poppsp\u00e5r som drivs av livfulla rytmer och uttrycksfull kvinnlig s\u00e5ng, och som ber\u00e4ttar historien om en k\u00e4rlek som aldrig fullt ut v\u00e5gar satsa. Medryckande, k\u00e4nslosam och st\u00e4rkande \u2013 \u201dCasi Algo M\u00e1s\u201d blandar dansant energi med relaterbara texter om att k\u00e4nna sitt eget v\u00e4rde. <\/div><div class=\"fwpl-item el-rofgfr\"><div class=\"preview-wrap\"><button class=\"preview-btn\" type=\"button\">\u25b6 Listen to preview<\/button><audio class=\"preview-audio\" preload=\"none\" src=\"https:\/\/audiowo.com\/wp-content\/uploads\/2026\/04\/Casi-Algo-Mas-preview.mp3\"><\/audio><\/div><\/div><\/div><div class=\"fwpl-col fwpl-col el-4bdzms\"><div class=\"fwpl-item el-9t4zzd\"><a href=\"https:\/\/audiowo.com\/sv\/track\/casi-algo-mas\/\"><img loading=\"lazy\" decoding=\"async\" width=\"125\" height=\"125\" src=\"https:\/\/audiowo.com\/wp-content\/uploads\/2026\/04\/Casi-Algo-Mas-125.webp\" class=\"attachment-thumbnail size-thumbnail wp-post-image\" alt=\"Casi Algo M\u00e1s 125\" srcset=\"https:\/\/audiowo.com\/wp-content\/uploads\/2026\/04\/Casi-Algo-Mas-125.webp 125w, https:\/\/audiowo.com\/wp-content\/uploads\/2026\/04\/Casi-Algo-Mas-125-72x72.webp 72w, https:\/\/audiowo.com\/wp-content\/uploads\/2026\/04\/Casi-Algo-Mas-125-100x100.webp 100w\" sizes=\"(max-width: 125px) 100vw, 125px\" \/><\/a><\/div><div class=\"fwpl-item el-yahj8j\"><span class=\"fwpl-term fwpl-term-spanska fwpl-tax-language\">Spanska<\/span><\/div><div class=\"fwpl-item el-br4358\"><span class=\"fwpl-term fwpl-term-latin fwpl-tax-track-category\">Latin<\/span>, <span class=\"fwpl-term fwpl-term-pop fwpl-tax-track-category\">Pop<\/span><\/div><\/div><\/div><div class=\"fwpl-row el-c8l2u8\"><div class=\"fwpl-col fwpl-col el-t6jqwj\"><\/div><div class=\"fwpl-col fwpl-col el-a1joc\"><\/div><div class=\"fwpl-col fwpl-col el-7574kk\"><\/div><\/div><\/div><div class=\"fwpl-result r10\"><div class=\"fwpl-row el-i4rw4q\"><div class=\"fwpl-col fwpl-col el-qzouz6\"><div class=\"fwpl-item el-7hgxzc\">Bilbao en Oto\u00f1o Dorado<\/div><div class=\"fwpl-item el-kg5n5p\">Ett smidigt latinpopsp\u00e5r som blandar k\u00e4nslofull kvinnlig s\u00e5ng med avslappnad manlig rap, mot bakgrund av h\u00f6stens gyllene toner i Bilbao. Varma melodier och reflekterande texter skapar en mogen, utvecklande k\u00e4rlekshistoria insvept i en lugn, atmosf\u00e4risk st\u00e4mning. <\/div><div class=\"fwpl-item el-rofgfr\"><div class=\"preview-wrap\"><button class=\"preview-btn\" type=\"button\">\u25b6 Listen to preview<\/button><audio class=\"preview-audio\" preload=\"none\" src=\"https:\/\/audiowo.com\/wp-content\/uploads\/2026\/04\/Bilbao-en-Otono-Dorado-Preview-1.mp3\"><\/audio><\/div><\/div><\/div><div class=\"fwpl-col fwpl-col el-4bdzms\"><div class=\"fwpl-item el-9t4zzd\"><a href=\"https:\/\/audiowo.com\/sv\/track\/bilbao-en-otono-dorado\/\"><img loading=\"lazy\" decoding=\"async\" width=\"125\" height=\"125\" src=\"https:\/\/audiowo.com\/wp-content\/uploads\/2026\/04\/Bilbao-en-Otono-Dorado-125.webp\" class=\"attachment-thumbnail size-thumbnail wp-post-image\" alt=\"Bilbao en Oto\u00f1o Dorado 125\" srcset=\"https:\/\/audiowo.com\/wp-content\/uploads\/2026\/04\/Bilbao-en-Otono-Dorado-125.webp 125w, https:\/\/audiowo.com\/wp-content\/uploads\/2026\/04\/Bilbao-en-Otono-Dorado-125-72x72.webp 72w, https:\/\/audiowo.com\/wp-content\/uploads\/2026\/04\/Bilbao-en-Otono-Dorado-125-100x100.webp 100w\" sizes=\"(max-width: 125px) 100vw, 125px\" \/><\/a><\/div><div class=\"fwpl-item el-yahj8j\"><span class=\"fwpl-term fwpl-term-spanska fwpl-tax-language\">Spanska<\/span><\/div><div class=\"fwpl-item el-br4358\"><span class=\"fwpl-term fwpl-term-latin fwpl-tax-track-category\">Latin<\/span>, <span class=\"fwpl-term fwpl-term-pop fwpl-tax-track-category\">Pop<\/span>, <span class=\"fwpl-term fwpl-term-rap fwpl-tax-track-category\">Rap<\/span><\/div><\/div><\/div><div class=\"fwpl-row el-c8l2u8\"><div class=\"fwpl-col fwpl-col el-t6jqwj\"><\/div><div class=\"fwpl-col fwpl-col el-a1joc\"><\/div><div class=\"fwpl-col fwpl-col el-7574kk\"><\/div><\/div><\/div><div class=\"fwpl-result r11\"><div class=\"fwpl-row el-i4rw4q\"><div class=\"fwpl-col fwpl-col el-qzouz6\"><div class=\"fwpl-item el-7hgxzc\">L\u2019Estartit och den milda vinden<\/div><div class=\"fwpl-item el-kg5n5p\">En varm latin house-l\u00e5t med sensuell kvinnlig s\u00e5ng, inspirerad av Medelhavets lugn. Mjuka rytmer, dr\u00f6mska melodier och ett avslappnat gung f\u00e5ngar k\u00e4nslan av en gyllene solnedg\u00e5ng i L\u2019Estartit \u2013 d\u00e4r k\u00e4rleken r\u00f6r sig l\u00e5ngsamt och naturligt. <\/div><div class=\"fwpl-item el-rofgfr\"><div class=\"preview-wrap\"><button class=\"preview-btn\" type=\"button\">\u25b6 Listen to preview<\/button><audio class=\"preview-audio\" preload=\"none\" src=\"https:\/\/audiowo.com\/wp-content\/uploads\/2026\/04\/LEstartit-Y-El-Viento-Suave-Preview.mp3\"><\/audio><\/div><\/div><\/div><div class=\"fwpl-col fwpl-col el-4bdzms\"><div class=\"fwpl-item el-9t4zzd\"><a href=\"https:\/\/audiowo.com\/sv\/track\/lestartit-y-el-viento-suave\/\"><img loading=\"lazy\" decoding=\"async\" width=\"150\" height=\"150\" src=\"https:\/\/audiowo.com\/wp-content\/uploads\/2026\/04\/LEstartit-Y-El-Viento-Suave-150x150.webp\" class=\"attachment-thumbnail size-thumbnail wp-post-image\" alt=\"L\u2019Estartit och den milda vinden\" srcset=\"https:\/\/audiowo.com\/wp-content\/uploads\/2026\/04\/LEstartit-Y-El-Viento-Suave-150x150.webp 150w, https:\/\/audiowo.com\/wp-content\/uploads\/2026\/04\/LEstartit-Y-El-Viento-Suave-300x300.webp 300w, https:\/\/audiowo.com\/wp-content\/uploads\/2026\/04\/LEstartit-Y-El-Viento-Suave-768x768.webp 768w, https:\/\/audiowo.com\/wp-content\/uploads\/2026\/04\/LEstartit-Y-El-Viento-Suave-600x600.webp 600w, https:\/\/audiowo.com\/wp-content\/uploads\/2026\/04\/LEstartit-Y-El-Viento-Suave-100x100.webp 100w, https:\/\/audiowo.com\/wp-content\/uploads\/2026\/04\/LEstartit-Y-El-Viento-Suave.webp 1024w\" sizes=\"(max-width: 150px) 100vw, 150px\" \/><\/a><\/div><div class=\"fwpl-item el-yahj8j\"><span class=\"fwpl-term fwpl-term-spanska fwpl-tax-language\">Spanska<\/span><\/div><div class=\"fwpl-item el-br4358\"><span class=\"fwpl-term fwpl-term-house fwpl-tax-track-category\">House<\/span>, <span class=\"fwpl-term fwpl-term-latin fwpl-tax-track-category\">Latin<\/span><\/div><\/div><\/div><div class=\"fwpl-row el-c8l2u8\"><div class=\"fwpl-col fwpl-col el-t6jqwj\"><\/div><div class=\"fwpl-col fwpl-col el-a1joc\"><\/div><div class=\"fwpl-col fwpl-col el-7574kk\"><\/div><\/div><\/div><div class=\"fwpl-result r12\"><div class=\"fwpl-row el-i4rw4q\"><div class=\"fwpl-col fwpl-col el-qzouz6\"><div class=\"fwpl-item el-7hgxzc\">Tossa De Mar i augusti<\/div><div class=\"fwpl-item el-kg5n5p\">Ett varmt och st\u00e4mningsfullt Latin House-sp\u00e5r som f\u00e5ngar magin fr\u00e5n sommarn\u00e4tter i Tossa de Mar. Med mjuk kvinnlig s\u00e5ng och djupa rytmer blandar det k\u00e4nsla, frihet och medelhavsk\u00e4nsla till ett of\u00f6rgl\u00f6mligt sound. <\/div><div class=\"fwpl-item el-rofgfr\"><div class=\"preview-wrap\"><button class=\"preview-btn\" type=\"button\">\u25b6 Listen to preview<\/button><audio class=\"preview-audio\" preload=\"none\" src=\"https:\/\/audiowo.com\/wp-content\/uploads\/2026\/04\/Tossa-De-Mar-En-Agosto-Preview.mp3\"><\/audio><\/div><\/div><\/div><div class=\"fwpl-col fwpl-col el-4bdzms\"><div class=\"fwpl-item el-9t4zzd\"><a href=\"https:\/\/audiowo.com\/sv\/track\/tossa-de-mar-en-agosto\/\"><img loading=\"lazy\" decoding=\"async\" width=\"150\" height=\"150\" src=\"https:\/\/audiowo.com\/wp-content\/uploads\/2026\/04\/Tossa-de-Mar-En-Agosto-150x150.webp\" class=\"attachment-thumbnail size-thumbnail wp-post-image\" alt=\"Tossa de Mar i augusti\" srcset=\"https:\/\/audiowo.com\/wp-content\/uploads\/2026\/04\/Tossa-de-Mar-En-Agosto-150x150.webp 150w, https:\/\/audiowo.com\/wp-content\/uploads\/2026\/04\/Tossa-de-Mar-En-Agosto-300x300.webp 300w, https:\/\/audiowo.com\/wp-content\/uploads\/2026\/04\/Tossa-de-Mar-En-Agosto-768x768.webp 768w, https:\/\/audiowo.com\/wp-content\/uploads\/2026\/04\/Tossa-de-Mar-En-Agosto-600x600.webp 600w, https:\/\/audiowo.com\/wp-content\/uploads\/2026\/04\/Tossa-de-Mar-En-Agosto-100x100.webp 100w, https:\/\/audiowo.com\/wp-content\/uploads\/2026\/04\/Tossa-de-Mar-En-Agosto.webp 1024w\" sizes=\"(max-width: 150px) 100vw, 150px\" \/><\/a><\/div><div class=\"fwpl-item el-yahj8j\"><span class=\"fwpl-term fwpl-term-spanska fwpl-tax-language\">Spanska<\/span><\/div><div class=\"fwpl-item el-br4358\"><span class=\"fwpl-term fwpl-term-house fwpl-tax-track-category\">House<\/span>, <span class=\"fwpl-term fwpl-term-latin fwpl-tax-track-category\">Latin<\/span><\/div><\/div><\/div><div class=\"fwpl-row el-c8l2u8\"><div class=\"fwpl-col fwpl-col el-t6jqwj\"><\/div><div class=\"fwpl-col fwpl-col el-a1joc\"><\/div><div class=\"fwpl-col fwpl-col el-7574kk\"><\/div><\/div><\/div><div class=\"fwpl-result r13\"><div class=\"fwpl-row el-i4rw4q\"><div class=\"fwpl-col fwpl-col el-qzouz6\"><div class=\"fwpl-item el-7hgxzc\">\u00c4revarv<\/div><div class=\"fwpl-item el-kg5n5p\">En ljus och upplyftande instrumental som blandar indie folk-charm med modern popenergi. Ett f\u00f6retagssp\u00e5r drivet av banjo, akustisk gitarr och ett varmt sv\u00e4ng, som levererar en dynamisk och feel-good-atmosf\u00e4r med en nostalgisk touch. <\/div><div class=\"fwpl-item el-rofgfr\"><div class=\"preview-wrap\"><button class=\"preview-btn\" type=\"button\">\u25b6 Listen to preview<\/button><audio class=\"preview-audio\" preload=\"none\" src=\"https:\/\/audiowo.com\/wp-content\/uploads\/2026\/04\/Victory-Lap-Preview.mp3\"><\/audio><\/div><\/div><\/div><div class=\"fwpl-col fwpl-col el-4bdzms\"><div class=\"fwpl-item el-9t4zzd\"><a href=\"https:\/\/audiowo.com\/sv\/track\/victory-lap\/\"><img loading=\"lazy\" decoding=\"async\" width=\"150\" height=\"150\" src=\"https:\/\/audiowo.com\/wp-content\/uploads\/2026\/04\/Victory-Lap-150x150.webp\" class=\"attachment-thumbnail size-thumbnail wp-post-image\" alt=\"Victory Lap\" srcset=\"https:\/\/audiowo.com\/wp-content\/uploads\/2026\/04\/Victory-Lap-150x150.webp 150w, https:\/\/audiowo.com\/wp-content\/uploads\/2026\/04\/Victory-Lap-300x300.webp 300w, https:\/\/audiowo.com\/wp-content\/uploads\/2026\/04\/Victory-Lap-768x768.webp 768w, https:\/\/audiowo.com\/wp-content\/uploads\/2026\/04\/Victory-Lap-600x600.webp 600w, https:\/\/audiowo.com\/wp-content\/uploads\/2026\/04\/Victory-Lap-100x100.webp 100w, https:\/\/audiowo.com\/wp-content\/uploads\/2026\/04\/Victory-Lap.webp 1024w\" sizes=\"(max-width: 150px) 100vw, 150px\" \/><\/a><\/div><div class=\"fwpl-item el-yahj8j\"><span class=\"fwpl-term fwpl-term-instrumental fwpl-tax-language\">Instrumental<\/span><\/div><div class=\"fwpl-item el-br4358\"><span class=\"fwpl-term fwpl-term-foretag fwpl-tax-track-category\">F\u00f6retag<\/span><\/div><\/div><\/div><div class=\"fwpl-row el-c8l2u8\"><div class=\"fwpl-col fwpl-col el-t6jqwj\"><\/div><div class=\"fwpl-col fwpl-col el-a1joc\"><\/div><div class=\"fwpl-col fwpl-col el-7574kk\"><\/div><\/div><\/div><div class=\"fwpl-result r14\"><div class=\"fwpl-row el-i4rw4q\"><div class=\"fwpl-col fwpl-col el-qzouz6\"><div class=\"fwpl-item el-7hgxzc\">Velvet Nights<\/div><div class=\"fwpl-item el-kg5n5p\">En mjuk och f\u00f6rf\u00f6risk instrumental l\u00e5t som blandar latin lounge-vibbar med moderna house-grooves. \u201cVelvet Nights\u201d levererar en varm, rytmisk atmosf\u00e4r driven av piano, slagverk och djup bas, perfekt f\u00f6r sena kv\u00e4llsst\u00e4mningar. <\/div><div class=\"fwpl-item el-rofgfr\"><div class=\"preview-wrap\"><button class=\"preview-btn\" type=\"button\">\u25b6 Listen to preview<\/button><audio class=\"preview-audio\" preload=\"none\" src=\"https:\/\/audiowo.com\/wp-content\/uploads\/2026\/04\/Velvet-Nights-Preview.mp3\"><\/audio><\/div><\/div><\/div><div class=\"fwpl-col fwpl-col el-4bdzms\"><div class=\"fwpl-item el-9t4zzd\"><a href=\"https:\/\/audiowo.com\/sv\/track\/velvet-nights\/\"><img loading=\"lazy\" decoding=\"async\" width=\"150\" height=\"150\" src=\"https:\/\/audiowo.com\/wp-content\/uploads\/2026\/04\/Velvet-nights-150x150.webp\" class=\"attachment-thumbnail size-thumbnail wp-post-image\" alt=\"Velvet nights\" srcset=\"https:\/\/audiowo.com\/wp-content\/uploads\/2026\/04\/Velvet-nights-150x150.webp 150w, https:\/\/audiowo.com\/wp-content\/uploads\/2026\/04\/Velvet-nights-300x300.webp 300w, https:\/\/audiowo.com\/wp-content\/uploads\/2026\/04\/Velvet-nights-768x768.webp 768w, https:\/\/audiowo.com\/wp-content\/uploads\/2026\/04\/Velvet-nights-600x600.webp 600w, https:\/\/audiowo.com\/wp-content\/uploads\/2026\/04\/Velvet-nights-100x100.webp 100w, https:\/\/audiowo.com\/wp-content\/uploads\/2026\/04\/Velvet-nights.webp 1024w\" sizes=\"(max-width: 150px) 100vw, 150px\" \/><\/a><\/div><div class=\"fwpl-item el-yahj8j\"><span class=\"fwpl-term fwpl-term-instrumental fwpl-tax-language\">Instrumental<\/span><\/div><div class=\"fwpl-item el-br4358\"><span class=\"fwpl-term fwpl-term-house fwpl-tax-track-category\">House<\/span>, <span class=\"fwpl-term fwpl-term-latin fwpl-tax-track-category\">Latin<\/span><\/div><\/div><\/div><div class=\"fwpl-row el-c8l2u8\"><div class=\"fwpl-col fwpl-col el-t6jqwj\"><\/div><div class=\"fwpl-col fwpl-col el-a1joc\"><\/div><div class=\"fwpl-col fwpl-col el-7574kk\"><\/div><\/div><\/div><div class=\"fwpl-result r15\"><div class=\"fwpl-row el-i4rw4q\"><div class=\"fwpl-col fwpl-col el-qzouz6\"><div class=\"fwpl-item el-7hgxzc\">Ligero Pero Real<\/div><div class=\"fwpl-item el-kg5n5p\">En upplyftande och uppriktig latinsk l\u00e5t om k\u00e4rlek utan press eller drama. \u201dLigero Pero Real\u201d hyllar en lugn, \u00e4rlig f\u00f6rbindelse d\u00e4r k\u00e4nslor \u00e4r enkla, \u00e4kta och djupt meningsfulla. <\/div><div class=\"fwpl-item el-rofgfr\"><div class=\"preview-wrap\"><button class=\"preview-btn\" type=\"button\">\u25b6 Listen to preview<\/button><audio class=\"preview-audio\" preload=\"none\" src=\"https:\/\/audiowo.com\/wp-content\/uploads\/2026\/04\/Ligero-Pero-Real-preview.mp3\"><\/audio><\/div><\/div><\/div><div class=\"fwpl-col fwpl-col el-4bdzms\"><div class=\"fwpl-item el-9t4zzd\"><a href=\"https:\/\/audiowo.com\/sv\/track\/ligero-pero-real\/\"><img loading=\"lazy\" decoding=\"async\" width=\"150\" height=\"150\" src=\"https:\/\/audiowo.com\/wp-content\/uploads\/2026\/04\/Ligero-pero-real_-at-sunset-150x150.webp\" class=\"attachment-thumbnail size-thumbnail wp-post-image\" alt=\"Ligero pero real_ vid solnedg\u00e5ngen\" srcset=\"https:\/\/audiowo.com\/wp-content\/uploads\/2026\/04\/Ligero-pero-real_-at-sunset-150x150.webp 150w, https:\/\/audiowo.com\/wp-content\/uploads\/2026\/04\/Ligero-pero-real_-at-sunset-300x300.webp 300w, https:\/\/audiowo.com\/wp-content\/uploads\/2026\/04\/Ligero-pero-real_-at-sunset-768x768.webp 768w, https:\/\/audiowo.com\/wp-content\/uploads\/2026\/04\/Ligero-pero-real_-at-sunset-600x600.webp 600w, https:\/\/audiowo.com\/wp-content\/uploads\/2026\/04\/Ligero-pero-real_-at-sunset-100x100.webp 100w, https:\/\/audiowo.com\/wp-content\/uploads\/2026\/04\/Ligero-pero-real_-at-sunset.webp 1024w\" sizes=\"(max-width: 150px) 100vw, 150px\" \/><\/a><\/div><div class=\"fwpl-item el-yahj8j\"><span class=\"fwpl-term fwpl-term-spanska fwpl-tax-language\">Spanska<\/span><\/div><div class=\"fwpl-item el-br4358\"><span class=\"fwpl-term fwpl-term-latin fwpl-tax-track-category\">Latin<\/span>, <span class=\"fwpl-term fwpl-term-pop fwpl-tax-track-category\">Pop<\/span><\/div><\/div><\/div><div class=\"fwpl-row el-c8l2u8\"><div class=\"fwpl-col fwpl-col el-t6jqwj\"><\/div><div class=\"fwpl-col fwpl-col el-a1joc\"><\/div><div class=\"fwpl-col fwpl-col el-7574kk\"><\/div><\/div><\/div><div class=\"fwpl-result r16\"><div class=\"fwpl-row el-i4rw4q\"><div class=\"fwpl-col fwpl-col el-qzouz6\"><div class=\"fwpl-item el-7hgxzc\">Mojito y Sol<\/div><div class=\"fwpl-item el-kg5n5p\">Ett ljust och upplyftande latinsp\u00e5r som hyllar sommaren, friheten och bekymmersfria stunder vid havet. \u201cMojito y Sol\u201d blandar tropiska vibbar med glad energi och f\u00e5ngar k\u00e4nslan av att leva fullt ut i nuet. <\/div><div class=\"fwpl-item el-rofgfr\"><div class=\"preview-wrap\"><button class=\"preview-btn\" type=\"button\">\u25b6 Listen to preview<\/button><audio class=\"preview-audio\" preload=\"none\" src=\"https:\/\/audiowo.com\/wp-content\/uploads\/2026\/04\/Mojito-y-Sol-preview.mp3\"><\/audio><\/div><\/div><\/div><div class=\"fwpl-col fwpl-col el-4bdzms\"><div class=\"fwpl-item el-9t4zzd\"><a href=\"https:\/\/audiowo.com\/sv\/track\/mojito-y-sol\/\"><img loading=\"lazy\" decoding=\"async\" width=\"150\" height=\"150\" src=\"https:\/\/audiowo.com\/wp-content\/uploads\/2026\/04\/Mojito-y-Sol-150x150.webp\" class=\"attachment-thumbnail size-thumbnail wp-post-image\" alt=\"Mojito y Sol\" srcset=\"https:\/\/audiowo.com\/wp-content\/uploads\/2026\/04\/Mojito-y-Sol-150x150.webp 150w, https:\/\/audiowo.com\/wp-content\/uploads\/2026\/04\/Mojito-y-Sol-300x300.webp 300w, https:\/\/audiowo.com\/wp-content\/uploads\/2026\/04\/Mojito-y-Sol-768x768.webp 768w, https:\/\/audiowo.com\/wp-content\/uploads\/2026\/04\/Mojito-y-Sol-600x600.webp 600w, https:\/\/audiowo.com\/wp-content\/uploads\/2026\/04\/Mojito-y-Sol-100x100.webp 100w, https:\/\/audiowo.com\/wp-content\/uploads\/2026\/04\/Mojito-y-Sol.webp 1024w\" sizes=\"(max-width: 150px) 100vw, 150px\" \/><\/a><\/div><div class=\"fwpl-item el-yahj8j\"><span class=\"fwpl-term fwpl-term-spanska fwpl-tax-language\">Spanska<\/span><\/div><div class=\"fwpl-item el-br4358\"><span class=\"fwpl-term fwpl-term-latin fwpl-tax-track-category\">Latin<\/span>, <span class=\"fwpl-term fwpl-term-pop fwpl-tax-track-category\">Pop<\/span><\/div><\/div><\/div><div class=\"fwpl-row el-c8l2u8\"><div class=\"fwpl-col fwpl-col el-t6jqwj\"><\/div><div class=\"fwpl-col fwpl-col el-a1joc\"><\/div><div class=\"fwpl-col fwpl-col el-7574kk\"><\/div><\/div><\/div><div class=\"fwpl-result r17\"><div class=\"fwpl-row el-i4rw4q\"><div class=\"fwpl-col fwpl-col el-qzouz6\"><div class=\"fwpl-item el-7hgxzc\">F\u00f6r mycket stolthet<\/div><div class=\"fwpl-item el-kg5n5p\">En kraftfull duett som blandar melodisk s\u00e5ng och rap, \u201dDemasiado Orgullo\u201d utforskar hur stolthet tyst kan f\u00f6rst\u00f6ra k\u00e4rlek. Med r\u00e5a k\u00e4nslor och \u00e4rligt ber\u00e4ttande f\u00e5ngar sp\u00e5ret sp\u00e4nningen mellan ego och s\u00e5rbarhet i moderna relationer. <\/div><div class=\"fwpl-item el-rofgfr\"><div class=\"preview-wrap\"><button class=\"preview-btn\" type=\"button\">\u25b6 Listen to preview<\/button><audio class=\"preview-audio\" preload=\"none\" src=\"https:\/\/audiowo.com\/wp-content\/uploads\/2026\/04\/Demasiado-Orgullo-Preview.mp3\"><\/audio><\/div><\/div><\/div><div class=\"fwpl-col fwpl-col el-4bdzms\"><div class=\"fwpl-item el-9t4zzd\"><a href=\"https:\/\/audiowo.com\/sv\/track\/demasiado-orgullo\/\"><img loading=\"lazy\" decoding=\"async\" width=\"150\" height=\"150\" src=\"https:\/\/audiowo.com\/wp-content\/uploads\/2026\/04\/Demasiado-Orgullo-150x150.webp\" class=\"attachment-thumbnail size-thumbnail wp-post-image\" alt=\"F\u00f6r mycket stolthet\" srcset=\"https:\/\/audiowo.com\/wp-content\/uploads\/2026\/04\/Demasiado-Orgullo-150x150.webp 150w, https:\/\/audiowo.com\/wp-content\/uploads\/2026\/04\/Demasiado-Orgullo-300x300.webp 300w, https:\/\/audiowo.com\/wp-content\/uploads\/2026\/04\/Demasiado-Orgullo-768x768.webp 768w, https:\/\/audiowo.com\/wp-content\/uploads\/2026\/04\/Demasiado-Orgullo-600x600.webp 600w, https:\/\/audiowo.com\/wp-content\/uploads\/2026\/04\/Demasiado-Orgullo-100x100.webp 100w, https:\/\/audiowo.com\/wp-content\/uploads\/2026\/04\/Demasiado-Orgullo.webp 1024w\" sizes=\"(max-width: 150px) 100vw, 150px\" \/><\/a><\/div><div class=\"fwpl-item el-yahj8j\"><span class=\"fwpl-term fwpl-term-spanska fwpl-tax-language\">Spanska<\/span><\/div><div class=\"fwpl-item el-br4358\"><span class=\"fwpl-term fwpl-term-latin fwpl-tax-track-category\">Latin<\/span>, <span class=\"fwpl-term fwpl-term-pop fwpl-tax-track-category\">Pop<\/span>, <span class=\"fwpl-term fwpl-term-rap fwpl-tax-track-category\">Rap<\/span><\/div><\/div><\/div><div class=\"fwpl-row el-c8l2u8\"><div class=\"fwpl-col fwpl-col el-t6jqwj\"><\/div><div class=\"fwpl-col fwpl-col el-a1joc\"><\/div><div class=\"fwpl-col fwpl-col el-7574kk\"><\/div><\/div><\/div><div class=\"fwpl-result r18\"><div class=\"fwpl-row el-i4rw4q\"><div class=\"fwpl-col fwpl-col el-qzouz6\"><div class=\"fwpl-item el-7hgxzc\">Under akvedukten i Segovia<\/div><div class=\"fwpl-item el-kg5n5p\">Ett tidl\u00f6st och romantiskt sp\u00e5r inspirerat av den antika akvedukten i Segovia, d\u00e4r k\u00e4rlek, historia och stillhet m\u00f6ts. Det ber\u00e4ttar en historia om en samh\u00f6righet som k\u00e4nns best\u00e5ende, br\u00e4cklig och kraftfull p\u00e5 samma g\u00e5ng. <\/div><div class=\"fwpl-item el-rofgfr\"><div class=\"preview-wrap\"><button class=\"preview-btn\" type=\"button\">\u25b6 Listen to preview<\/button><audio class=\"preview-audio\" preload=\"none\" src=\"https:\/\/audiowo.com\/wp-content\/uploads\/2026\/04\/4-Bajo-el-acueducto-de-Segovia-Preview.mp3\"><\/audio><\/div><\/div><\/div><div class=\"fwpl-col fwpl-col el-4bdzms\"><div class=\"fwpl-item el-9t4zzd\"><a href=\"https:\/\/audiowo.com\/sv\/track\/under-akvedukten-i-segovia\/\"><img loading=\"lazy\" decoding=\"async\" width=\"150\" height=\"150\" src=\"https:\/\/audiowo.com\/wp-content\/uploads\/2026\/04\/Bajo-el-acueducto-de-Segovia-150x150.webp\" class=\"attachment-thumbnail size-thumbnail wp-post-image\" alt=\"Bajo el acueducto de Segovia\" srcset=\"https:\/\/audiowo.com\/wp-content\/uploads\/2026\/04\/Bajo-el-acueducto-de-Segovia-150x150.webp 150w, https:\/\/audiowo.com\/wp-content\/uploads\/2026\/04\/Bajo-el-acueducto-de-Segovia-300x300.webp 300w, https:\/\/audiowo.com\/wp-content\/uploads\/2026\/04\/Bajo-el-acueducto-de-Segovia-768x768.webp 768w, https:\/\/audiowo.com\/wp-content\/uploads\/2026\/04\/Bajo-el-acueducto-de-Segovia-600x600.webp 600w, https:\/\/audiowo.com\/wp-content\/uploads\/2026\/04\/Bajo-el-acueducto-de-Segovia-100x100.webp 100w, https:\/\/audiowo.com\/wp-content\/uploads\/2026\/04\/Bajo-el-acueducto-de-Segovia.webp 1024w\" sizes=\"(max-width: 150px) 100vw, 150px\" \/><\/a><\/div><div class=\"fwpl-item el-yahj8j is-empty\"><\/div><div class=\"fwpl-item el-br4358 is-empty\"><\/div><\/div><\/div><div class=\"fwpl-row el-c8l2u8\"><div class=\"fwpl-col fwpl-col el-t6jqwj\"><\/div><div class=\"fwpl-col fwpl-col el-a1joc\"><\/div><div class=\"fwpl-col fwpl-col el-7574kk\"><\/div><\/div><\/div><div class=\"fwpl-result r19\"><div class=\"fwpl-row el-i4rw4q\"><div class=\"fwpl-col fwpl-col el-qzouz6\"><div class=\"fwpl-item el-7hgxzc\">Distinto Ritmo<\/div><div class=\"fwpl-item el-kg5n5p\">Distinto Ritmo, ett hj\u00e4rtligt, introspektivt sp\u00e5r om k\u00e4rlek som v\u00e4xer i olika hastigheter. Genom att blanda emotion med \u00e4rlighet utforskar det sp\u00e4nningen mellan samh\u00f6righet och personlig l\u00e4kning och f\u00e5ngar sk\u00f6nheten i relationer som utvecklas i sin egen rytm. <\/div><div class=\"fwpl-item el-rofgfr\"><div class=\"preview-wrap\"><button class=\"preview-btn\" type=\"button\">\u25b6 Listen to preview<\/button><audio class=\"preview-audio\" preload=\"none\" src=\"https:\/\/audiowo.com\/wp-content\/uploads\/2026\/04\/3-Distinto-Ritmo-Preview.mp3\"><\/audio><\/div><\/div><\/div><div class=\"fwpl-col fwpl-col el-4bdzms\"><div class=\"fwpl-item el-9t4zzd\"><a href=\"https:\/\/audiowo.com\/sv\/track\/distinto-ritmo\/\"><img loading=\"lazy\" decoding=\"async\" width=\"150\" height=\"150\" src=\"https:\/\/audiowo.com\/wp-content\/uploads\/2026\/04\/Distinto-Ritmo-150x150.webp\" class=\"attachment-thumbnail size-thumbnail wp-post-image\" alt=\"Distinto Ritmo\" srcset=\"https:\/\/audiowo.com\/wp-content\/uploads\/2026\/04\/Distinto-Ritmo-150x150.webp 150w, https:\/\/audiowo.com\/wp-content\/uploads\/2026\/04\/Distinto-Ritmo-300x300.webp 300w, https:\/\/audiowo.com\/wp-content\/uploads\/2026\/04\/Distinto-Ritmo-768x768.webp 768w, https:\/\/audiowo.com\/wp-content\/uploads\/2026\/04\/Distinto-Ritmo-600x600.webp 600w, https:\/\/audiowo.com\/wp-content\/uploads\/2026\/04\/Distinto-Ritmo-100x100.webp 100w, https:\/\/audiowo.com\/wp-content\/uploads\/2026\/04\/Distinto-Ritmo.webp 1024w\" sizes=\"(max-width: 150px) 100vw, 150px\" \/><\/a><\/div><div class=\"fwpl-item el-yahj8j is-empty\"><\/div><div class=\"fwpl-item el-br4358 is-empty\"><\/div><\/div><\/div><div class=\"fwpl-row el-c8l2u8\"><div class=\"fwpl-col fwpl-col el-t6jqwj\"><\/div><div class=\"fwpl-col fwpl-col el-a1joc\"><\/div><div class=\"fwpl-col fwpl-col el-7574kk\"><\/div><\/div><\/div><div class=\"fwpl-result r20\"><div class=\"fwpl-row el-i4rw4q\"><div class=\"fwpl-col fwpl-col el-qzouz6\"><div class=\"fwpl-item el-7hgxzc\">Compras En Gran V\u00eda<\/div><div class=\"fwpl-item el-kg5n5p\">En livfull sommarhymn som utspelar sig p\u00e5 Madrids Gran V\u00eda och hyllar frihet, sj\u00e4lvuttryck och gl\u00e4djen i shopping som en form av egenmakt. Med varma stadsljus, dj\u00e4rvt mode och en sj\u00e4lvs\u00e4ker attityd f\u00e5ngar sp\u00e5ret energin i en natt d\u00e4r stil blir till identitet. <\/div><div class=\"fwpl-item el-rofgfr\"><div class=\"preview-wrap\"><button class=\"preview-btn\" type=\"button\">\u25b6 Listen to preview<\/button><audio class=\"preview-audio\" preload=\"none\" src=\"https:\/\/audiowo.com\/wp-content\/uploads\/2026\/04\/2-Compras-En-Gran-Via-Preview.mp3\"><\/audio><\/div><\/div><\/div><div class=\"fwpl-col fwpl-col el-4bdzms\"><div class=\"fwpl-item el-9t4zzd\"><a href=\"https:\/\/audiowo.com\/sv\/track\/compras-en-gran-via\/\"><img loading=\"lazy\" decoding=\"async\" width=\"150\" height=\"150\" src=\"https:\/\/audiowo.com\/wp-content\/uploads\/2026\/04\/Compras-En-Gran-Via-150x150.webp\" class=\"attachment-thumbnail size-thumbnail wp-post-image\" alt=\"Compras En Gran V\u00eda\" srcset=\"https:\/\/audiowo.com\/wp-content\/uploads\/2026\/04\/Compras-En-Gran-Via-150x150.webp 150w, https:\/\/audiowo.com\/wp-content\/uploads\/2026\/04\/Compras-En-Gran-Via-300x300.webp 300w, https:\/\/audiowo.com\/wp-content\/uploads\/2026\/04\/Compras-En-Gran-Via-768x768.webp 768w, https:\/\/audiowo.com\/wp-content\/uploads\/2026\/04\/Compras-En-Gran-Via-600x600.webp 600w, https:\/\/audiowo.com\/wp-content\/uploads\/2026\/04\/Compras-En-Gran-Via-100x100.webp 100w, https:\/\/audiowo.com\/wp-content\/uploads\/2026\/04\/Compras-En-Gran-Via.webp 1024w\" sizes=\"(max-width: 150px) 100vw, 150px\" \/><\/a><\/div><div class=\"fwpl-item el-yahj8j is-empty\"><\/div><div class=\"fwpl-item el-br4358 is-empty\"><\/div><\/div><\/div><div class=\"fwpl-row el-c8l2u8\"><div class=\"fwpl-col fwpl-col el-t6jqwj\"><\/div><div class=\"fwpl-col fwpl-col el-a1joc\"><\/div><div class=\"fwpl-col fwpl-col el-7574kk\"><\/div><\/div><\/div><\/div>\n<style>\n.fwpl-layout, .fwpl-row {\n    display: grid;\n}\n.fwpl-layout.el-bjk9z {\n    grid-template-columns: repeat(1, 1fr);\n    grid-gap: 10px;\n}\n.fwpl-btn {\n    text-decoration: none;\n}\n.fwpl-row.el-i4rw4q {\n    grid-template-columns: 74.0% 1fr;\n}\n.fwpl-item.el-7hgxzc {\n    padding: 5px 0px 0px 20px;\n    text-align: left;\n    font-weight: bold;\n    font-size: 25px;\n    color: #5d6269;\n}\n.fwpl-item.el-kg5n5p {\n    padding: 10px 0px 10px 20px;\n    font-size: 13px;\n}\n.fwpl-item.el-rofgfr {\n    border-width: 1px 0px 0px 0px;\n    padding: 10px 0px 10px 20px;\n}\n.fwpl-col.el-4bdzms {\n    padding: 0px 20px;\n}\n.fwpl-item.el-9t4zzd {\n    padding: 40px 0px 0px 0px;\n}\n.fwpl-item.el-yahj8j {\n    padding: px 0px 0px 0px;\n    text-align: center;\n    font-weight: bold;\n    font-size: 12px;\n}\n.fwpl-item.el-br4358 {\n    padding: px 0px 0px 0px;\n    text-align: center;\n    font-weight: bold;\n    font-size: 12px;\n}\n.fwpl-row.el-c8l2u8 {\n    grid-template-columns: 36.4% 1fr 1fr;\n    border-style: solid;\n    border-color: #ededed;\n    border-width: 0px 0px 1px 0px;\n    padding: 0px 0px 0px 20px;\n}\n@media (max-width: 480px) { \n    body .facetwp-template .fwpl-layout,  \n    body .facetwp-template-static .fwpl-layout { grid-template-columns: 1fr; } \n} \n\n<\/style>\n<\/div><\/div>\n\t\t\t\t\t\t<\/div>\n\t\t\t\t<\/div>\n\t\t\t\t\t<\/div>\n\t\t\t\t<\/div>\n\t\t\t\t<\/div>\n\t\t","protected":false},"excerpt":{"rendered":"<p>Musikbibliotek Lyssna p\u00e5 v\u00e5r h\u00f6gkvalitativa musik<\/p>\n","protected":false},"author":1,"featured_media":0,"parent":0,"menu_order":0,"comment_status":"closed","ping_status":"closed","template":"elementor_header_footer","meta":{"_acf_changed":false,"footnotes":""},"class_list":["post-8060","page","type-page","status-publish","hentry"],"acf":[],"_links":{"self":[{"href":"https:\/\/audiowo.com\/sv\/wp-json\/wp\/v2\/pages\/8060","targetHints":{"allow":["GET"]}}],"collection":[{"href":"https:\/\/audiowo.com\/sv\/wp-json\/wp\/v2\/pages"}],"about":[{"href":"https:\/\/audiowo.com\/sv\/wp-json\/wp\/v2\/types\/page"}],"author":[{"embeddable":true,"href":"https:\/\/audiowo.com\/sv\/wp-json\/wp\/v2\/users\/1"}],"replies":[{"embeddable":true,"href":"https:\/\/audiowo.com\/sv\/wp-json\/wp\/v2\/comments?post=8060"}],"version-history":[{"count":0,"href":"https:\/\/audiowo.com\/sv\/wp-json\/wp\/v2\/pages\/8060\/revisions"}],"wp:attachment":[{"href":"https:\/\/audiowo.com\/sv\/wp-json\/wp\/v2\/media?parent=8060"}],"curies":[{"name":"wp","href":"https:\/\/api.w.org\/{rel}","templated":true}]}}